{"id":2124,"date":"2022-02-04T08:58:40","date_gmt":"2022-02-04T08:58:40","guid":{"rendered":"http:\/\/neue-musik-brandenburg.multisensoriale.de\/?page_id=2124"},"modified":"2023-03-04T16:13:14","modified_gmt":"2023-03-04T16:13:14","slug":"nachrichten","status":"publish","type":"page","link":"https:\/\/www.neue-musik-brandenburg.de\/en\/nachrichten\/","title":{"rendered":"News"},"content":{"rendered":"\t\t<div data-elementor-type=\"wp-page\" data-elementor-id=\"2124\" class=\"elementor elementor-2124\">\n\t\t\t\t\t\t<section class=\"elementor-section elementor-top-section elementor-element elementor-element-5fe4cc18 elementor-section-boxed elementor-section-height-default elementor-section-height-default\" data-id=\"5fe4cc18\" data-element_type=\"section\" data-e-type=\"section\">\n\t\t\t\t\t\t<div class=\"elementor-container elementor-column-gap-default\">\n\t\t\t\t\t<div class=\"elementor-column elementor-col-100 elementor-top-column elementor-element elementor-element-11d37937\" data-id=\"11d37937\" data-element_type=\"column\" data-e-type=\"column\">\n\t\t\t<div class=\"elementor-widget-wrap elementor-element-populated\">\n\t\t\t\t\t\t<div class=\"elementor-element elementor-element-5410157 elementor-widget elementor-widget-text-editor\" data-id=\"5410157\" data-element_type=\"widget\" data-e-type=\"widget\" data-widget_type=\"text-editor.default\">\n\t\t\t\t<div class=\"elementor-widget-container\">\n\t\t\t\t\t\t\t\t\t<p style=\"margin-bottom: .0001pt; line-height: normal; mso-pagination: none; mso-layout-grid-align: none; text-autospace: none;\"><b><span lang=\"de\" style=\"font-size: 17.0pt; mso-bidi-font-family: Calibri; mso-ansi-language: #0007;\">NEUERSCHEINUNG DOPPEL-CD<\/span><\/b><\/p>\n<p style=\"margin-bottom: .0001pt; line-height: normal; mso-pagination: none; mso-layout-grid-align: none; text-autospace: none;\"><b><span lang=\"de\" style=\"font-size: 17.0pt; mso-bidi-font-family: Calibri; mso-ansi-language: #0007;\">\u201eBrandenburg &#8211; <i>Neue Musik <\/i>orchestral\u201c<\/span><\/b><\/p>\n<p style=\"margin-bottom: .0001pt; line-height: normal; mso-pagination: none; mso-layout-grid-align: none; text-autospace: none;\"><span lang=\"de\">Beim Kooperationsprojekt \u201eWir f\u00fcr uns\u201c zwischen dem Landesverband Brandenburgischer Verein Neue Musik e.V. und dem renommierten Deutschen Filmorchester Babelsberg wurden in Corona-Zeiten im Fr\u00fchjahr 2021 insgesamt 18 zeitgen\u00f6ssische Kompositionen Brandenburger Komponist*innen eingespielt. Jedem Orchesterst\u00fcck wurde in Anwesenheit der Komponist*innen ein ganzer Aufnahmetag gewidmet, die Aufnahmen wurden anschlie\u00dfend im Babelsberger Aufnahme-Studio abgemischt. Alle Komponist*innen sind Mitglieder im Landesverband der Neuen Musik BVNM e.V.&nbsp;<\/span><\/p>\n<p style=\"margin-bottom: .0001pt; line-height: normal; mso-pagination: none; mso-layout-grid-align: none; text-autospace: none;\"><span lang=\"de\">&nbsp;<\/span><\/p>\n<p style=\"margin-bottom: .0001pt; line-height: normal; mso-pagination: none; mso-layout-grid-align: none; text-autospace: none;\"><span lang=\"de\">Dieses Projekt ist ein Beitrag zum allgemeinen zeitgen\u00f6ssischen Orchesterrepertoire &#8211; und gleichzeitig ein Dokument, wie man\/frau auch kreativ und kollegial mit der Corona-Krise umgehen und gemeinsamen Nutzen daraus generieren kann. <\/span><\/p>\n<p style=\"margin-bottom: .0001pt; line-height: normal; mso-pagination: none; mso-layout-grid-align: none; text-autospace: none;\"><span lang=\"de\" style=\"font-size: 4.0pt; mso-bidi-font-family: Calibri; mso-ansi-language: #0007;\">&nbsp;<\/span><\/p>\n<p style=\"margin-bottom: .0001pt; line-height: normal; mso-pagination: none; mso-layout-grid-align: none; text-autospace: none;\"><span lang=\"de\">Klaus-Peter Beyer &#8211; Intendant Deutsches Filmorchester Babelsberg, Projektleiter \u201eWir f\u00fcr uns\u201c&nbsp; <\/span><\/p>\n<p style=\"margin-bottom: .0001pt; line-height: normal; mso-pagination: none; mso-layout-grid-align: none; text-autospace: none;\"><span lang=\"de\">Christian K\u00f6hler &#8211; Dirigent der Produktion&nbsp;&nbsp;&nbsp;&nbsp;&nbsp;&nbsp;&nbsp;&nbsp;&nbsp;&nbsp;&nbsp;&nbsp;&nbsp;&nbsp;&nbsp;&nbsp;&nbsp;&nbsp;&nbsp;&nbsp;&nbsp;&nbsp;&nbsp;&nbsp;&nbsp;&nbsp;&nbsp;&nbsp;&nbsp;&nbsp;&nbsp;&nbsp;&nbsp;&nbsp;&nbsp;&nbsp;&nbsp;&nbsp;&nbsp;&nbsp;&nbsp; &nbsp;&nbsp;&nbsp;&nbsp;&nbsp;&nbsp;&nbsp;&nbsp;&nbsp;&nbsp; &nbsp;&nbsp;&nbsp;&nbsp;&nbsp;&nbsp;&nbsp;&nbsp;&nbsp;&nbsp;&nbsp;&nbsp;&nbsp;&nbsp;&nbsp;&nbsp;&nbsp;<\/span><\/p>\n<p style=\"margin-bottom: .0001pt; line-height: normal; mso-pagination: none; mso-layout-grid-align: none; text-autospace: none;\"><span lang=\"de\">Falko Duczmal &#8211; Tonmeister Deutsches Filmorchester Babelsberg<\/span><\/p>\n<p style=\"margin-bottom: .0001pt; line-height: normal; mso-pagination: none; mso-layout-grid-align: none; text-autospace: none;\"><span lang=\"de\">Felix Trawoeger &#8211; Studioassistent &amp; ProTools-Aufnahme und Schnitt<\/span><\/p>\n<p style=\"margin-bottom: .0001pt; line-height: normal; mso-pagination: none; mso-layout-grid-align: none; text-autospace: none;\">Alex Wohlfeil &#8211; Studioassistent &amp; ProTools-Aufnahme und Schnitt<\/p>\n<p style=\"margin-bottom: .0001pt; line-height: normal; mso-pagination: none; mso-layout-grid-align: none; text-autospace: none;\"><span lang=\"de\">Volker Freidel &#8211; Projektleiter \u201eWir f\u00fcr uns\u201c BVNM &nbsp;&nbsp;&nbsp;&nbsp;&nbsp;&nbsp;&nbsp;&nbsp;&nbsp;&nbsp;&nbsp;&nbsp;&nbsp;&nbsp;&nbsp;&nbsp;&nbsp;&nbsp;&nbsp;&nbsp;&nbsp;&nbsp;&nbsp;&nbsp; &nbsp;&nbsp;&nbsp;&nbsp;<\/span><\/p>\n<p style=\"margin-bottom: .0001pt; line-height: normal;\">\n<\/p><p style=\"margin-bottom: .0001pt; line-height: normal; mso-pagination: none; mso-layout-grid-align: none; text-autospace: none;\"><span lang=\"de\">Thomas Gerwin &#8211; Vorsitzender BVNM e.V., Herausgeber der Doppel-CD&nbsp;<\/span><\/p>\n<p style=\"margin-bottom: .0001pt; line-height: normal;\"><span style=\"font-size: 12.0pt; mso-ascii-font-family: Calibri; mso-hansi-font-family: Calibri; mso-bidi-font-family: Calibri; color: black; mso-themecolor: text1;\">&nbsp; &nbsp; &nbsp; &nbsp; &nbsp; &nbsp; &nbsp; &nbsp; &nbsp; &nbsp; &nbsp; &nbsp; &nbsp; &nbsp; &nbsp; &nbsp; &nbsp;&nbsp;<\/span><\/p>\n<ul>\n<li>\n<p style=\"line-height: normal; mso-pagination: none; mso-layout-grid-align: none; text-autospace: none; margin: 0cm 0cm .0001pt 108.0pt;\"><span lang=\"de\">Seite 1<\/span><\/p>\n<p style=\"line-height: normal; mso-pagination: none; mso-layout-grid-align: none; text-autospace: none; margin: 0cm 0cm .0001pt 108.0pt;\"><span lang=\"EN-US\" style=\"mso-bidi-font-family: Calibri; color: red; mso-ansi-language: EN-US;\">01<\/span><span lang=\"EN-US\" style=\"mso-bidi-font-family: Calibri; color: black; mso-ansi-language: EN-US;\"> &#8211; Ralf Hoyer&nbsp; <b>Pocket Symphony <\/b>1. Satz<b>&nbsp; &nbsp; &nbsp; &nbsp; &nbsp; &nbsp; &nbsp; &nbsp; &nbsp; &nbsp; &nbsp; &nbsp; &nbsp; 2:14 min. <\/b><\/span><\/p>\n<p style=\"line-height: normal; mso-pagination: none; mso-layout-grid-align: none; text-autospace: none; margin: 0cm 0cm .0001pt 108.0pt;\"><span lang=\"EN-US\" style=\"mso-bidi-font-family: Calibri; color: red; mso-ansi-language: EN-US;\">02<\/span><span lang=\"EN-US\" style=\"mso-bidi-font-family: Calibri; color: black; mso-ansi-language: EN-US;\"> &#8211; &nbsp;&nbsp;&nbsp;&nbsp;&nbsp;&nbsp;&nbsp;&nbsp;&nbsp;&nbsp;&nbsp;&nbsp;&nbsp;&nbsp;&nbsp;&nbsp;&nbsp;&nbsp;&nbsp;&nbsp;&nbsp;<b>Pocket Symphony <\/b>2. Satz<b>&nbsp; &nbsp; &nbsp; &nbsp; &nbsp; &nbsp; &nbsp; &nbsp; &nbsp; &nbsp; &nbsp; &nbsp; &nbsp; &nbsp;2:10 min. <\/b><\/span><\/p>\n<p style=\"line-height: normal; mso-pagination: none; mso-layout-grid-align: none; text-autospace: none; margin: 0cm 0cm .0001pt 108.0pt;\"><span lang=\"de\" style=\"mso-bidi-font-family: Calibri; color: red; mso-ansi-language: #0007;\">03<\/span><span lang=\"de\" style=\"mso-bidi-font-family: Calibri; color: black; mso-ansi-language: #0007;\"> &#8211; Stefan Lienenk\u00e4mper&nbsp; <b>Cloudscapes1&nbsp;&nbsp;&nbsp;&nbsp;&nbsp;&nbsp;&nbsp;&nbsp;&nbsp;&nbsp;&nbsp;&nbsp;&nbsp;&nbsp;&nbsp;&nbsp;&nbsp;&nbsp;&nbsp;&nbsp;&nbsp;&nbsp;&nbsp;&nbsp;&nbsp;&nbsp; 5:40<\/b><\/span><b><span style=\"mso-bidi-font-family: Calibri; color: black;\"> min.<\/span><\/b><\/p>\n<p style=\"line-height: normal; mso-pagination: none; mso-layout-grid-align: none; text-autospace: none; margin: 0cm 0cm .0001pt 108.0pt;\"><span style=\"mso-bidi-font-family: Calibri; color: red;\">04<\/span><span style=\"mso-bidi-font-family: Calibri; color: black;\"> &#8211; Gabriel Iran<\/span><span lang=\"de\" style=\"mso-bidi-font-family: Calibri; color: black; mso-ansi-language: #0007;\">yi&nbsp; <b>Innenzeit&nbsp;&nbsp;&nbsp;&nbsp;&nbsp;&nbsp;&nbsp;&nbsp;&nbsp;&nbsp;&nbsp;&nbsp;&nbsp;&nbsp;&nbsp;&nbsp;&nbsp;&nbsp;&nbsp;&nbsp;&nbsp;&nbsp;&nbsp;&nbsp;&nbsp;&nbsp;&nbsp;&nbsp;&nbsp;&nbsp;&nbsp;&nbsp;&nbsp;&nbsp;&nbsp;&nbsp;&nbsp;&nbsp;&nbsp;&nbsp;&nbsp;&nbsp;&nbsp;&nbsp;&nbsp;&nbsp;&nbsp;&nbsp;&nbsp;&nbsp;&nbsp; 8:35<\/b><\/span><b><span style=\"mso-bidi-font-family: Calibri; color: black;\"> min.<\/span><\/b><\/p>\n<p style=\"line-height: normal; mso-pagination: none; mso-layout-grid-align: none; text-autospace: none; margin: 0cm 0cm .0001pt 108.0pt;\"><span lang=\"de\" style=\"mso-bidi-font-family: Calibri; color: red; mso-ansi-language: #0007;\">05<\/span><span lang=\"de\" style=\"mso-bidi-font-family: Calibri; color: black; mso-ansi-language: #0007;\"> &#8211; Henry Mex&nbsp; <b>Reise zum Pluto&nbsp;&nbsp;&nbsp;&nbsp;&nbsp;&nbsp;&nbsp;&nbsp;&nbsp;&nbsp;&nbsp;&nbsp;&nbsp;&nbsp;&nbsp;&nbsp;&nbsp;&nbsp;&nbsp;&nbsp;&nbsp;&nbsp;&nbsp;&nbsp;&nbsp;&nbsp;&nbsp;&nbsp;&nbsp;&nbsp;&nbsp;&nbsp;&nbsp;&nbsp;&nbsp;&nbsp;&nbsp;&nbsp;&nbsp;&nbsp;&nbsp;&nbsp; 5:20<\/b><\/span><b><span style=\"mso-bidi-font-family: Calibri; color: black;\"> min.<\/span><\/b><\/p>\n<p style=\"line-height: normal; mso-pagination: none; mso-layout-grid-align: none; text-autospace: none; margin: 0cm 0cm .0001pt 108.0pt;\"><span lang=\"de\" style=\"mso-bidi-font-family: Calibri; color: red; mso-ansi-language: #0007;\">06<\/span><span lang=\"de\" style=\"mso-bidi-font-family: Calibri; color: black; mso-ansi-language: #0007;\"> &#8211; Lothar Voigtl\u00e4nder&nbsp; <b>si vis pacem&nbsp;&nbsp;&nbsp;&nbsp;&nbsp;&nbsp;&nbsp;&nbsp;&nbsp;&nbsp;&nbsp;&nbsp;&nbsp;&nbsp;&nbsp;&nbsp;&nbsp;&nbsp;&nbsp;&nbsp;&nbsp;&nbsp;&nbsp;&nbsp;&nbsp;&nbsp;&nbsp;&nbsp;&nbsp;&nbsp;&nbsp;&nbsp;&nbsp;&nbsp;&nbsp; 9:51<\/b><\/span><b><span style=\"mso-bidi-font-family: Calibri; color: black;\"> min.<\/span><\/b><\/p>\n<p style=\"line-height: normal; mso-pagination: none; mso-layout-grid-align: none; text-autospace: none; margin: 0cm 0cm .0001pt 108.0pt;\"><span style=\"mso-bidi-font-family: Calibri; color: red;\">07<\/span><span style=\"mso-bidi-font-family: Calibri; color: black;\"> &#8211; <\/span><span lang=\"de\" style=\"mso-bidi-font-family: Calibri; color: black; mso-ansi-language: #0007;\">Benjamin Lang&nbsp; <b>Symphony &nbsp;<\/b>III. Satz<b>&nbsp; &nbsp; &nbsp; &nbsp; &nbsp; &nbsp; &nbsp; &nbsp; &nbsp; &nbsp; &nbsp; &nbsp; &nbsp; &nbsp; &nbsp; &nbsp;5:26<\/b><\/span><b><span style=\"mso-bidi-font-family: Calibri; color: black;\"> min.<\/span><\/b><\/p>\n<p style=\"line-height: normal; mso-pagination: none; mso-layout-grid-align: none; text-autospace: none; margin: 0cm 0cm .0001pt 108.0pt;\"><span lang=\"de\" style=\"mso-bidi-font-family: Calibri; color: red; mso-ansi-language: #0007;\">08<\/span><span lang=\"de\" style=\"mso-bidi-font-family: Calibri; color: black; mso-ansi-language: #0007;\"> &#8211; <\/span><span style=\"mso-bidi-font-family: Calibri; color: black;\">Gisbert N\u00e4ther&nbsp; <b>Metamorphosen I bis V&nbsp; &nbsp; &nbsp; &nbsp; &nbsp; &nbsp; &nbsp; &nbsp; &nbsp; &nbsp; &nbsp; 9:41 min.<\/b><\/span><\/p>\n<p style=\"line-height: normal; mso-pagination: none; mso-layout-grid-align: none; text-autospace: none; margin: 0cm 0cm .0001pt 108.0pt;\"><span style=\"mso-bidi-font-family: Calibri; color: red;\">09<\/span><span style=\"mso-bidi-font-family: Calibri; color: black;\"> &#8211; Albert Breier&nbsp; <b>Vers La Flamme&nbsp; &nbsp; &nbsp; &nbsp; &nbsp; &nbsp; &nbsp; &nbsp; &nbsp; &nbsp; &nbsp; &nbsp; &nbsp; &nbsp; &nbsp; &nbsp; &nbsp; &nbsp; &nbsp; &nbsp; &nbsp;7:08 min.<\/b><\/span><\/p>\n<p style=\"line-height: normal; mso-pagination: none; mso-layout-grid-align: none; text-autospace: none; margin: 0cm 0cm .0001pt 108.0pt;\"><span style=\"mso-bidi-font-family: Calibri; color: red;\">10<\/span><span style=\"mso-bidi-font-family: Calibri; color: black;\"> &#8211; Peter K\u00f6szeghy&nbsp; <b>BD GBH&nbsp;&nbsp;&nbsp;&nbsp;&nbsp;&nbsp;&nbsp;&nbsp;&nbsp;&nbsp;&nbsp;&nbsp;&nbsp;&nbsp;&nbsp;&nbsp;&nbsp;&nbsp;&nbsp;&nbsp;&nbsp;&nbsp;&nbsp;&nbsp;&nbsp;&nbsp;&nbsp;&nbsp;&nbsp;&nbsp;&nbsp;&nbsp;&nbsp;&nbsp;&nbsp;&nbsp;&nbsp;&nbsp;&nbsp;&nbsp;&nbsp;&nbsp;&nbsp;&nbsp;&nbsp;&nbsp;&nbsp;&nbsp;&nbsp;&nbsp; 4:33 min.<\/b><\/span><\/p>\n<p style=\"line-height: normal; mso-pagination: none; mso-layout-grid-align: none; text-autospace: none; margin: 0cm 0cm .0001pt 108.0pt;\"><span lang=\"de\" style=\"font-size: 4.0pt; mso-bidi-font-family: Calibri; color: black; mso-ansi-language: #0007;\">&nbsp;<\/span><\/p>\n<p style=\"line-height: normal; mso-pagination: none; mso-layout-grid-align: none; text-autospace: none; margin: 0cm 0cm .0001pt 108.0pt;\"><span lang=\"de\" style=\"mso-bidi-font-family: Calibri; color: black; mso-ansi-language: #0007;\">Seite 2<\/span><\/p>\n<p style=\"line-height: normal; mso-pagination: none; mso-layout-grid-align: none; text-autospace: none; margin: 0cm 0cm .0001pt 108.0pt;\"><span lang=\"EN-US\" style=\"mso-bidi-font-family: Calibri; color: red; mso-ansi-language: EN-US;\">01<\/span><span lang=\"EN-US\" style=\"mso-bidi-font-family: Calibri; color: black; mso-ansi-language: EN-US;\"> &#8211; Thomas Gerwin&nbsp; <b>Polymerisation&nbsp;&nbsp;&nbsp;&nbsp;&nbsp;&nbsp;&nbsp;&nbsp;&nbsp;&nbsp;&nbsp;&nbsp;&nbsp;&nbsp;&nbsp;&nbsp;&nbsp;&nbsp;&nbsp;&nbsp;&nbsp;&nbsp;&nbsp;&nbsp;&nbsp;&nbsp;&nbsp;&nbsp;&nbsp;&nbsp;&nbsp;&nbsp;&nbsp;&nbsp; 7:01 min.<\/b><\/span><\/p>\n<p style=\"line-height: normal; mso-pagination: none; mso-layout-grid-align: none; text-autospace: none; margin: 0cm 0cm .0001pt 108.0pt;\"><span lang=\"EN-US\" style=\"mso-bidi-font-family: Calibri; color: red; mso-ansi-language: EN-US;\">02<\/span><span lang=\"EN-US\" style=\"mso-bidi-font-family: Calibri; color: black; mso-ansi-language: EN-US;\"> &#8211; Jacek Domagala&nbsp; <b>Four Short Pieces&nbsp; &nbsp; &nbsp; &nbsp; &nbsp; &nbsp; &nbsp; &nbsp; &nbsp; &nbsp; &nbsp; &nbsp; &nbsp; &nbsp; &nbsp; &nbsp;7:46 min.<\/b><\/span><\/p>\n<p style=\"line-height: normal; mso-pagination: none; mso-layout-grid-align: none; text-autospace: none; margin: 0cm 0cm .0001pt 108.0pt;\"><span lang=\"de\" style=\"mso-bidi-font-family: Calibri; color: red; mso-ansi-language: #0007;\">03<\/span><span lang=\"de\" style=\"mso-bidi-font-family: Calibri; color: black; mso-ansi-language: #0007;\"> &#8211; Alex Nowitz&nbsp; <b>Ich bin das Volk&nbsp; &nbsp; &nbsp; &nbsp; &nbsp; &nbsp; &nbsp; &nbsp; &nbsp; &nbsp; &nbsp; &nbsp; &nbsp; &nbsp; &nbsp; &nbsp; &nbsp; &nbsp; &nbsp; &nbsp; &nbsp; &nbsp;5:58<\/b><\/span><b><span style=\"mso-bidi-font-family: Calibri; color: black;\"> min.<\/span><\/b><\/p>\n<p style=\"line-height: normal; mso-pagination: none; mso-layout-grid-align: none; text-autospace: none; margin: 0cm 0cm .0001pt 108.0pt;\"><span lang=\"de\" style=\"mso-bidi-font-family: Calibri; color: red; mso-ansi-language: #0007;\">04<\/span><span lang=\"de\" style=\"mso-bidi-font-family: Calibri; color: black; mso-ansi-language: #0007;\"> &#8211; Frank Petzold&nbsp; <b>Jump&nbsp;&nbsp;&nbsp;&nbsp;&nbsp;&nbsp;&nbsp;&nbsp;&nbsp;&nbsp;&nbsp;&nbsp; &nbsp;&nbsp;&nbsp;&nbsp;&nbsp;&nbsp;&nbsp;&nbsp;&nbsp;&nbsp;&nbsp;&nbsp;&nbsp;&nbsp;&nbsp;&nbsp;&nbsp;&nbsp;&nbsp;&nbsp;&nbsp;&nbsp;&nbsp;&nbsp;&nbsp;&nbsp;&nbsp;&nbsp;&nbsp;&nbsp;&nbsp;&nbsp;&nbsp;&nbsp;&nbsp;&nbsp;&nbsp;&nbsp;&nbsp;&nbsp;&nbsp;&nbsp;&nbsp;&nbsp;&nbsp;&nbsp; 5:09<\/b><\/span><b><span style=\"mso-bidi-font-family: Calibri; color: black;\"> min.<\/span><\/b><\/p>\n<p style=\"line-height: normal; mso-pagination: none; mso-layout-grid-align: none; text-autospace: none; margin: 0cm 0cm .0001pt 108.0pt;\"><span style=\"mso-bidi-font-family: Calibri; color: red;\">05<\/span><span style=\"mso-bidi-font-family: Calibri; color: black;\"> &#8211; Irina Emeliantseva&nbsp; <b>Harmonien&nbsp; &nbsp; &nbsp; &nbsp; &nbsp; &nbsp; &nbsp; &nbsp; &nbsp; &nbsp; &nbsp; &nbsp; &nbsp; &nbsp; &nbsp; &nbsp; &nbsp; &nbsp; &nbsp; &nbsp;4:56 min.<\/b><\/span><\/p>\n<p style=\"line-height: normal; mso-pagination: none; mso-layout-grid-align: none; text-autospace: none; margin: 0cm 0cm .0001pt 108.0pt;\"><span style=\"mso-bidi-font-family: Calibri; color: red;\">06<\/span><span style=\"mso-bidi-font-family: Calibri; color: black;\"> &#8211; Volker Freidel&nbsp; <b>25 Takes<\/b> &nbsp;&nbsp;&nbsp;&nbsp; <b>&nbsp; &nbsp; &nbsp; &nbsp; &nbsp; &nbsp; &nbsp; &nbsp; &nbsp; &nbsp; &nbsp; &nbsp; &nbsp; &nbsp; &nbsp; &nbsp; &nbsp; &nbsp; &nbsp; &nbsp; &nbsp; &nbsp; &nbsp; &nbsp;8:50 min. <\/b><\/span><\/p>\n<p style=\"line-height: normal; mso-pagination: none; mso-layout-grid-align: none; text-autospace: none; margin: 0cm 0cm .0001pt 108.0pt;\"><span lang=\"de\" style=\"mso-bidi-font-family: Calibri; color: red; mso-ansi-language: #0007;\">07<\/span><span lang=\"de\" style=\"mso-bidi-font-family: Calibri; color: black; mso-ansi-language: #0007;\"> &#8211; Helmut Zapf&nbsp; <b>Psalm II&nbsp;&nbsp;&nbsp;&nbsp;&nbsp;&nbsp;&nbsp;&nbsp;&nbsp;&nbsp;&nbsp;&nbsp;&nbsp;&nbsp;&nbsp;&nbsp;&nbsp;&nbsp;&nbsp;&nbsp;&nbsp;&nbsp;&nbsp;&nbsp;&nbsp;&nbsp;&nbsp;&nbsp;&nbsp;&nbsp;&nbsp;&nbsp;&nbsp;&nbsp;&nbsp;&nbsp;&nbsp;&nbsp;&nbsp;&nbsp;&nbsp;&nbsp;&nbsp;&nbsp;&nbsp;&nbsp;&nbsp;&nbsp;&nbsp;&nbsp;&nbsp;&nbsp;&nbsp;&nbsp;&nbsp;&nbsp; 6:13<\/b><\/span><b><span style=\"mso-bidi-font-family: Calibri; color: black;\"> min.<\/span><\/b><\/p>\n<p style=\"line-height: normal; mso-pagination: none; mso-layout-grid-align: none; text-autospace: none; margin: 0cm 0cm .0001pt 108.0pt;\"><span lang=\"de\" style=\"mso-bidi-font-family: Calibri; color: red; mso-ansi-language: #0007;\">08<\/span><span lang=\"de\" style=\"mso-bidi-font-family: Calibri; color: black; mso-ansi-language: #0007;\"> &#8211; Susanne Stelzenbach &nbsp;<b>Auf blauem Grund II&nbsp; &nbsp; &nbsp; &nbsp; &nbsp; &nbsp; &nbsp; &nbsp; &nbsp;8:26<\/b><\/span><b><span style=\"mso-bidi-font-family: Calibri; color: black;\"> min.<\/span><\/b><\/p>\n<p style=\"line-height: normal; mso-pagination: none; mso-layout-grid-align: none; text-autospace: none; margin: 0cm 0cm .0001pt 108.0pt;\"><span lang=\"EN-US\" style=\"mso-bidi-font-family: Calibri; color: red; mso-ansi-language: EN-US;\">09<\/span><span lang=\"EN-US\" style=\"mso-bidi-font-family: Calibri; color: black; mso-ansi-language: EN-US;\"> &#8211; Johannes Hildebrandt&nbsp; <b>Fanfare&nbsp; &nbsp; &nbsp; &nbsp; &nbsp; &nbsp; &nbsp; &nbsp; &nbsp; &nbsp; &nbsp; &nbsp; &nbsp; &nbsp; &nbsp; &nbsp; &nbsp; &nbsp; &nbsp; &nbsp; 4:29 min.<\/b><\/span><\/p>\n<p style=\"margin-bottom: .0001pt; line-height: normal; mso-pagination: none; mso-layout-grid-align: none; text-autospace: none;\"><span lang=\"EN-US\" style=\"mso-bidi-font-family: Calibri; color: black; mso-ansi-language: EN-US;\">&nbsp;<\/span><\/p>\n<p style=\"margin-bottom: .0001pt; line-height: normal; mso-pagination: none; mso-layout-grid-align: none; text-autospace: none;\"><span lang=\"de\">Mit freundlicher Projekt-Unterst\u00fctzung des Ministeriums f\u00fcr Wissenschaft, Forschung und Kunst Brandenburg und des Landesmusikrates Brandenburg.<\/span><\/p>\n<p style=\"margin-bottom: .0001pt; line-height: normal; mso-pagination: none; mso-layout-grid-align: none; text-autospace: none;\"><span lang=\"de\">&nbsp;<\/span><\/p>\n<p><span lang=\"de\" style=\"font-size: 11.0pt; font-family: 'Calibri','sans-serif'; mso-ansi-language: #0007;\"><a href=\"http:\/\/www.filmorchester.de\/\">www.filmorchester.de<\/a>&nbsp; :&nbsp;&nbsp;<a href=\"http:\/\/www.neue-musik-brandenburg.de\/\">www.neue-musik-brandenburg.de<\/a>&nbsp; :&nbsp;&nbsp;<\/span><span style=\"font-size: 11.0pt; font-family: 'Calibri','sans-serif';\"><a href=\"http:\/\/www.landesmusikrat-brandenburg.de\/\">www.landesmusikrat-brandenburg.de<\/a><\/span><\/p>\n<\/li>\n<\/ul>\n<div><br><\/div>\n<div>&#8230;&#8230;&#8230;&#8230;&#8230;&#8230;&#8230;&#8230;&#8230;&#8230;&#8230;&#8230;&#8230;&#8230;&#8230;&#8230;&#8230;&#8230;&#8230;&#8230;&#8230;&#8230;&#8230;&#8230;&#8230;&#8230;&#8230;&#8230;&#8230;&#8230;&#8230;&#8230;&#8230;&#8230;&#8230;&#8230;&#8230;&#8230;&#8230;&#8230;&#8230;&#8230;&#8230;&#8230;&#8230;&#8230;&#8230;&#8230;&#8230;&#8230;&#8230;&#8230;&#8230;&#8230;&#8230;&#8230;&#8230;&#8230;&#8230;&#8230;&#8230;&#8230;&#8230;&#8230;&#8230;&#8230;&#8230;&#8230;&#8230;&#8230;&#8230;&#8230;&#8230;&#8230;&#8230;&#8230;&#8230;&#8230;&#8230;&#8230;&#8230;&#8230;&#8230;&#8230;&#8230;&#8230;&#8230;&#8230;&#8230;&#8230;&#8230;&#8230;&#8230;&#8230;&#8230;&#8230;&#8230;&#8230;<\/div>\n<div>&nbsp;<\/div><div><br><\/div>\n<div style=\"font-style: normal; font-variant-ligatures: normal; font-variant-caps: normal; font-weight: 400; font-size: 15.84px; font-family: 'Titillium Web', sans-serif; position: absolute; top: 0px; right: 0px; z-index: 9998; pointer-events: none;\">\n<ul>\n<li title=\"Texteditor bearbeiten\">Texteditor bearbeiten<\/li>\n<\/ul>\n<\/div>\n<div style=\"font-style: normal; font-variant-ligatures: normal; font-variant-caps: normal; font-weight: 400; font-size: 15.84px; font-family: 'Titillium Web', sans-serif; transition: background 0.3s,border 0.3s,border-radius 0.3s,box-shadow 0.3s,transform var(--e-transform-transition-duration,0.4s);\">\n<div data-elementor-setting-key=\"editor\" data-elementor-inline-editing-toolbar=\"advanced\">\n<p style=\"margin-bottom: 0.0001pt; line-height: normal;\"><span style=\"font-weight: bold;\"><span lang=\"de\" style=\"font-size: 17pt;\">NEUERSCHEINUNG Buchpublikation<\/span><\/span><\/p>\n<p style=\"margin-bottom: 0.0001pt; line-height: normal;\"><span style=\"font-weight: bold;\"><span lang=\"de\" style=\"font-size: 17pt;\">\u201e&gt;eigenWelten &#8211; Beitr\u00e4ge zum Diskurs\u201c<\/span><\/span><\/p>\n<p style=\"margin-bottom: 0.0001pt; line-height: normal;\">\n<\/p><p style=\"line-height: normal;\"><span style=\"font-size: 12.0pt;\">Durch die konsequente Themensetzung im &#8220;intersonanzen&#8221;-Festival entstehen auch immer wieder neue Formate wie z.B. 2022 der \u201eKlangWandel\u201c, ein gestalteter Weg vom Kunsthaus sans titre zum Konzertort Potsdam Museum oder eine \u201eRadKlangTour\u201c, in der ausgesuchte Orte in der Stadt besucht und live bespielt werden. Dazu geh\u00f6rt als reflexive Erg\u00e4nzung des ebenfalls seit 2017 j\u00e4hrlich stattfindenden Symposiums auch das regelm\u00e4\u00dfige Diskursgespr\u00e4ch. In diesem neuen Format, das jeden Festivaltag beschlie\u00dft, erhalten die H\u00f6rer*innen die M\u00f6glichkeit, ausgew\u00e4hlte Protagonist*innen der Szene hautnah direkt in einem Gespr\u00e4ch zu erleben, in das sich jede*r auch gern einklinken kann. Zudem werden hier die zeitgen\u00f6ssisch Musikschaffenden miteinander ins Gespr\u00e4ch gebracht und reflektieren gemeinsam mit den Kolleg*innen und dem Publikum das gerade Erlebte aus sehr pers\u00f6nlicher Sicht. <\/span><\/p>\n<p style=\"margin-bottom: 0.0001pt; line-height: normal;\"><span lang=\"de\"><span style=\"font-size: 12pt; color: var( --e-global-color-text );\">Das vorliegende kleine Buch fasst die Diskussionen dieser Diskursgespr\u00e4che bei den &#8220;intersonanzen&#8221; 2022 zusammen, erg\u00e4nzt durch 4 kurze Expertinnen-Texte aus kunst- und musikwissenschaftlicher Perspektive zum Symposium sowie allgemein zum diesj\u00e4hrigen Festivalthema <\/span><b style=\"font-size: 12pt; color: var( --e-global-color-text );\">&gt;<i>eigen<\/i>Welten<\/b><span style=\"font-size: 12pt; color: var( --e-global-color-text );\">. Es versteht sich dabei auch als aktueller inhaltlicher Beitrag zum allgemeinen Diskurs im Feld der Neuen Musik &#8211; oder der heutigen Zeit entsprechend umfassender und auf Augenh\u00f6he mit den anderen K\u00fcnsten benannt: im Feld der klingenden Kunst.<\/span><\/span><\/p>\n<p style=\"margin-bottom: 0.0001pt; line-height: normal;\"><span lang=\"de\"><span style=\"font-size: 12pt; color: var( --e-global-color-text );\">&nbsp;<\/span><\/span><\/p>\n<p style=\"margin-bottom: 0.0001pt; line-height: normal;\"><span lang=\"de\"><span style=\"font-size: 12pt; color: var( --e-global-color-text );\">56 Seiten&nbsp; &#8211;&nbsp; ISBN 978-3-00-072431-2<\/span><\/span><\/p>\n<p style=\"margin-bottom: 0.0001pt; line-height: normal;\"><span lang=\"de\"><span style=\"font-size: 12pt; color: var( --e-global-color-text );\">&nbsp;<\/span><\/span><\/p>\n<p style=\"margin-bottom: 0.0001pt; line-height: normal;\"><span lang=\"de\"><span style=\"font-size: 12pt; color: var( --e-global-color-text );\">&nbsp;<\/span><\/span><\/p>\n<p style=\"margin-bottom: 0.0001pt; line-height: normal;\"><span lang=\"de\"><span style=\"font-size: 12pt; color: var( --e-global-color-text );\">&nbsp;<\/span><\/span><span style=\"font-family: &quot;Titillium Web&quot;, sans-serif; font-size: 15.84px; font-style: normal; font-variant-ligatures: normal; font-variant-caps: normal; font-weight: 400; color: var( --e-global-color-text );\">&#8230;&#8230;&#8230;&#8230;&#8230;&#8230;&#8230;&#8230;&#8230;&#8230;&#8230;&#8230;&#8230;&#8230;&#8230;&#8230;&#8230;&#8230;&#8230;&#8230;&#8230;&#8230;&#8230;&#8230;&#8230;&#8230;&#8230;&#8230;&#8230;&#8230;&#8230;&#8230;&#8230;&#8230;&#8230;&#8230;&#8230;&#8230;&#8230;&#8230;&#8230;&#8230;&#8230;&#8230;&#8230;&#8230;&#8230;&#8230;&#8230;&#8230;&#8230;&#8230;&#8230;&#8230;&#8230;&#8230;&#8230;&#8230;&#8230;&#8230;&#8230;&#8230;&#8230;&#8230;&#8230;&#8230;&#8230;&#8230;&#8230;&#8230;&#8230;&#8230;&#8230;&#8230;&#8230;&#8230;&#8230;&#8230;&#8230;&#8230;&#8230;&#8230;&#8230;&#8230;&#8230;&#8230;&#8230;&#8230;&#8230;&#8230;&#8230;&#8230;&#8230;&#8230;&#8230;&#8230;&#8230;&#8230;<\/span><\/p>\n<div style=\"font-style: normal; font-variant-ligatures: normal; font-variant-caps: normal; font-weight: 400; font-size: 15.84px; font-family: &quot;Titillium Web&quot;, sans-serif;\">&nbsp;<\/div>\n<\/div>\n<\/div>\t\t\t\t\t\t\t\t<\/div>\n\t\t\t\t<\/div>\n\t\t\t\t\t<\/div>\n\t\t<\/div>\n\t\t\t\t\t<\/div>\n\t\t<\/section>\n\t\t\t\t<section class=\"elementor-section elementor-top-section elementor-element elementor-element-d963917 elementor-section-boxed elementor-section-height-default elementor-section-height-default\" data-id=\"d963917\" data-element_type=\"section\" data-e-type=\"section\">\n\t\t\t\t\t\t<div class=\"elementor-container elementor-column-gap-default\">\n\t\t\t\t\t<div class=\"elementor-column elementor-col-100 elementor-top-column elementor-element elementor-element-63788c1\" data-id=\"63788c1\" data-element_type=\"column\" data-e-type=\"column\">\n\t\t\t<div class=\"elementor-widget-wrap elementor-element-populated\">\n\t\t\t\t\t\t<div class=\"elementor-element elementor-element-7fdbe5d elementor-widget elementor-widget-heading\" data-id=\"7fdbe5d\" data-element_type=\"widget\" data-e-type=\"widget\" data-widget_type=\"heading.default\">\n\t\t\t\t<div class=\"elementor-widget-container\">\n\t\t\t\t\t<h2 class=\"elementor-heading-title elementor-size-default\">Trauernachrichten:<\/h2>\t\t\t\t<\/div>\n\t\t\t\t<\/div>\n\t\t\t\t\t<\/div>\n\t\t<\/div>\n\t\t\t\t\t<\/div>\n\t\t<\/section>\n\t\t\t\t<section class=\"elementor-section elementor-top-section elementor-element elementor-element-8467601 elementor-section-boxed elementor-section-height-default elementor-section-height-default\" data-id=\"8467601\" data-element_type=\"section\" data-e-type=\"section\">\n\t\t\t\t\t\t<div class=\"elementor-container elementor-column-gap-default\">\n\t\t\t\t\t<div class=\"elementor-column elementor-col-25 elementor-top-column elementor-element elementor-element-d6cefc5\" data-id=\"d6cefc5\" data-element_type=\"column\" data-e-type=\"column\">\n\t\t\t<div class=\"elementor-widget-wrap elementor-element-populated\">\n\t\t\t\t\t\t<div class=\"elementor-element elementor-element-885b767 elementor-widget elementor-widget-image\" data-id=\"885b767\" data-element_type=\"widget\" data-e-type=\"widget\" data-widget_type=\"image.default\">\n\t\t\t\t<div class=\"elementor-widget-container\">\n\t\t\t\t\t\t\t\t\t\t\t\t\t\t\t<img fetchpriority=\"high\" decoding=\"async\" width=\"538\" height=\"746\" src=\"https:\/\/www.neue-musik-brandenburg.de\/wp-content\/uploads\/2022\/02\/Streng_photo.jpg\" class=\"attachment-large size-large wp-image-4982\" alt=\"\" srcset=\"https:\/\/www.neue-musik-brandenburg.de\/wp-content\/uploads\/2022\/02\/Streng_photo.jpg 538w, https:\/\/www.neue-musik-brandenburg.de\/wp-content\/uploads\/2022\/02\/Streng_photo-216x300.jpg 216w\" sizes=\"(max-width: 538px) 100vw, 538px\" \/>\t\t\t\t\t\t\t\t\t\t\t\t\t\t\t<\/div>\n\t\t\t\t<\/div>\n\t\t\t\t\t<\/div>\n\t\t<\/div>\n\t\t\t\t<div class=\"elementor-column elementor-col-25 elementor-top-column elementor-element elementor-element-bf8e4bd\" data-id=\"bf8e4bd\" data-element_type=\"column\" data-e-type=\"column\">\n\t\t\t<div class=\"elementor-widget-wrap\">\n\t\t\t\t\t\t\t<\/div>\n\t\t<\/div>\n\t\t\t\t<div class=\"elementor-column elementor-col-50 elementor-top-column elementor-element elementor-element-a4fedd9\" data-id=\"a4fedd9\" data-element_type=\"column\" data-e-type=\"column\">\n\t\t\t<div class=\"elementor-widget-wrap elementor-element-populated\">\n\t\t\t\t\t\t<div class=\"elementor-element elementor-element-155cc28 elementor-widget elementor-widget-text-editor\" data-id=\"155cc28\" data-element_type=\"widget\" data-e-type=\"widget\" data-widget_type=\"text-editor.default\">\n\t\t\t\t<div class=\"elementor-widget-container\">\n\t\t\t\t\t\t\t\t\t<h2><span style=\"color: #33cccc;\"><strong>Taymur Streng (1962-2022)<\/strong><\/span><\/h2><p>Mit gro\u00dfer Trauer m\u00fcssen wir vermelden, da\u00df unser lieber Kollege Taymur Streng im Mai 2022 verstorben ist. Wir werden ihm ein ehrendes Gedenken bewahren.<\/p><p style=\"margin: 0cm; margin-bottom: .0001pt; vertical-align: baseline;\"><span style=\"font-family: 'Calibri','sans-serif';\">geb. 5.7.1962<br \/>erste Versuche und Experimente mit el.-akust. Musik ab 1981 (u.a. Selbstbau von Gera\u0308ten etc.)<br \/>1988 Mitbegru\u0308nder der Dark Wave Band \u00bbNeun Tage\u00ab<br \/>1988, 1989 Teilnahme am Ferienkurs f. Zeitgen. Musik in Gera, Thu\u0308r. Klasse: El-Akust. Musik geleitet v. L. Voigtla\u0308nder<br \/>1991 erste Probeaufnahmen mit S. Scho\u0308ning (DIN-A Testbild) und R. Glofke (Neun Tage)<br \/>1995 Mitbegru\u0308nder des \u00bbEns. Kunstkopf\u00ab (D. Specht, P. Laschet, M. Machlitt, T. Streng)<br \/>ab 1995 Tonsatz und Geho\u0308rbildung bei Helmut Zapf<br \/>seit 1996 Teilnahme an der NoiseFactory des Ho\u0308rbar e.V. Hamburg<br \/>ab 2002 \u2013 2003 Klanginstall. u.a. bei den Randspielen in Zepernick<br \/>in den letzten Jahren div. Auffu\u0308hrungen, Ur- sowie Auffu\u0308hrungen bei div. Festivals u.a. \u00bbRandfestpiele\u00ab in Zepernick, \u00bbIntersonanzen\u00ab in Potsdam, \u00bbPyramidale\u00ab in Berlin, \u00bbInternationales Klangkunstfest Berlin\u00ab.<\/span><\/p><p style=\"margin: 0cm; margin-bottom: .0001pt; vertical-align: baseline;\"><span style=\"font-family: 'Calibri','sans-serif';\">Taymur Streng verstarb im Mai 2022<\/span><\/p><p>\u00a0<\/p><p><a href=\"https:\/\/www.taymurstreng.de\/\">www.taymurstreng.de<\/a><\/p>\t\t\t\t\t\t\t\t<\/div>\n\t\t\t\t<\/div>\n\t\t\t\t\t<\/div>\n\t\t<\/div>\n\t\t\t\t\t<\/div>\n\t\t<\/section>\n\t\t\t\t<section class=\"elementor-section elementor-top-section elementor-element elementor-element-5a0cb29 elementor-section-boxed elementor-section-height-default elementor-section-height-default\" data-id=\"5a0cb29\" data-element_type=\"section\" data-e-type=\"section\">\n\t\t\t\t\t\t<div class=\"elementor-container elementor-column-gap-default\">\n\t\t\t\t\t<div class=\"elementor-column elementor-col-100 elementor-top-column elementor-element elementor-element-48f7bc5\" data-id=\"48f7bc5\" data-element_type=\"column\" data-e-type=\"column\">\n\t\t\t<div class=\"elementor-widget-wrap elementor-element-populated\">\n\t\t\t\t\t\t<div class=\"elementor-element elementor-element-2435006 elementor-widget-divider--view-line elementor-widget elementor-widget-divider\" data-id=\"2435006\" data-element_type=\"widget\" data-e-type=\"widget\" data-widget_type=\"divider.default\">\n\t\t\t\t<div class=\"elementor-widget-container\">\n\t\t\t\t\t\t\t<div class=\"elementor-divider\">\n\t\t\t<span class=\"elementor-divider-separator\">\n\t\t\t\t\t\t<\/span>\n\t\t<\/div>\n\t\t\t\t\t\t<\/div>\n\t\t\t\t<\/div>\n\t\t\t\t\t<\/div>\n\t\t<\/div>\n\t\t\t\t\t<\/div>\n\t\t<\/section>\n\t\t\t\t<section class=\"elementor-section elementor-top-section elementor-element elementor-element-b809891 elementor-section-boxed elementor-section-height-default elementor-section-height-default\" data-id=\"b809891\" data-element_type=\"section\" data-e-type=\"section\">\n\t\t\t\t\t\t<div class=\"elementor-container elementor-column-gap-default\">\n\t\t\t\t\t<div class=\"elementor-column elementor-col-25 elementor-top-column elementor-element elementor-element-d274393\" data-id=\"d274393\" data-element_type=\"column\" data-e-type=\"column\">\n\t\t\t<div class=\"elementor-widget-wrap elementor-element-populated\">\n\t\t\t\t\t\t<div class=\"elementor-element elementor-element-f3be093 elementor-widget elementor-widget-image\" data-id=\"f3be093\" data-element_type=\"widget\" data-e-type=\"widget\" data-widget_type=\"image.default\">\n\t\t\t\t<div class=\"elementor-widget-container\">\n\t\t\t\t\t\t\t\t\t\t\t\t\t\t\t<img decoding=\"async\" width=\"704\" height=\"984\" src=\"https:\/\/www.neue-musik-brandenburg.de\/wp-content\/uploads\/2021\/12\/Naether-_super_portrait-klein.jpg\" class=\"attachment-large size-large wp-image-523\" alt=\"Gisbert N\u00e4ther\" srcset=\"https:\/\/www.neue-musik-brandenburg.de\/wp-content\/uploads\/2021\/12\/Naether-_super_portrait-klein.jpg 704w, https:\/\/www.neue-musik-brandenburg.de\/wp-content\/uploads\/2021\/12\/Naether-_super_portrait-klein-215x300.jpg 215w\" sizes=\"(max-width: 704px) 100vw, 704px\" \/>\t\t\t\t\t\t\t\t\t\t\t\t\t\t\t<\/div>\n\t\t\t\t<\/div>\n\t\t\t\t\t<\/div>\n\t\t<\/div>\n\t\t\t\t<div class=\"elementor-column elementor-col-25 elementor-top-column elementor-element elementor-element-56a1f2e\" data-id=\"56a1f2e\" data-element_type=\"column\" data-e-type=\"column\">\n\t\t\t<div class=\"elementor-widget-wrap\">\n\t\t\t\t\t\t\t<\/div>\n\t\t<\/div>\n\t\t\t\t<div class=\"elementor-column elementor-col-50 elementor-top-column elementor-element elementor-element-dd23d8f\" data-id=\"dd23d8f\" data-element_type=\"column\" data-e-type=\"column\">\n\t\t\t<div class=\"elementor-widget-wrap elementor-element-populated\">\n\t\t\t\t\t\t<div class=\"elementor-element elementor-element-292c0d4 elementor-widget elementor-widget-text-editor\" data-id=\"292c0d4\" data-element_type=\"widget\" data-e-type=\"widget\" data-widget_type=\"text-editor.default\">\n\t\t\t\t<div class=\"elementor-widget-container\">\n\t\t\t\t\t\t\t\t\t<h2><span style=\"color: #33cccc;\"><strong>Gisbert N\u00e4ther (1948-2021)<\/strong><\/span><\/h2>\n<p>\u00a0<\/p>\n<p>Mit gro\u00dfer Trauer m\u00fcssen wir vermelden, da\u00df unser lieber Kollege Gisbert N\u00e4ther am 9. November 2021 verstorben ist. Mit ihm ging nicht nur ein hoch gesch\u00e4tzter Kollege und v\u00e4terlicher Freund, sondern ebenso ein ausgezeichneter Musiker und wichtiger Brandenburgischer Komponist. Sein neues Werk f\u00fcr Fl\u00f6te solo wurde noch am Freitag, 5. November in seinem Beisein in unserem &#8220;re-sonanz&#8221;-Konzert von Bettina Lange wunderbar uraufgef\u00fchrt.<\/p>\n<p>\u00a0<\/p>\n<p><strong>Gisbert N\u00e4ther<\/strong> wurde 1948 in Ebersbach\/Sachsen geboren. Nach dem Abitur studierte er an der Hochschule f\u00fcr Musik \u201eCarl-Maria-von-Weber\u201c in Dresden die F\u00e4cher Horn und Komposition. Nach dem Staatsexamen wirkte er als Solohornist in der Jenaer Philharmonie und am Potsdamer Hans-Otto-Theater. 1981 wechselte er zum DEFA-Sinfonieorchester, dem jetzigen Deutschen Filmorchester Babelsberg.<\/p>\n<p>In dieser Zeit fing er an, f\u00fcr verschiedenste Besetzungen Kammermusikwerke zu schaffen.<\/p>\n<p>1992 entstand sein erstes Werk f\u00fcr gro\u00dfes Orchester, das \u201eConcertino f\u00fcr Tuba und Orchester\u201c, welches von J\u00f6rg Wachsmuth und den Brandenburger Symphonikern uraufgef\u00fchrt wurde. Es folgten weitere Orchesterwerke, uraufgef\u00fchrt unter anderem von der Deutschen Oper Berlin, den Berliner Symphonikern, den Hamburger Symphonikern \u00a0und dem Deutschen Filmorchester.<\/p>\n<p>Gisbert N\u00e4ther war Gr\u00fcndungs- (1990) und langj\u00e4hriges Vorstandsmitglied des Brandenburgischen Vereins Neue Musik BVNM sowie seit 1995 Mitglied im Deutschen Komponistenverband, seit 2010 im Vorstand des Landesverbandes Brandenburg.<\/p>\n<p><a href=\"http:\/\/www.gisbertnaether.de\/\">www.gisbertnaether.de<\/a><\/p>\n<p>\u00a0<\/p>\n<p>Unser tiefes Beileid gilt seiner Familie sowie allen, die ein engeres Verh\u00e4ltnis zu ihm hatten.<\/p>\n<p>\u00a0<\/p>\n<p>Artikel 12.11.2021 in den Potsdamer Neuesten Nachrichten<\/p>\n<p><a href=\"https:\/\/www.pnn.de\/kultur\/nachruf-auf-den-potsdamer-komponisten-gisbert-naether-die-kommunikation-in-der-musik\/27792718.html\">https:\/\/www.pnn.de\/kultur\/nachruf-auf-den-potsdamer-komponisten-gisbert-naether-die-kommunikation-in-der-musik\/27792718.html<\/a><\/p>\n<p>\u00a0<\/p>\t\t\t\t\t\t\t\t<\/div>\n\t\t\t\t<\/div>\n\t\t\t\t\t<\/div>\n\t\t<\/div>\n\t\t\t\t\t<\/div>\n\t\t<\/section>\n\t\t\t\t<section class=\"elementor-section elementor-top-section elementor-element elementor-element-bf5eac4 elementor-section-boxed elementor-section-height-default elementor-section-height-default\" data-id=\"bf5eac4\" data-element_type=\"section\" data-e-type=\"section\">\n\t\t\t\t\t\t<div class=\"elementor-container elementor-column-gap-default\">\n\t\t\t\t\t<div class=\"elementor-column elementor-col-100 elementor-top-column elementor-element elementor-element-b4dda06\" data-id=\"b4dda06\" data-element_type=\"column\" data-e-type=\"column\">\n\t\t\t<div class=\"elementor-widget-wrap\">\n\t\t\t\t\t\t\t<\/div>\n\t\t<\/div>\n\t\t\t\t\t<\/div>\n\t\t<\/section>\n\t\t\t\t<section class=\"elementor-section elementor-top-section elementor-element elementor-element-3aeb087 elementor-section-boxed elementor-section-height-default elementor-section-height-default\" data-id=\"3aeb087\" data-element_type=\"section\" data-e-type=\"section\">\n\t\t\t\t\t\t<div class=\"elementor-container elementor-column-gap-default\">\n\t\t\t\t\t<div class=\"elementor-column elementor-col-100 elementor-top-column elementor-element elementor-element-46f662c\" data-id=\"46f662c\" data-element_type=\"column\" data-e-type=\"column\">\n\t\t\t<div class=\"elementor-widget-wrap elementor-element-populated\">\n\t\t\t\t\t\t<div class=\"elementor-element elementor-element-d11ef35 elementor-widget-divider--view-line elementor-widget elementor-widget-divider\" data-id=\"d11ef35\" data-element_type=\"widget\" data-e-type=\"widget\" data-widget_type=\"divider.default\">\n\t\t\t\t<div class=\"elementor-widget-container\">\n\t\t\t\t\t\t\t<div class=\"elementor-divider\">\n\t\t\t<span class=\"elementor-divider-separator\">\n\t\t\t\t\t\t<\/span>\n\t\t<\/div>\n\t\t\t\t\t\t<\/div>\n\t\t\t\t<\/div>\n\t\t\t\t\t<\/div>\n\t\t<\/div>\n\t\t\t\t\t<\/div>\n\t\t<\/section>\n\t\t\t\t<section class=\"elementor-section elementor-top-section elementor-element elementor-element-b8585c0 elementor-section-boxed elementor-section-height-default elementor-section-height-default\" data-id=\"b8585c0\" data-element_type=\"section\" data-e-type=\"section\">\n\t\t\t\t\t\t<div class=\"elementor-container elementor-column-gap-default\">\n\t\t\t\t\t<div class=\"elementor-column elementor-col-25 elementor-top-column elementor-element elementor-element-472f8b8\" data-id=\"472f8b8\" data-element_type=\"column\" data-e-type=\"column\">\n\t\t\t<div class=\"elementor-widget-wrap elementor-element-populated\">\n\t\t\t\t\t\t<div class=\"elementor-element elementor-element-0dbd1de elementor-widget elementor-widget-image\" data-id=\"0dbd1de\" data-element_type=\"widget\" data-e-type=\"widget\" data-widget_type=\"image.default\">\n\t\t\t\t<div class=\"elementor-widget-container\">\n\t\t\t\t\t\t\t\t\t\t\t\t\t\t\t<img decoding=\"async\" width=\"738\" height=\"984\" src=\"https:\/\/www.neue-musik-brandenburg.de\/wp-content\/uploads\/2021\/12\/Hubert-Kross.jpg\" class=\"attachment-large size-large wp-image-501\" alt=\"\" srcset=\"https:\/\/www.neue-musik-brandenburg.de\/wp-content\/uploads\/2021\/12\/Hubert-Kross.jpg 738w, https:\/\/www.neue-musik-brandenburg.de\/wp-content\/uploads\/2021\/12\/Hubert-Kross-225x300.jpg 225w\" sizes=\"(max-width: 738px) 100vw, 738px\" \/>\t\t\t\t\t\t\t\t\t\t\t\t\t\t\t<\/div>\n\t\t\t\t<\/div>\n\t\t\t\t\t<\/div>\n\t\t<\/div>\n\t\t\t\t<div class=\"elementor-column elementor-col-25 elementor-top-column elementor-element elementor-element-2b4b66c\" data-id=\"2b4b66c\" data-element_type=\"column\" data-e-type=\"column\">\n\t\t\t<div class=\"elementor-widget-wrap\">\n\t\t\t\t\t\t\t<\/div>\n\t\t<\/div>\n\t\t\t\t<div class=\"elementor-column elementor-col-50 elementor-top-column elementor-element elementor-element-8ea7f15\" data-id=\"8ea7f15\" data-element_type=\"column\" data-e-type=\"column\">\n\t\t\t<div class=\"elementor-widget-wrap elementor-element-populated\">\n\t\t\t\t\t\t<div class=\"elementor-element elementor-element-b8a6263 elementor-widget elementor-widget-text-editor\" data-id=\"b8a6263\" data-element_type=\"widget\" data-e-type=\"widget\" data-widget_type=\"text-editor.default\">\n\t\t\t\t<div class=\"elementor-widget-container\">\n\t\t\t\t\t\t\t\t\t<h2><span style=\"color: #33cccc;\"><strong>Hubert Kross (1934-2021)<\/strong><\/span><\/h2>\n<p>Mit gro\u00dfer Trauer m\u00fcssen wir vermelden, da\u00df unser gesch\u00e4tzter Kollege Hubert Kross 87-j\u00e4hrig am 23.10.2021 in Freiburg verstorben ist. Hubert Kross pr\u00e4gte viele Jahre als Komponist, Dirigent und Musikp\u00e4dagoge das Lausitzer Musikleben und bereicherte auch die sorbische Musik mit vielen originellen Werken. Zuletzt lebte er im Breisgau, nahm aber auch von dort aus mehrmals am j\u00e4hrlichen &#8220;Brandenburgischen Fest der Neuen Musik<em>&#8220;<\/em> teil.&nbsp;<\/p>\n<p>Unser tiefes Beileid gilt seiner Familie und allen, die n\u00e4her mit ihm zu tun hatten.&nbsp;<\/p>\n<p>Hubert Kross,&nbsp;Komponist, Dirigent und Musikerzieher<\/p>\n<p>Geboren 30.3.1934 in Leipzig.<\/p>\n<p>Gestorben am 23.10.2021 in Freiburg\/Brsg.<\/p>\n<p>Kompositionsstudium (Staatsexamen 1956) an der Musikhochschule in Leipzig.<\/p>\n<p>Arbeitete als freischaffender Komponist, daneben langj\u00e4hrig an verschiedenen Theatern, im Konzert und Rundfunk als Dirigent sowie als P\u00e4dagoge.<\/p>\n<p><strong>Kompositionspreise:<\/strong><\/p>\n<p><strong><em>1995<\/em><\/strong> beim <strong>Kompositionswettbewerb<\/strong> anl\u00e4\u00dflich des <strong>2. Internationalen Robert-Schumann-Wettbewerbes<\/strong> Zwickau f\u00fcr die a cappella-Komposition &#8220;Alte Harfenstimmung&#8221;<\/p>\n<p><em><strong>1996<\/strong><\/em> beim <strong>Kompositionswettbewerb des Blasmusikverbandes Baden-W\u00fcrttemberg<\/strong> f\u00fcr die Komposition &#8220;Rhythmischer Auftakt&#8221;<\/p>\n<p><em><strong>1998<\/strong><\/em> beim <strong>Kompositionswettbewerb des Brandenburgischen Vereins&nbsp; Neue Musik<\/strong> f\u00fcr die Komposition &#8220;Kaleidoskop f\u00fcr Saxophonquartett&#8221;<\/p>\n<p><em><strong>2007<\/strong><\/em> beim <strong>Kompositionswettbewerb der M\u00fcnchner Symphoniker<\/strong> f\u00fcr die Orchesterkomposition &#8220;Drei Weise zogen die Stadt hinaus&#8221;<\/p>\n<p><\/p>\n<p><a href=\"https:\/\/www.werkliste-hubertkross.de\/\">https:\/\/www.werkliste-hubertkross.de\/<\/a><\/p>\t\t\t\t\t\t\t\t<\/div>\n\t\t\t\t<\/div>\n\t\t\t\t\t<\/div>\n\t\t<\/div>\n\t\t\t\t\t<\/div>\n\t\t<\/section>\n\t\t\t\t<section class=\"elementor-section elementor-top-section elementor-element elementor-element-3042eb4 elementor-section-boxed elementor-section-height-default elementor-section-height-default\" data-id=\"3042eb4\" data-element_type=\"section\" data-e-type=\"section\">\n\t\t\t\t\t\t<div class=\"elementor-container elementor-column-gap-default\">\n\t\t\t\t\t<div class=\"elementor-column elementor-col-100 elementor-top-column elementor-element elementor-element-3bd4557\" data-id=\"3bd4557\" data-element_type=\"column\" data-e-type=\"column\">\n\t\t\t<div class=\"elementor-widget-wrap elementor-element-populated\">\n\t\t\t\t\t\t<div class=\"elementor-element elementor-element-9899ab2 elementor-widget-divider--view-line elementor-widget elementor-widget-divider\" data-id=\"9899ab2\" data-element_type=\"widget\" data-e-type=\"widget\" data-widget_type=\"divider.default\">\n\t\t\t\t<div class=\"elementor-widget-container\">\n\t\t\t\t\t\t\t<div class=\"elementor-divider\">\n\t\t\t<span class=\"elementor-divider-separator\">\n\t\t\t\t\t\t<\/span>\n\t\t<\/div>\n\t\t\t\t\t\t<\/div>\n\t\t\t\t<\/div>\n\t\t\t\t\t<\/div>\n\t\t<\/div>\n\t\t\t\t\t<\/div>\n\t\t<\/section>\n\t\t\t\t<\/div>\n\t\t","protected":false},"excerpt":{"rendered":"<p>NEUERSCHEINUNG DOPPEL-CD \u201eBrandenburg &#8211; Neue Musik orchestral\u201c Beim Kooperationsprojekt \u201eWir f\u00fcr uns\u201c zwischen dem Landesverband Brandenburgischer Verein Neue Musik e.V. und dem renommierten Deutschen Filmorchester Babelsberg wurden in Corona-Zeiten im Fr\u00fchjahr 2021 insgesamt 18&#46;&#46;&#46;<\/p>\n","protected":false},"author":1,"featured_media":0,"parent":0,"menu_order":0,"comment_status":"closed","ping_status":"closed","template":"","meta":{"_custom_body_class":"","_custom_post_class":"","footnotes":""},"class_list":["post-2124","page","type-page","status-publish","hentry"],"translation":{"provider":"WPGlobus","version":"3.0.2","language":"en","enabled_languages":["de","en"],"languages":{"de":{"title":true,"content":true,"excerpt":false},"en":{"title":true,"content":false,"excerpt":false}}},"_links":{"self":[{"href":"https:\/\/www.neue-musik-brandenburg.de\/en\/wp-json\/wp\/v2\/pages\/2124","targetHints":{"allow":["GET"]}}],"collection":[{"href":"https:\/\/www.neue-musik-brandenburg.de\/en\/wp-json\/wp\/v2\/pages"}],"about":[{"href":"https:\/\/www.neue-musik-brandenburg.de\/en\/wp-json\/wp\/v2\/types\/page"}],"author":[{"embeddable":true,"href":"https:\/\/www.neue-musik-brandenburg.de\/en\/wp-json\/wp\/v2\/users\/1"}],"replies":[{"embeddable":true,"href":"https:\/\/www.neue-musik-brandenburg.de\/en\/wp-json\/wp\/v2\/comments?post=2124"}],"version-history":[{"count":92,"href":"https:\/\/www.neue-musik-brandenburg.de\/en\/wp-json\/wp\/v2\/pages\/2124\/revisions"}],"predecessor-version":[{"id":7333,"href":"https:\/\/www.neue-musik-brandenburg.de\/en\/wp-json\/wp\/v2\/pages\/2124\/revisions\/7333"}],"wp:attachment":[{"href":"https:\/\/www.neue-musik-brandenburg.de\/en\/wp-json\/wp\/v2\/media?parent=2124"}],"curies":[{"name":"wp","href":"https:\/\/api.w.org\/{rel}","templated":true}]}}