{"id":2157,"date":"2022-02-05T15:15:08","date_gmt":"2022-02-05T15:15:08","guid":{"rendered":"http:\/\/neue-musik-brandenburg.multisensoriale.de\/?page_id=2157"},"modified":"2022-10-29T12:36:05","modified_gmt":"2022-10-29T12:36:05","slug":"vorstand","status":"publish","type":"page","link":"https:\/\/www.neue-musik-brandenburg.de\/en\/vorstand\/","title":{"rendered":"Vorstand"},"content":{"rendered":"\t\t<div data-elementor-type=\"wp-page\" data-elementor-id=\"2157\" class=\"elementor elementor-2157\">\n\t\t\t\t\t\t<section class=\"elementor-section elementor-top-section elementor-element elementor-element-ce8533b elementor-section-boxed elementor-section-height-default elementor-section-height-default\" data-id=\"ce8533b\" data-element_type=\"section\" data-e-type=\"section\">\n\t\t\t\t\t\t<div class=\"elementor-container elementor-column-gap-default\">\n\t\t\t\t\t<div class=\"elementor-column elementor-col-100 elementor-top-column elementor-element elementor-element-6847bf3\" data-id=\"6847bf3\" data-element_type=\"column\" data-e-type=\"column\">\n\t\t\t<div class=\"elementor-widget-wrap elementor-element-populated\">\n\t\t\t\t\t\t<div class=\"elementor-element elementor-element-5278b1b elementor-widget elementor-widget-heading\" data-id=\"5278b1b\" data-element_type=\"widget\" data-e-type=\"widget\" data-widget_type=\"heading.default\">\n\t\t\t\t<div class=\"elementor-widget-container\">\n\t\t\t\t\t<h2 class=\"elementor-heading-title elementor-size-default\">Vorstand<\/h2>\t\t\t\t<\/div>\n\t\t\t\t<\/div>\n\t\t\t\t\t<\/div>\n\t\t<\/div>\n\t\t\t\t\t<\/div>\n\t\t<\/section>\n\t\t\t\t<section class=\"elementor-section elementor-top-section elementor-element elementor-element-c6e2c49 elementor-section-boxed elementor-section-height-default elementor-section-height-default\" data-id=\"c6e2c49\" data-element_type=\"section\" data-e-type=\"section\">\n\t\t\t\t\t\t<div class=\"elementor-container elementor-column-gap-default\">\n\t\t\t\t\t<div class=\"elementor-column elementor-col-25 elementor-top-column elementor-element elementor-element-3c5cc07\" data-id=\"3c5cc07\" data-element_type=\"column\" data-e-type=\"column\">\n\t\t\t<div class=\"elementor-widget-wrap elementor-element-populated\">\n\t\t\t\t\t\t<div class=\"elementor-element elementor-element-e586fef elementor-widget elementor-widget-image\" data-id=\"e586fef\" data-element_type=\"widget\" data-e-type=\"widget\" data-widget_type=\"image.default\">\n\t\t\t\t<div class=\"elementor-widget-container\">\n\t\t\t\t\t\t\t\t\t\t\t\t<figure class=\"wp-caption\">\n\t\t\t\t\t\t\t\t\t\t<img fetchpriority=\"high\" decoding=\"async\" width=\"388\" height=\"452\" src=\"https:\/\/www.neue-musik-brandenburg.de\/wp-content\/uploads\/2022\/01\/Thomas-Gerwin.jpg\" class=\"attachment-large size-large wp-image-1389\" alt=\"Foto: Konstanze Th\u00fcmmel\" srcset=\"https:\/\/www.neue-musik-brandenburg.de\/wp-content\/uploads\/2022\/01\/Thomas-Gerwin.jpg 388w, https:\/\/www.neue-musik-brandenburg.de\/wp-content\/uploads\/2022\/01\/Thomas-Gerwin-258x300.jpg 258w\" sizes=\"(max-width: 388px) 100vw, 388px\" \/>\t\t\t\t\t\t\t\t\t\t\t<figcaption class=\"widget-image-caption wp-caption-text\">Foto: Konstanze Th\u00fcmmel<\/figcaption>\n\t\t\t\t\t\t\t\t\t\t<\/figure>\n\t\t\t\t\t\t\t\t\t<\/div>\n\t\t\t\t<\/div>\n\t\t\t\t\t<\/div>\n\t\t<\/div>\n\t\t\t\t<div class=\"elementor-column elementor-col-25 elementor-top-column elementor-element elementor-element-092e85e\" data-id=\"092e85e\" data-element_type=\"column\" data-e-type=\"column\">\n\t\t\t<div class=\"elementor-widget-wrap\">\n\t\t\t\t\t\t\t<\/div>\n\t\t<\/div>\n\t\t\t\t<div class=\"elementor-column elementor-col-50 elementor-top-column elementor-element elementor-element-d0aa3fc\" data-id=\"d0aa3fc\" data-element_type=\"column\" data-e-type=\"column\">\n\t\t\t<div class=\"elementor-widget-wrap elementor-element-populated\">\n\t\t\t\t\t\t<div class=\"elementor-element elementor-element-4035a78 elementor-drop-cap-yes elementor-drop-cap-view-default elementor-widget elementor-widget-text-editor\" data-id=\"4035a78\" data-element_type=\"widget\" data-e-type=\"widget\" data-settings=\"{&quot;drop_cap&quot;:&quot;yes&quot;}\" data-widget_type=\"text-editor.default\">\n\t\t\t\t<div class=\"elementor-widget-container\">\n\t\t\t\t\t\t\t\t\t<p><b style=\"color: var( --e-global-color-text );\">Thomas Gerwin, Vorsitzender<\/b><\/p><p>Komponist und Klangk\u00fcnstler, begann sehr fr\u00fch zu im-provisieren, sp\u00e4ter klassische Ausbildung (Gitarre bei Cosi Alberta, Kassel; Magister artium in Musikwissenschaft bei Georg von Dadelsen sowie Germanistik\/Linguistik, Universit\u00e4t T\u00fcbingen; Aufbaustudium Komposition bei Erhard Karkoschka und Ulrich S\u00fc\u00dfe; Elektronik bei David Mason, Musikhochschule Stuttgart). Er kam fr\u00fch zur Mu-sique concr\u00e8te und zur Neuen Musik; seit 1990 arbeitet er au\u00dferdem intensiv im Bereich Soundscape Composi-tion und Radiokunst. Wichtige Einfl\u00fcsse durch John Cage, Karlheinz Stockhausen sowie R. Murray Schafer.\u00a0<\/p><p><span style=\"color: var( --e-global-color-text );\">www.thomasgerwin.de<\/span><\/p>\t\t\t\t\t\t\t\t<\/div>\n\t\t\t\t<\/div>\n\t\t\t\t\t<\/div>\n\t\t<\/div>\n\t\t\t\t\t<\/div>\n\t\t<\/section>\n\t\t\t\t<section class=\"elementor-section elementor-top-section elementor-element elementor-element-69d95e5 elementor-section-boxed elementor-section-height-default elementor-section-height-default\" data-id=\"69d95e5\" data-element_type=\"section\" data-e-type=\"section\">\n\t\t\t\t\t\t<div class=\"elementor-container elementor-column-gap-default\">\n\t\t\t\t\t<div class=\"elementor-column elementor-col-100 elementor-top-column elementor-element elementor-element-314892f\" data-id=\"314892f\" data-element_type=\"column\" data-e-type=\"column\">\n\t\t\t<div class=\"elementor-widget-wrap elementor-element-populated\">\n\t\t\t\t\t\t<div class=\"elementor-element elementor-element-7f403c4 elementor-widget-divider--view-line elementor-widget elementor-widget-divider\" data-id=\"7f403c4\" data-element_type=\"widget\" data-e-type=\"widget\" data-widget_type=\"divider.default\">\n\t\t\t\t<div class=\"elementor-widget-container\">\n\t\t\t\t\t\t\t<div class=\"elementor-divider\">\n\t\t\t<span class=\"elementor-divider-separator\">\n\t\t\t\t\t\t<\/span>\n\t\t<\/div>\n\t\t\t\t\t\t<\/div>\n\t\t\t\t<\/div>\n\t\t\t\t\t<\/div>\n\t\t<\/div>\n\t\t\t\t\t<\/div>\n\t\t<\/section>\n\t\t\t\t<section class=\"elementor-section elementor-top-section elementor-element elementor-element-d68d074 elementor-section-boxed elementor-section-height-default elementor-section-height-default\" data-id=\"d68d074\" data-element_type=\"section\" data-e-type=\"section\">\n\t\t\t\t\t\t<div class=\"elementor-container elementor-column-gap-default\">\n\t\t\t\t\t<div class=\"elementor-column elementor-col-25 elementor-top-column elementor-element elementor-element-8c2f945\" data-id=\"8c2f945\" data-element_type=\"column\" data-e-type=\"column\">\n\t\t\t<div class=\"elementor-widget-wrap elementor-element-populated\">\n\t\t\t\t\t\t<div class=\"elementor-element elementor-element-49bc7a2 elementor-widget elementor-widget-image\" data-id=\"49bc7a2\" data-element_type=\"widget\" data-e-type=\"widget\" data-widget_type=\"image.default\">\n\t\t\t\t<div class=\"elementor-widget-container\">\n\t\t\t\t\t\t\t\t\t\t\t\t<figure class=\"wp-caption\">\n\t\t\t\t\t\t\t\t\t\t<img decoding=\"async\" width=\"553\" height=\"645\" src=\"https:\/\/www.neue-musik-brandenburg.de\/wp-content\/uploads\/2022\/01\/Volker-Freidel.jpg\" class=\"attachment-large size-large wp-image-1390\" alt=\"\" srcset=\"https:\/\/www.neue-musik-brandenburg.de\/wp-content\/uploads\/2022\/01\/Volker-Freidel.jpg 553w, https:\/\/www.neue-musik-brandenburg.de\/wp-content\/uploads\/2022\/01\/Volker-Freidel-257x300.jpg 257w\" sizes=\"(max-width: 553px) 100vw, 553px\" \/>\t\t\t\t\t\t\t\t\t\t\t<figcaption class=\"widget-image-caption wp-caption-text\">Foto:Katharina Jahn<\/figcaption>\n\t\t\t\t\t\t\t\t\t\t<\/figure>\n\t\t\t\t\t\t\t\t\t<\/div>\n\t\t\t\t<\/div>\n\t\t\t\t\t<\/div>\n\t\t<\/div>\n\t\t\t\t<div class=\"elementor-column elementor-col-25 elementor-top-column elementor-element elementor-element-c9df161\" data-id=\"c9df161\" data-element_type=\"column\" data-e-type=\"column\">\n\t\t\t<div class=\"elementor-widget-wrap\">\n\t\t\t\t\t\t\t<\/div>\n\t\t<\/div>\n\t\t\t\t<div class=\"elementor-column elementor-col-50 elementor-top-column elementor-element elementor-element-2830df5\" data-id=\"2830df5\" data-element_type=\"column\" data-e-type=\"column\">\n\t\t\t<div class=\"elementor-widget-wrap elementor-element-populated\">\n\t\t\t\t\t\t<div class=\"elementor-element elementor-element-9817a6f elementor-drop-cap-yes elementor-drop-cap-view-default elementor-widget elementor-widget-text-editor\" data-id=\"9817a6f\" data-element_type=\"widget\" data-e-type=\"widget\" data-settings=\"{&quot;drop_cap&quot;:&quot;yes&quot;}\" data-widget_type=\"text-editor.default\">\n\t\t\t\t<div class=\"elementor-widget-container\">\n\t\t\t\t\t\t\t\t\t<p><b style=\"color: var( --e-global-color-text );\">Volker Freidel, Stellvertretender Vorsitzender<\/b><\/p><p>wurde 1960 in Berlin geboren. Er studierte in Berlin, D\u00fcsseldorf und Leipzig an den dortigen Musik-hochschulen Komposition. Seine Arbeit umfasst die ver-schiedensten Besetzungen in Solo-, Kammer- und Or-chestermusik. Kompositionsauftr\u00e4ge erhielt er aus dem In- und Ausland. Seit 2000 lebt er als freischaffender Komponist und Klavierlehrer in Potsdam. <br \/>www.volkerfreidel.de<br \/>Komponieren ist das Bedenken und Erfahren von Konse-quenzen. Dabei kann Musik genauso komplex sein, wie die Gesellschaft, die sie hervorbringt. Einerseits bedeutet das Grundlagen-forschung deren Ergebnis und\u00a0 auch deren Rezipierbarkeit nicht von vorneherein feststeht, und die\u00a0 somit nicht ohne Hilfe von au\u00dfen <br \/>(Subvention) auskommen kann. Da-bei k\u00f6nnen die neuen Entwicklungen auch in eine Sackgasse f\u00fchren, so wie es in Wissenschaft und Technik auch passieren kann.<\/p>\t\t\t\t\t\t\t\t<\/div>\n\t\t\t\t<\/div>\n\t\t\t\t\t<\/div>\n\t\t<\/div>\n\t\t\t\t\t<\/div>\n\t\t<\/section>\n\t\t\t\t<section class=\"elementor-section elementor-top-section elementor-element elementor-element-85c32a6 elementor-section-boxed elementor-section-height-default elementor-section-height-default\" data-id=\"85c32a6\" data-element_type=\"section\" data-e-type=\"section\">\n\t\t\t\t\t\t<div class=\"elementor-container elementor-column-gap-default\">\n\t\t\t\t\t<div class=\"elementor-column elementor-col-100 elementor-top-column elementor-element elementor-element-d5df53a\" data-id=\"d5df53a\" data-element_type=\"column\" data-e-type=\"column\">\n\t\t\t<div class=\"elementor-widget-wrap elementor-element-populated\">\n\t\t\t\t\t\t<div class=\"elementor-element elementor-element-6ef216f elementor-widget-divider--view-line elementor-widget elementor-widget-divider\" data-id=\"6ef216f\" data-element_type=\"widget\" data-e-type=\"widget\" data-widget_type=\"divider.default\">\n\t\t\t\t<div class=\"elementor-widget-container\">\n\t\t\t\t\t\t\t<div class=\"elementor-divider\">\n\t\t\t<span class=\"elementor-divider-separator\">\n\t\t\t\t\t\t<\/span>\n\t\t<\/div>\n\t\t\t\t\t\t<\/div>\n\t\t\t\t<\/div>\n\t\t\t\t\t<\/div>\n\t\t<\/div>\n\t\t\t\t\t<\/div>\n\t\t<\/section>\n\t\t\t\t<section class=\"elementor-section elementor-top-section elementor-element elementor-element-fb7abca elementor-section-boxed elementor-section-height-default elementor-section-height-default\" data-id=\"fb7abca\" data-element_type=\"section\" data-e-type=\"section\">\n\t\t\t\t\t\t<div class=\"elementor-container elementor-column-gap-default\">\n\t\t\t\t\t<div class=\"elementor-column elementor-col-25 elementor-top-column elementor-element elementor-element-7583509\" data-id=\"7583509\" data-element_type=\"column\" data-e-type=\"column\">\n\t\t\t<div class=\"elementor-widget-wrap elementor-element-populated\">\n\t\t\t\t\t\t<div class=\"elementor-element elementor-element-965d983 elementor-widget elementor-widget-image\" data-id=\"965d983\" data-element_type=\"widget\" data-e-type=\"widget\" data-widget_type=\"image.default\">\n\t\t\t\t<div class=\"elementor-widget-container\">\n\t\t\t\t\t\t\t\t\t\t\t\t<figure class=\"wp-caption\">\n\t\t\t\t\t\t\t\t\t\t<img decoding=\"async\" width=\"473\" height=\"552\" src=\"https:\/\/www.neue-musik-brandenburg.de\/wp-content\/uploads\/2022\/01\/Gabriel-Iranyi.jpg\" class=\"attachment-large size-large wp-image-1387\" alt=\"\" srcset=\"https:\/\/www.neue-musik-brandenburg.de\/wp-content\/uploads\/2022\/01\/Gabriel-Iranyi.jpg 473w, https:\/\/www.neue-musik-brandenburg.de\/wp-content\/uploads\/2022\/01\/Gabriel-Iranyi-257x300.jpg 257w\" sizes=\"(max-width: 473px) 100vw, 473px\" \/>\t\t\t\t\t\t\t\t\t\t\t<figcaption class=\"widget-image-caption wp-caption-text\"><\/figcaption>\n\t\t\t\t\t\t\t\t\t\t<\/figure>\n\t\t\t\t\t\t\t\t\t<\/div>\n\t\t\t\t<\/div>\n\t\t\t\t\t<\/div>\n\t\t<\/div>\n\t\t\t\t<div class=\"elementor-column elementor-col-25 elementor-top-column elementor-element elementor-element-1d4c8ff\" data-id=\"1d4c8ff\" data-element_type=\"column\" data-e-type=\"column\">\n\t\t\t<div class=\"elementor-widget-wrap\">\n\t\t\t\t\t\t\t<\/div>\n\t\t<\/div>\n\t\t\t\t<div class=\"elementor-column elementor-col-50 elementor-top-column elementor-element elementor-element-de2c96a\" data-id=\"de2c96a\" data-element_type=\"column\" data-e-type=\"column\">\n\t\t\t<div class=\"elementor-widget-wrap elementor-element-populated\">\n\t\t\t\t\t\t<div class=\"elementor-element elementor-element-e2ba6c4 elementor-drop-cap-yes elementor-drop-cap-view-default elementor-widget elementor-widget-text-editor\" data-id=\"e2ba6c4\" data-element_type=\"widget\" data-e-type=\"widget\" data-settings=\"{&quot;drop_cap&quot;:&quot;yes&quot;}\" data-widget_type=\"text-editor.default\">\n\t\t\t\t<div class=\"elementor-widget-container\">\n\t\t\t\t\t\t\t\t\t<p><b style=\"color: var( --e-global-color-text );\">Dr. Gabriel Iranyi, Stellvertretender Vorsitzender<\/b><\/p><p>wurde in Klausenburg (Siebenb\u00fcrgen, Ru-m\u00e4nien) geboren. Nach Kompositionsstudium an der George-Dima-Musikakademie der dortigen Universit\u00e4t\u00a0 erh\u00e4lt er 1971 eine Professur f\u00fcr Kontrapunkt an der George-Enesco-Musikhochschule in Jassy. 1977 \u2013 1981 ist er Dozent f\u00fcr Formenlehre und Kontrapunkt an der Rubin Academy of Music, Tel-Aviv University. 1978 und 1984 nahm er als DAAD-Stipendiat an den Darmst\u00e4dter Ferienkurse f\u00fcr Neue Musik, in der Kompositionsklassen von Lachen-mann, Ferneyhough und Halffter teil. Besonders pr\u00e4gend\u00a0 waren f\u00fcr ihn die Begegnungen mit Gy\u00f6rgy Ligeti, Gy\u00f6rgy Kurt\u00e1g, Morton Feldman und G\u00fcnther Becker. 2000 Promotion im Fach Musikwissenschaften und zahlreiche Vortr\u00e4ge \u00fcber Neue Musik und eigene Werke an Universit\u00e4ten in Berlin, New York, Milwaukee, Bukarest, Klausenburg, Rostock, Oldenburg, und EPTA-Bonn. Von 1997\u2013 1999 ist Iranyi Vorstandsmitglied der Initiative Neue Musik Ber-lin, zwischen 2010 \u2013 2016 stellvertretender Vorsitzender des Komponistenverbandes Berlin und seit 2011 Dozent bei \u00bbJugend komponiert\u00ab (Workshops \/ Landesmusikrat\u00a0 Berlin).<\/p>\t\t\t\t\t\t\t\t<\/div>\n\t\t\t\t<\/div>\n\t\t\t\t\t<\/div>\n\t\t<\/div>\n\t\t\t\t\t<\/div>\n\t\t<\/section>\n\t\t\t\t<section class=\"elementor-section elementor-top-section elementor-element elementor-element-ca925fe elementor-section-boxed elementor-section-height-default elementor-section-height-default\" data-id=\"ca925fe\" data-element_type=\"section\" data-e-type=\"section\">\n\t\t\t\t\t\t<div class=\"elementor-container elementor-column-gap-default\">\n\t\t\t\t\t<div class=\"elementor-column elementor-col-100 elementor-top-column elementor-element elementor-element-c18f61d\" data-id=\"c18f61d\" data-element_type=\"column\" data-e-type=\"column\">\n\t\t\t<div class=\"elementor-widget-wrap elementor-element-populated\">\n\t\t\t\t\t\t<div class=\"elementor-element elementor-element-b457685 elementor-widget-divider--view-line elementor-widget elementor-widget-divider\" data-id=\"b457685\" data-element_type=\"widget\" data-e-type=\"widget\" data-widget_type=\"divider.default\">\n\t\t\t\t<div class=\"elementor-widget-container\">\n\t\t\t\t\t\t\t<div class=\"elementor-divider\">\n\t\t\t<span class=\"elementor-divider-separator\">\n\t\t\t\t\t\t<\/span>\n\t\t<\/div>\n\t\t\t\t\t\t<\/div>\n\t\t\t\t<\/div>\n\t\t\t\t\t<\/div>\n\t\t<\/div>\n\t\t\t\t\t<\/div>\n\t\t<\/section>\n\t\t\t\t<section class=\"elementor-section elementor-top-section elementor-element elementor-element-6d80bf8 elementor-section-boxed elementor-section-height-default elementor-section-height-default\" data-id=\"6d80bf8\" data-element_type=\"section\" data-e-type=\"section\">\n\t\t\t\t\t\t<div class=\"elementor-container elementor-column-gap-default\">\n\t\t\t\t\t<div class=\"elementor-column elementor-col-25 elementor-top-column elementor-element elementor-element-d5a9f94\" data-id=\"d5a9f94\" data-element_type=\"column\" data-e-type=\"column\">\n\t\t\t<div class=\"elementor-widget-wrap elementor-element-populated\">\n\t\t\t\t\t\t<div class=\"elementor-element elementor-element-e8a520a elementor-widget elementor-widget-image\" data-id=\"e8a520a\" data-element_type=\"widget\" data-e-type=\"widget\" data-widget_type=\"image.default\">\n\t\t\t\t<div class=\"elementor-widget-container\">\n\t\t\t\t\t\t\t\t\t\t\t\t<figure class=\"wp-caption\">\n\t\t\t\t\t\t\t\t\t\t<img loading=\"lazy\" decoding=\"async\" width=\"386\" height=\"450\" src=\"https:\/\/www.neue-musik-brandenburg.de\/wp-content\/uploads\/2022\/01\/Benjamin-Lang.jpg\" class=\"attachment-large size-large wp-image-1386\" alt=\"\" srcset=\"https:\/\/www.neue-musik-brandenburg.de\/wp-content\/uploads\/2022\/01\/Benjamin-Lang.jpg 386w, https:\/\/www.neue-musik-brandenburg.de\/wp-content\/uploads\/2022\/01\/Benjamin-Lang-257x300.jpg 257w\" sizes=\"(max-width: 386px) 100vw, 386px\" \/>\t\t\t\t\t\t\t\t\t\t\t<figcaption class=\"widget-image-caption wp-caption-text\"><\/figcaption>\n\t\t\t\t\t\t\t\t\t\t<\/figure>\n\t\t\t\t\t\t\t\t\t<\/div>\n\t\t\t\t<\/div>\n\t\t\t\t\t<\/div>\n\t\t<\/div>\n\t\t\t\t<div class=\"elementor-column elementor-col-25 elementor-top-column elementor-element elementor-element-c19e99f\" data-id=\"c19e99f\" data-element_type=\"column\" data-e-type=\"column\">\n\t\t\t<div class=\"elementor-widget-wrap\">\n\t\t\t\t\t\t\t<\/div>\n\t\t<\/div>\n\t\t\t\t<div class=\"elementor-column elementor-col-50 elementor-top-column elementor-element elementor-element-8b05274\" data-id=\"8b05274\" data-element_type=\"column\" data-e-type=\"column\">\n\t\t\t<div class=\"elementor-widget-wrap elementor-element-populated\">\n\t\t\t\t\t\t<div class=\"elementor-element elementor-element-92f65fb elementor-drop-cap-yes elementor-drop-cap-view-default elementor-widget elementor-widget-text-editor\" data-id=\"92f65fb\" data-element_type=\"widget\" data-e-type=\"widget\" data-settings=\"{&quot;drop_cap&quot;:&quot;yes&quot;}\" data-widget_type=\"text-editor.default\">\n\t\t\t\t<div class=\"elementor-widget-container\">\n\t\t\t\t\t\t\t\t\t<p><b style=\"color: var( --e-global-color-text );\">Prof. Dr. Dr. Benjamin Lang, Schatzmeister<\/b><\/p><p>Benjamin Lang studierte Komposition (bei Adriana H\u00f6l-szky, Johannes Sch\u00f6llhorn und Michael Edwards), Mu-siktheorie (u.a. bei Peter M. Wolf, Hubert Mo\u00dfburger,\u00a0 Andreas G\u00fcrsching und Florian Edler) sowie Dirigieren (u.a. bei Giorgio Bernasconi) in Rostock, Salzburg, Hanno-ver, Lugano, Bremen und Edinburgh.<br \/>Nach Lehrauftr\u00e4gen an mehreren Musikhochschulen wurde er 2008 wissenschaftlicher Mitarbeiter f\u00fcr Komposition, Kompositionsp\u00e4dago-gik und Musiktheorie am Institut f\u00fcr Musik der Hochschule Osnabr\u00fcck. Sp\u00e4ter lehrte er Musiktheorie\/Kom-position an der Z\u00fcrcher Hochschule der K\u00fcnste und an der Hochschule f\u00fcr Musik Hanns Eisler Berlin. Seit 2018 ist er Professor an der Hochschule f\u00fcr Musik und Theater Rostock.<\/p>\t\t\t\t\t\t\t\t<\/div>\n\t\t\t\t<\/div>\n\t\t\t\t\t<\/div>\n\t\t<\/div>\n\t\t\t\t\t<\/div>\n\t\t<\/section>\n\t\t\t\t<section class=\"elementor-section elementor-top-section elementor-element elementor-element-abb2bb6 elementor-section-boxed elementor-section-height-default elementor-section-height-default\" data-id=\"abb2bb6\" data-element_type=\"section\" data-e-type=\"section\">\n\t\t\t\t\t\t<div class=\"elementor-container elementor-column-gap-default\">\n\t\t\t\t\t<div class=\"elementor-column elementor-col-100 elementor-top-column elementor-element elementor-element-afac732\" data-id=\"afac732\" data-element_type=\"column\" data-e-type=\"column\">\n\t\t\t<div class=\"elementor-widget-wrap elementor-element-populated\">\n\t\t\t\t\t\t<div class=\"elementor-element elementor-element-4b7aec8 elementor-widget-divider--view-line elementor-widget elementor-widget-divider\" data-id=\"4b7aec8\" data-element_type=\"widget\" data-e-type=\"widget\" data-widget_type=\"divider.default\">\n\t\t\t\t<div class=\"elementor-widget-container\">\n\t\t\t\t\t\t\t<div class=\"elementor-divider\">\n\t\t\t<span class=\"elementor-divider-separator\">\n\t\t\t\t\t\t<\/span>\n\t\t<\/div>\n\t\t\t\t\t\t<\/div>\n\t\t\t\t<\/div>\n\t\t\t\t\t<\/div>\n\t\t<\/div>\n\t\t\t\t\t<\/div>\n\t\t<\/section>\n\t\t\t\t<section class=\"elementor-section elementor-top-section elementor-element elementor-element-87d1788 elementor-section-boxed elementor-section-height-default elementor-section-height-default\" data-id=\"87d1788\" data-element_type=\"section\" data-e-type=\"section\">\n\t\t\t\t\t\t<div class=\"elementor-container elementor-column-gap-default\">\n\t\t\t\t\t<div class=\"elementor-column elementor-col-25 elementor-top-column elementor-element elementor-element-2ff0b84\" data-id=\"2ff0b84\" data-element_type=\"column\" data-e-type=\"column\">\n\t\t\t<div class=\"elementor-widget-wrap elementor-element-populated\">\n\t\t\t\t\t\t<div class=\"elementor-element elementor-element-49c185c elementor-widget elementor-widget-image\" data-id=\"49c185c\" data-element_type=\"widget\" data-e-type=\"widget\" data-widget_type=\"image.default\">\n\t\t\t\t<div class=\"elementor-widget-container\">\n\t\t\t\t\t\t\t\t\t\t\t\t<figure class=\"wp-caption\">\n\t\t\t\t\t\t\t\t\t\t<img loading=\"lazy\" decoding=\"async\" width=\"387\" height=\"452\" src=\"https:\/\/www.neue-musik-brandenburg.de\/wp-content\/uploads\/2022\/01\/Sabine-Vogel-1.jpg\" class=\"attachment-large size-large wp-image-1632\" alt=\"\" srcset=\"https:\/\/www.neue-musik-brandenburg.de\/wp-content\/uploads\/2022\/01\/Sabine-Vogel-1.jpg 387w, https:\/\/www.neue-musik-brandenburg.de\/wp-content\/uploads\/2022\/01\/Sabine-Vogel-1-257x300.jpg 257w\" sizes=\"(max-width: 387px) 100vw, 387px\" \/>\t\t\t\t\t\t\t\t\t\t\t<figcaption class=\"widget-image-caption wp-caption-text\">Foto: Alex Nowitz<\/figcaption>\n\t\t\t\t\t\t\t\t\t\t<\/figure>\n\t\t\t\t\t\t\t\t\t<\/div>\n\t\t\t\t<\/div>\n\t\t\t\t\t<\/div>\n\t\t<\/div>\n\t\t\t\t<div class=\"elementor-column elementor-col-25 elementor-top-column elementor-element elementor-element-3e2628b\" data-id=\"3e2628b\" data-element_type=\"column\" data-e-type=\"column\">\n\t\t\t<div class=\"elementor-widget-wrap\">\n\t\t\t\t\t\t\t<\/div>\n\t\t<\/div>\n\t\t\t\t<div class=\"elementor-column elementor-col-50 elementor-top-column elementor-element elementor-element-d81fc75\" data-id=\"d81fc75\" data-element_type=\"column\" data-e-type=\"column\">\n\t\t\t<div class=\"elementor-widget-wrap elementor-element-populated\">\n\t\t\t\t\t\t<div class=\"elementor-element elementor-element-a5c5228 elementor-drop-cap-yes elementor-drop-cap-view-default elementor-widget elementor-widget-text-editor\" data-id=\"a5c5228\" data-element_type=\"widget\" data-e-type=\"widget\" data-settings=\"{&quot;drop_cap&quot;:&quot;yes&quot;}\" data-widget_type=\"text-editor.default\">\n\t\t\t\t<div class=\"elementor-widget-container\">\n\t\t\t\t\t\t\t\t\t<p><b style=\"color: var( --e-global-color-text );\">Sabine Vogel, Stellvertretende Vorsitzende<\/b><\/p><p>Fl\u00f6tistin, Performer-Composer, environmental sound art Sabine Vogel studierte Jazz Fl\u00f6te an der Bruckner Universit\u00e4t in Linz (A) und schloss dort mit Auszeichnung ab.<br \/>Seitdem bewegt sie sich im Feld der Improvisation und zeitgen\u00f6ssischen Musik, ist eine wichtige Figur in der Echtzeitmusikszene in Berlin und arbeitet h\u00e4ufig auch mit Field Recordings und Aufnahmen, die sie in der Natur macht. Dabei bewegt sie sich an einer Schnittstelle von audiovisuellen Installations- und Konzertformaten und<br \/>kreiert h\u00e4ufig auch ortsbezogene Arbeiten.<br \/>Sie hatte Solo Konzerte und Auftritte innerhalb Europas, Australiens, Amerikas und spielte auf Festivals, wie ISEA RUHR, Ultima Festival (NOR), Ultraschall Festival, Jazzfest Berlin, Mona Foma, NOWnow (AUS), High Zero (US), Internationale Ferienkurse Darmstadt etc.<br \/>Sie ist Mitglied des Splitter Orchester in Berlin und arbeitete u.a. mit mit Anthony Braxton, Arto Lindsay, George Lewis, Kathy Hinde, Tony Buck, Andrea Neumann, Biliana Voutchkova, Magda Mayas, Marta Zapparoli.<\/p>\t\t\t\t\t\t\t\t<\/div>\n\t\t\t\t<\/div>\n\t\t\t\t\t<\/div>\n\t\t<\/div>\n\t\t\t\t\t<\/div>\n\t\t<\/section>\n\t\t\t\t<section class=\"elementor-section elementor-top-section elementor-element elementor-element-9055d7d elementor-section-boxed elementor-section-height-default elementor-section-height-default\" data-id=\"9055d7d\" data-element_type=\"section\" data-e-type=\"section\">\n\t\t\t\t\t\t<div class=\"elementor-container elementor-column-gap-default\">\n\t\t\t\t\t<div class=\"elementor-column elementor-col-100 elementor-top-column elementor-element elementor-element-c2284be\" data-id=\"c2284be\" data-element_type=\"column\" data-e-type=\"column\">\n\t\t\t<div class=\"elementor-widget-wrap elementor-element-populated\">\n\t\t\t\t\t\t<div class=\"elementor-element elementor-element-e83b42a elementor-widget-divider--view-line elementor-widget elementor-widget-divider\" data-id=\"e83b42a\" data-element_type=\"widget\" data-e-type=\"widget\" data-widget_type=\"divider.default\">\n\t\t\t\t<div class=\"elementor-widget-container\">\n\t\t\t\t\t\t\t<div class=\"elementor-divider\">\n\t\t\t<span class=\"elementor-divider-separator\">\n\t\t\t\t\t\t<\/span>\n\t\t<\/div>\n\t\t\t\t\t\t<\/div>\n\t\t\t\t<\/div>\n\t\t\t\t\t<\/div>\n\t\t<\/div>\n\t\t\t\t\t<\/div>\n\t\t<\/section>\n\t\t\t\t<\/div>\n\t\t","protected":false},"excerpt":{"rendered":"<p>Vorstand Foto: Konstanze Th\u00fcmmel Thomas Gerwin, Vorsitzender Komponist und Klangk\u00fcnstler, begann sehr fr\u00fch zu im-provisieren, sp\u00e4ter klassische Ausbildung (Gitarre bei Cosi Alberta, Kassel; Magister artium in Musikwissenschaft bei Georg von Dadelsen sowie Germanistik\/Linguistik, Universit\u00e4t&#46;&#46;&#46;<\/p>\n","protected":false},"author":3,"featured_media":0,"parent":0,"menu_order":0,"comment_status":"closed","ping_status":"closed","template":"","meta":{"_custom_body_class":"","_custom_post_class":"","footnotes":""},"class_list":["post-2157","page","type-page","status-publish","hentry"],"translation":{"provider":"WPGlobus","version":"3.0.2","language":"en","enabled_languages":["de","en"],"languages":{"de":{"title":true,"content":true,"excerpt":false},"en":{"title":false,"content":false,"excerpt":false}}},"_links":{"self":[{"href":"https:\/\/www.neue-musik-brandenburg.de\/en\/wp-json\/wp\/v2\/pages\/2157","targetHints":{"allow":["GET"]}}],"collection":[{"href":"https:\/\/www.neue-musik-brandenburg.de\/en\/wp-json\/wp\/v2\/pages"}],"about":[{"href":"https:\/\/www.neue-musik-brandenburg.de\/en\/wp-json\/wp\/v2\/types\/page"}],"author":[{"embeddable":true,"href":"https:\/\/www.neue-musik-brandenburg.de\/en\/wp-json\/wp\/v2\/users\/3"}],"replies":[{"embeddable":true,"href":"https:\/\/www.neue-musik-brandenburg.de\/en\/wp-json\/wp\/v2\/comments?post=2157"}],"version-history":[{"count":74,"href":"https:\/\/www.neue-musik-brandenburg.de\/en\/wp-json\/wp\/v2\/pages\/2157\/revisions"}],"predecessor-version":[{"id":7026,"href":"https:\/\/www.neue-musik-brandenburg.de\/en\/wp-json\/wp\/v2\/pages\/2157\/revisions\/7026"}],"wp:attachment":[{"href":"https:\/\/www.neue-musik-brandenburg.de\/en\/wp-json\/wp\/v2\/media?parent=2157"}],"curies":[{"name":"wp","href":"https:\/\/api.w.org\/{rel}","templated":true}]}}