{"id":2608,"date":"2022-02-11T05:40:10","date_gmt":"2022-02-11T05:40:10","guid":{"rendered":"http:\/\/neue-musik-brandenburg.multisensoriale.de\/?page_id=2608"},"modified":"2022-03-08T06:31:58","modified_gmt":"2022-03-08T06:31:58","slug":"breieralbert","status":"publish","type":"page","link":"https:\/\/www.neue-musik-brandenburg.de\/en\/breieralbert\/","title":{"rendered":"Albert Breier"},"content":{"rendered":"\t\t<div data-elementor-type=\"wp-page\" data-elementor-id=\"2608\" class=\"elementor elementor-2608\">\n\t\t\t\t\t\t<section class=\"elementor-section elementor-top-section elementor-element elementor-element-eb814fa elementor-section-boxed elementor-section-height-default elementor-section-height-default\" data-id=\"eb814fa\" data-element_type=\"section\" data-e-type=\"section\">\n\t\t\t\t\t\t<div class=\"elementor-container elementor-column-gap-default\">\n\t\t\t\t\t<div class=\"elementor-column elementor-col-100 elementor-top-column elementor-element elementor-element-2bb5319\" data-id=\"2bb5319\" data-element_type=\"column\" data-e-type=\"column\">\n\t\t\t<div class=\"elementor-widget-wrap elementor-element-populated\">\n\t\t\t\t\t\t<div class=\"elementor-element elementor-element-646768e elementor-widget elementor-widget-text-editor\" data-id=\"646768e\" data-element_type=\"widget\" data-e-type=\"widget\" data-widget_type=\"text-editor.default\">\n\t\t\t\t<div class=\"elementor-widget-container\">\n\t\t\t\t\t\t\t\t\t<a id=\"r-mitglieder\" href=\"javascript:history.back()\">&lt;&lt;<\/a>\t\t\t\t\t\t\t\t<\/div>\n\t\t\t\t<\/div>\n\t\t\t\t\t<\/div>\n\t\t<\/div>\n\t\t\t\t\t<\/div>\n\t\t<\/section>\n\t\t\t\t<section class=\"elementor-section elementor-top-section elementor-element elementor-element-c36d764 elementor-section-boxed elementor-section-height-default elementor-section-height-default\" data-id=\"c36d764\" data-element_type=\"section\" data-e-type=\"section\">\n\t\t\t\t\t\t<div class=\"elementor-container elementor-column-gap-default\">\n\t\t\t\t\t<div class=\"elementor-column elementor-col-100 elementor-top-column elementor-element elementor-element-93f9922\" data-id=\"93f9922\" data-element_type=\"column\" data-e-type=\"column\">\n\t\t\t<div class=\"elementor-widget-wrap elementor-element-populated\">\n\t\t\t\t\t\t<div class=\"elementor-element elementor-element-68a7be7 elementor-widget elementor-widget-heading\" data-id=\"68a7be7\" data-element_type=\"widget\" data-e-type=\"widget\" data-widget_type=\"heading.default\">\n\t\t\t\t<div class=\"elementor-widget-container\">\n\t\t\t\t\t<h2 class=\"elementor-heading-title elementor-size-default\">Albert Breier<\/h2>\t\t\t\t<\/div>\n\t\t\t\t<\/div>\n\t\t\t\t\t<\/div>\n\t\t<\/div>\n\t\t\t\t\t<\/div>\n\t\t<\/section>\n\t\t\t\t<section class=\"elementor-section elementor-top-section elementor-element elementor-element-79af510 elementor-section-boxed elementor-section-height-default elementor-section-height-default\" data-id=\"79af510\" data-element_type=\"section\" data-e-type=\"section\">\n\t\t\t\t\t\t<div class=\"elementor-container elementor-column-gap-default\">\n\t\t\t\t\t<div class=\"elementor-column elementor-col-33 elementor-top-column elementor-element elementor-element-4d0384b\" data-id=\"4d0384b\" data-element_type=\"column\" data-e-type=\"column\">\n\t\t\t<div class=\"elementor-widget-wrap elementor-element-populated\">\n\t\t\t\t\t\t<div class=\"elementor-element elementor-element-55c8c54 elementor-widget elementor-widget-image\" data-id=\"55c8c54\" data-element_type=\"widget\" data-e-type=\"widget\" data-widget_type=\"image.default\">\n\t\t\t\t<div class=\"elementor-widget-container\">\n\t\t\t\t\t\t\t\t\t\t\t\t<figure class=\"wp-caption\">\n\t\t\t\t\t\t\t\t\t\t<img fetchpriority=\"high\" decoding=\"async\" width=\"380\" height=\"451\" src=\"https:\/\/www.neue-musik-brandenburg.de\/wp-content\/uploads\/2022\/02\/ALBERT-BREIER.jpg\" class=\"attachment-large size-large wp-image-2063\" alt=\"\" srcset=\"https:\/\/www.neue-musik-brandenburg.de\/wp-content\/uploads\/2022\/02\/ALBERT-BREIER.jpg 380w, https:\/\/www.neue-musik-brandenburg.de\/wp-content\/uploads\/2022\/02\/ALBERT-BREIER-253x300.jpg 253w\" sizes=\"(max-width: 380px) 100vw, 380px\" \/>\t\t\t\t\t\t\t\t\t\t\t<figcaption class=\"widget-image-caption wp-caption-text\">Foto: privat<\/figcaption>\n\t\t\t\t\t\t\t\t\t\t<\/figure>\n\t\t\t\t\t\t\t\t\t<\/div>\n\t\t\t\t<\/div>\n\t\t\t\t\t<\/div>\n\t\t<\/div>\n\t\t\t\t<div class=\"elementor-column elementor-col-33 elementor-top-column elementor-element elementor-element-41df22e\" data-id=\"41df22e\" data-element_type=\"column\" data-e-type=\"column\">\n\t\t\t<div class=\"elementor-widget-wrap\">\n\t\t\t\t\t\t\t<\/div>\n\t\t<\/div>\n\t\t\t\t<div class=\"elementor-column elementor-col-33 elementor-top-column elementor-element elementor-element-8c1ec10\" data-id=\"8c1ec10\" data-element_type=\"column\" data-e-type=\"column\">\n\t\t\t<div class=\"elementor-widget-wrap elementor-element-populated\">\n\t\t\t\t\t\t<div class=\"elementor-element elementor-element-8f956e3 elementor-widget elementor-widget-text-editor\" data-id=\"8f956e3\" data-element_type=\"widget\" data-e-type=\"widget\" data-widget_type=\"text-editor.default\">\n\t\t\t\t<div class=\"elementor-widget-container\">\n\t\t\t\t\t\t\t\t\t<div class=\"page\" style=\"caret-color: #000000; color: #000000; font-style: normal; font-variant-caps: normal;\" title=\"Page 17\"><div class=\"section\"><div class=\"layoutArea\"><div class=\"column\"><div class=\"page\" title=\"Page 17\"><div class=\"section\"><div class=\"layoutArea\"><div class=\"column\"><div class=\"page\" title=\"Page 17\"><div class=\"section\"><div class=\"layoutArea\"><div class=\"column\"><div class=\"column\"><p>Geboren 1961 in Paderborn. Fr\u00fch Klavierunterricht und erste Kompositionsversuche. 1979 \u2013 1987 Studienjahre in K\u00f6ln, Hamburg, L\u00fcbeck und Wien: Komposition, Klavier, Philosophie, Musikwissenschaft. 1984 Teilnahme an den Darmst\u00e4dter Ferienkursen, dort pr\u00e4gender Eindruck der Musik Morton Feldmans. 1993 Umzug nach Berlin, Auftritte als Pianist, CD-Ver\u00f6ffentlichungen. Umfassendes Studium der klassischen chinesischen Landschaftsmalerei, vor allem ihrer Zeitstruktur. Damit zusammenh\u00e4ngend weiterreichende kulturtheoretische \u00dcberlegungen. Fortsetzung des bereits in K\u00f6ln\u00a0begonnenen Studiums der Vokalpolyphonie des 15. Jahrhunderts, vor allem der Musik Johannes Ockeghems. Besch\u00e4ftigung mit den Musiktraditionen Russlands und Georgiens. Entstehung zahlreicher Kammermusikwerke. Seit 1998\u00a0Entwicklung und praktische Erprobung einer neuen Notationsweise. 2001 Umzug nach Potsdam.<\/p><p>2002 erscheint das Buch Die Zeit des Sehens und der Raum des H\u00f6rens. Ein Versuch \u00fcber chinesische Malerei und europ\u00e4ische Musik. T\u00e4tigkeit als Essayist und Rezensent; Vortr\u00e4ge. Vokalmusik, vor allem f\u00fcr Chor a cappella, Orchesterwerke. 2013 Stipendiat der Deutschen Akademie Villa Massimo in der Casa Baldi. 2014 Umzug nach Dresden. Publikation zweier B\u00fccher: Zahl und Moral. Ein Entwurf (Passagen Verlag, Wien) und Walter Zimmermann. Nomade in den Zeiten (Wolke Verlag, Hofheim). Arbeit an einem weiteren Buchprojekt \u00fcber die deutsche Dichtung der ersten H\u00e4lfte des 20. Jahrhunderts. Seit 2019 wieder in Berlin.<\/p><\/div><\/div><\/div><\/div><\/div><\/div><\/div><\/div><\/div><\/div><\/div><\/div><\/div>\t\t\t\t\t\t\t\t<\/div>\n\t\t\t\t<\/div>\n\t\t\t\t\t<\/div>\n\t\t<\/div>\n\t\t\t\t\t<\/div>\n\t\t<\/section>\n\t\t\t\t<section class=\"elementor-section elementor-top-section elementor-element elementor-element-84257c7 elementor-section-boxed elementor-section-height-default elementor-section-height-default\" data-id=\"84257c7\" data-element_type=\"section\" data-e-type=\"section\">\n\t\t\t\t\t\t<div class=\"elementor-container elementor-column-gap-default\">\n\t\t\t\t\t<div class=\"elementor-column elementor-col-100 elementor-top-column elementor-element elementor-element-b0dd4fa\" data-id=\"b0dd4fa\" data-element_type=\"column\" data-e-type=\"column\">\n\t\t\t<div class=\"elementor-widget-wrap elementor-element-populated\">\n\t\t\t\t\t\t<div class=\"elementor-element elementor-element-262b54e elementor-widget elementor-widget-text-editor\" data-id=\"262b54e\" data-element_type=\"widget\" data-e-type=\"widget\" data-widget_type=\"text-editor.default\">\n\t\t\t\t<div class=\"elementor-widget-container\">\n\t\t\t\t\t\t\t\t\t<p>Immer noch schwebt das Tun des Komponisten zwischen Augenblick und Ewigkeit. Die Zeit l\u00e4uft ihm davon, und er der Zeit, aber f\u00fcr kurze Momente k\u00f6nnen sie sich treffen. Was ist neu? Das, was neu sein wird auch noch in der Zukunft, und st\u00fcnde es auf alten Notenbl\u00e4ttern. Was ich denke, kann auch von Anderen gedacht werden; was mir klingt, wird Klang f\u00fcr alle H\u00f6rer.<\/p><p>Ich schreibe: f\u00fcr Stimmen, immer. Die Musik wird das Gesungene bleiben, auch mit Instrumenten. Auch Sprache kann Melodie werden. Der Klang ist freundlich; er ist nicht das Universum. Geschriebenes schafft Dauer, und Sch\u00f6nheit \u2013 keine fl\u00fcchtige, einmal nicht. Trotzdem der Schmerz \u00fcber das Vergehen und Verwehen, das Behal- tenwollen. Wie lange noch?<\/p><p>Duos, Trios, Quartette \u2013 f\u00fcr fragende und antwortende Stimmen, f\u00fcr einsame, gemeinsame, verschlungene. Und das Orchester als Chor \u2013 und als Landschaft, mit Bergen, T\u00e4lern, Fl\u00fcssen, Wegen, Br\u00fccken. Hier und da eine Solostimme, die etwas wei\u00df. Geh\u00f6rt wird es oder nicht. Die Einheit wird nicht geschaffen, es gibt sie. Lauschen ist gut, und Deuten, aber besser ist die Klarheit.<\/p>\t\t\t\t\t\t\t\t<\/div>\n\t\t\t\t<\/div>\n\t\t\t\t\t<\/div>\n\t\t<\/div>\n\t\t\t\t\t<\/div>\n\t\t<\/section>\n\t\t\t\t<section class=\"elementor-section elementor-top-section elementor-element elementor-element-258ba0b elementor-section-boxed elementor-section-height-default elementor-section-height-default\" data-id=\"258ba0b\" data-element_type=\"section\" data-e-type=\"section\">\n\t\t\t\t\t\t<div class=\"elementor-container elementor-column-gap-default\">\n\t\t\t\t\t<div class=\"elementor-column elementor-col-100 elementor-top-column elementor-element elementor-element-93cb827\" data-id=\"93cb827\" data-element_type=\"column\" data-e-type=\"column\">\n\t\t\t<div class=\"elementor-widget-wrap elementor-element-populated\">\n\t\t\t\t\t\t<div class=\"elementor-element elementor-element-942de4f elementor-widget elementor-widget-text-editor\" data-id=\"942de4f\" data-element_type=\"widget\" data-e-type=\"widget\" data-widget_type=\"text-editor.default\">\n\t\t\t\t<div class=\"elementor-widget-container\">\n\t\t\t\t\t\t\t\t\t<a href=\"https:\/\/www.albert-breier.de\" target=\"_blank\" rel=\"noopener\">www.albert-breier.de<span class=\"hu-external\"><\/span><\/a>\t\t\t\t\t\t\t\t<\/div>\n\t\t\t\t<\/div>\n\t\t\t\t\t<\/div>\n\t\t<\/div>\n\t\t\t\t\t<\/div>\n\t\t<\/section>\n\t\t\t\t<\/div>\n\t\t","protected":false},"excerpt":{"rendered":"<p>&lt;&lt; Albert Breier Foto: privat Geboren 1961 in Paderborn. Fr\u00fch Klavierunterricht und erste Kompositionsversuche. 1979 \u2013 1987 Studienjahre in K\u00f6ln, Hamburg, L\u00fcbeck und Wien: Komposition, Klavier, Philosophie, Musikwissenschaft. 1984 Teilnahme an den Darmst\u00e4dter Ferienkursen,&#46;&#46;&#46;<\/p>\n","protected":false},"author":3,"featured_media":0,"parent":0,"menu_order":2,"comment_status":"closed","ping_status":"closed","template":"","meta":{"_custom_body_class":"","_custom_post_class":"","footnotes":""},"class_list":["post-2608","page","type-page","status-publish","hentry"],"translation":{"provider":"WPGlobus","version":"3.0.2","language":"en","enabled_languages":["de","en"],"languages":{"de":{"title":true,"content":true,"excerpt":false},"en":{"title":true,"content":false,"excerpt":false}}},"_links":{"self":[{"href":"https:\/\/www.neue-musik-brandenburg.de\/en\/wp-json\/wp\/v2\/pages\/2608","targetHints":{"allow":["GET"]}}],"collection":[{"href":"https:\/\/www.neue-musik-brandenburg.de\/en\/wp-json\/wp\/v2\/pages"}],"about":[{"href":"https:\/\/www.neue-musik-brandenburg.de\/en\/wp-json\/wp\/v2\/types\/page"}],"author":[{"embeddable":true,"href":"https:\/\/www.neue-musik-brandenburg.de\/en\/wp-json\/wp\/v2\/users\/3"}],"replies":[{"embeddable":true,"href":"https:\/\/www.neue-musik-brandenburg.de\/en\/wp-json\/wp\/v2\/comments?post=2608"}],"version-history":[{"count":143,"href":"https:\/\/www.neue-musik-brandenburg.de\/en\/wp-json\/wp\/v2\/pages\/2608\/revisions"}],"predecessor-version":[{"id":5306,"href":"https:\/\/www.neue-musik-brandenburg.de\/en\/wp-json\/wp\/v2\/pages\/2608\/revisions\/5306"}],"wp:attachment":[{"href":"https:\/\/www.neue-musik-brandenburg.de\/en\/wp-json\/wp\/v2\/media?parent=2608"}],"curies":[{"name":"wp","href":"https:\/\/api.w.org\/{rel}","templated":true}]}}