{"id":5668,"date":"2022-02-27T08:34:45","date_gmt":"2022-02-27T08:34:45","guid":{"rendered":"http:\/\/neue-musik-brandenburg.multisensoriale.de\/?page_id=5668"},"modified":"2023-10-12T07:16:03","modified_gmt":"2023-10-12T07:16:03","slug":"konzerte-2020","status":"publish","type":"page","link":"https:\/\/www.neue-musik-brandenburg.de\/en\/konzerte-2020\/","title":{"rendered":"Concerts 2020"},"content":{"rendered":"\n<a id=\"r-mitglieder\" href=\"javascript:history.back()\">&lt;&lt;<\/a>\n\n\n\n<h2 class=\"wp-block-heading has-pale-cyan-blue-color has-text-color\">Konzerte 2020<\/h2>\n\n\n\n<hr class=\"wp-block-separator has-css-opacity is-style-default\"\/>\n\n\n\n<h1 class=\"wp-block-heading has-pale-cyan-blue-color has-text-color\" id=\"intersonanzen-2002\">intersonanzen 2020<\/h1>\n\n\n\n<p><\/p>\n\n\n\n<figure class=\"wp-block-image is-resized\"><img fetchpriority=\"high\" decoding=\"async\" src=\"https:\/\/www.neue-musik-brandenburg.de\/wp-content\/uploads\/2021\/12\/intersonanzen2020.jpg\" alt=\"inters graphik mit rand\" style=\"width:502px;height:355px\" width=\"502\" height=\"355\"\/><\/figure>\n\n\n\n<h3 class=\"wp-block-heading\"><strong>VER\u00d6FFENTLICHUNGEN \/ PRESSE<\/strong><\/h3>\n\n\n\n<p><a href=\"https:\/\/www.neue-musik-brandenburg.de\/wp-content\/uploads\/2022\/03\/pdf\/03.8.2020 LMRB Auf dem Weg YouTube.pdf\" target=\"_blank\" rel=\"noreferrer noopener\">03.07.2020 LMRB Auf dem Weg YouTube<span class=\"hu-external\"><\/a><\/p>\n\n\n\n<p><a href=\"https:\/\/www.neue-musik-brandenburg.de\/wp-content\/uploads\/2022\/03\/pdf\/07.8.2020 Hashtag-Konzert Warschau.pdf\" target=\"_blank\" rel=\"noreferrer noopener\">07.08.2020 WSM Hashtag Ensemble Warschau<span class=\"hu-external\"><\/a><\/p>\n\n\n\n<p><a href=\"https:\/\/www.neue-musik-brandenburg.de\/wp-content\/uploads\/2022\/03\/pdf\/pdf\/15.7.2020 kulturfeste intersonanzen 2020.pdf\" target=\"_blank\" rel=\"noreferrer noopener\">15.07.2020 Kulturfeste intersonanzen 2020<span class=\"hu-external\"><\/a><\/p>\n\n\n\n<p><a href=\"https:\/\/www.neue-musik-brandenburg.de\/wp-content\/uploads\/2022\/03\/pdf\/11.8.2020 Der Potsdamer intersonanzen 2020.pdf\" target=\"_blank\" rel=\"noreferrer noopener\">11.08.2020 Der Potsdamer intersonanzen 2020<span class=\"hu-external\"><\/a><\/p>\n\n\n\n<p><a href=\"https:\/\/www.neue-musik-brandenburg.de\/wp-content\/uploads\/2022\/03\/audio\/14.8.2020%20Trailer RBB - intersonanzen.mp3\" target=\"_blank\" rel=\"noreferrer noopener\">14.-24.8.2020 RBB Trailer intersonanzen 2020&nbsp;<strong>anh\u00f6ren<\/strong><span class=\"hu-external\"><\/a><\/p>\n\n\n\n<p><a href=\"https:\/\/www.neue-musik-brandenburg.de\/wp-content\/uploads\/2022\/03\/pdf\/14.8.2020 intersonanzen_IN_POTSDAM.pdf\" target=\"_blank\" rel=\"noreferrer noopener\">14.08.2020 intersonanzen_IN_POTSDAM<span class=\"hu-external\"><\/a><\/p>\n\n\n\n<p><a href=\"https:\/\/www.neue-musik-brandenburg.de\/wp-content\/uploads\/2022\/03\/pdf\/15.8.2020 RBB-Kulturradio.pdf\" target=\"_blank\" rel=\"noreferrer noopener\">15.08.2020 RBB am Mittag Interview RBB-Kulturradio<span class=\"hu-external\"><\/a>&nbsp; <a href=\"https:\/\/www.neue-musik-brandenburg.de\/wp-content\/uploads\/2022\/03\/audio\/_Interview-rbb-kultur-Thomas Gerwin-15.8.2020.mp3\" target=\"_blank\" rel=\"noreferrer noopener\"><strong>anh\u00f6ren<\/strong><span class=\"hu-external\"><\/a><\/p>\n\n\n\n<p><a href=\"https:\/\/www.neue-musik-brandenburg.de\/wp-content\/uploads\/2022\/03\/pdf\/15.8.2020 nmz intersonanzen 2020.pdf\" target=\"_blank\" rel=\"noreferrer noopener\">15.08.2020 nmz intersonanzen 2020<span class=\"hu-external\"><\/a><\/p>\n\n\n\n<p><a href=\"https:\/\/www.neue-musik-brandenburg.de\/wp-content\/uploads\/2022\/03\/pdf\/18.8.2020 PNN Jubil\u00e4um Potsdams Festival f\u00fcr neue Musik wird 20.pdf\" target=\"_blank\" rel=\"noreferrer noopener\">18.08.2020 PNN Jubil\u00e4um Potsdams Festival f\u00fcr neue Musik wird 20<span class=\"hu-external\"><\/a><\/p>\n\n\n\n<p><a href=\"https:\/\/www.neue-musik-brandenburg.de\/wp-content\/uploads\/2022\/03\/\/audio\/_rbbKultur Aug. 2020 Gespr\u00e4ch mit Christina Kubisch.mp3\" target=\"_blank\" rel=\"noreferrer noopener\">19.08.2020 Musikland Brandenburg RBB-Kulturradio <strong>anh\u00f6ren<\/strong><span class=\"hu-external\"><\/a><\/p>\n\n\n\n<p><a href=\"https:\/\/www.neue-musik-brandenburg.de\/wp-content\/uploads\/2022\/03\/pdf\/20.8.2020 MAZ klein.pdf\" target=\"_blank\" rel=\"noreferrer noopener\">20.08.2020 M\u00e4rkische Allgemeine Zeitung<span class=\"hu-external\"><\/a><\/p>\n\n\n\n<p><a href=\"https:\/\/www.neue-musik-brandenburg.de\/wp-content\/uploads\/2022\/03\/pdf\/20.8.2020 Einladung PNN Leseraktion.pdf\" target=\"_blank\" rel=\"noreferrer noopener\">20.08.2020 Einladung PNN Leseraktion<span class=\"hu-external\"><\/a><\/p>\n\n\n\n<p><a href=\"https:\/\/www.neue-musik-brandenburg.de\/wp-content\/uploads\/2022\/03\/pdf\/20.8.2020 MWFK Musikfestival Intersonanzen.pdf\" target=\"_blank\" rel=\"noreferrer noopener\">20.08.2020 MWFK Musikfestival Intersonanzen<span class=\"hu-external\"><\/a><\/p>\n\n\n\n<p><a href=\"https:\/\/www.neue-musik-brandenburg.de\/wp-content\/uploads\/2022\/03\/pdf\/20.8.2020 PNN Potsdam HEUTE.pdf\" target=\"_blank\" rel=\"noreferrer noopener\">20.08.2020 PNN Potsdam HEUTE<span class=\"hu-external\"><\/a><\/p>\n\n\n\n<p><a href=\"https:\/\/www.neue-musik-brandenburg.de\/wp-content\/uploads\/2022\/03\/pdf\/20.8.2020 PNN Titelseite klein.pdf\" target=\"_blank\" rel=\"noreferrer noopener\">20.08.2020 PNN Titelseite klein<span class=\"hu-external\"><\/a><\/p>\n\n\n\n<p><a href=\"https:\/\/www.neue-musik-brandenburg.de\/wp-content\/uploads\/2022\/03\/pdf\/21.8.2020 miz intersonanzen 2020.pdf\" target=\"_blank\" rel=\"noreferrer noopener\">21.08.2020 Musikinformationszentrum intersonanzen 2020<span class=\"hu-external\"><\/a><\/p>\n\n\n\n<p><a href=\"https:\/\/www.neue-musik-brandenburg.de\/wp-content\/uploads\/2022\/03\/pdf\/22.8.2020 Landtag BB.pdf\" target=\"_blank\" rel=\"noreferrer noopener\">22.08.2020 Landtag BB<span class=\"hu-external\"><\/a><\/p>\n\n\n\n<p><a href=\"https:\/\/www.neue-musik-brandenburg.de\/wp-content\/uploads\/2022\/03\/pdf\/23.8.2020 Facebook intersonanzen 2020.pdf\" target=\"_blank\" rel=\"noreferrer noopener\">23.08.2020 Facebook intersonanzen 2020<span class=\"hu-external\"><\/a><\/p>\n\n\n\n<p><a href=\"https:\/\/www.neue-musik-brandenburg.de\/wp-content\/uploads\/2022\/03\/pdf\/24.8.2020 PNN Lauschen am Stromkasten.pdf\" target=\"_blank\" rel=\"noreferrer noopener\">24.08.2020 PNN Lauschen am Stromkasten<span class=\"hu-external\"><\/a><\/p>\n\n\n\n<p><a href=\"https:\/\/www.neue-musik-brandenburg.de\/wp-content\/uploads\/2022\/03\/pdf\/31.8.2020 Gazette Neue Musik in NRW.pdf\" target=\"_blank\" rel=\"noreferrer noopener\">31.08.2020 Gazette Neue Musik in NRW<span class=\"hu-external\"><\/a><\/p>\n\n\n\n<p><a href=\"https:\/\/www.neue-musik-brandenburg.de\/wp-content\/uploads\/2022\/03\/pdf\/14.10.2020 Br\u00fcckenkonzert devotioModerna Plakat.pdf\" target=\"_blank\" rel=\"noreferrer noopener\">14.10.2020 Facebook\/Internet Festivalul International Editia XXIX, 2020, Chisinau<span class=\"hu-external\"><\/a><\/p>\n\n\n\n<p><a href=\"https:\/\/www.neue-musik-brandenburg.de\/wp-content\/uploads\/2022\/03\/pdf\/24.10.2020 Deutschlandfunk Atelier Neuer Musik 20 Jahre intersonanzen.pdf\" target=\"_blank\" rel=\"noreferrer noopener\">24.10.2020 Deutschlandfunk Atelier Neuer Musik 20 intersonanzen<span class=\"hu-external\"><\/a><\/p>\n\n\n\n<p><\/p>\n\n\n\n<p><\/p>\n\n\n\n<p>__________________________________________________________________________________________________________<\/p>\n\n\n\n<p><strong>WEG<\/strong>_ASPEKT:DISKURS<\/p>\n\n\n\n<p>Ein Weg f\u00fchrt von einer Position zu einer anderen, er dauert eine gewisse Zeit. Manchmal ist das Ziel klar definiert (dann kann es auch Umwege dorthin geben), manchmal ist das Ziel noch offen und ergibt sich erst auf dem oder sogar durch den Weg. Musik erschafft Klangwege durch die Zeit.<\/p>\n\n\n\n<p>Die <strong>intersonanzen<\/strong> <strong>2020<\/strong> bespielen und untersuchen vielf\u00e4ltige Wege und Aspekte einer offenen und vitalen Kunstform in Brandenburg: der Neuen Musik. Wichtigstes Ziel des Festivals in seinem Jubil\u00e4umsjahr ist dabei, die Musikschaffenden mit dem Publikum, mit Experten \u2013 und besonders auch miteinander ins Gespr\u00e4ch zu bringen und so den Diskurs aktueller Entwicklungen zu f\u00f6rdern. Dabei werden bestimmte Weg-Aspekte durch renommierte Ensembles und Solist*innen reizvoll pointiert in den Fokus ger\u00fcckt:<\/p>\n\n\n\n<p><strong>Der Weg der musikalischen Idee von ihrer Entstehung bis zum Erklingen<\/strong><\/p>\n\n\n\n<p>&#8211; klassisch ausnotiert (Materialstand, Struktur, Transformationen der musikalischen Idee durch das&nbsp; Notieren sowie die Kommunikation mit und die Interpretation durch die Auff\u00fchrenden)<\/p>\n\n\n\n<p>&#8211; nach Konzept kreiert (verbale Anweisungen, graphische Notation, Vorgabe von Bedingungen)<\/p>\n\n\n\n<p>&#8211; frei improvisiert (in Interaktion mit anderen erfunden und stetig so offen weitergef\u00fchrt)<\/p>\n\n\n\n<p>&#8211; heterogene Wege eines interdisziplin\u00e4ren Werks (Konzept, Struktur, Material)<\/p>\n\n\n\n<p><strong>Der Weg des Klangs vom Instrument in das Bewusstsein der H\u00f6renden<\/strong><\/p>\n\n\n\n<p>&#8211; Aspekte der Instrumente bzw. elektroakustischer Klangerzeuger (z.B. Lautsprecher) im Raum<\/p>\n\n\n\n<p>&#8211; Raumakustik, Klang-Architektur (Weg der Klangwellen durch den Raum)<\/p>\n\n\n\n<p>&#8211; Wie funktioniert musikalisches H\u00f6ren? (Beitr\u00e4ge zur Wahrnehmungsforschung)<\/p>\n\n\n\n<p>&#8211; Rezeptionskonzepte (interdisziplin\u00e4r, autonomes Werk versus site specific, soziologisch)<\/p>\n\n\n\n<p>&#8211; Dekodierung und Interpretation der vom Ohr aufgenommenen Reize im Gehirn (H\u00f6rpsychologie)<\/p>\n\n\n\n<p><strong>Begleitende Informationen<\/strong><\/p>\n\n\n\n<p>&#8211; Arten der textlichen oder visuellen Werkbegleitung (Werktitel, Programmhefttext, Schrifttafeln etc.)<\/p>\n\n\n\n<p>&#8211; Wie Wissen \u00fcber das Werk die Wahrnehmung ver\u00e4ndert (Wecken von Erwartungen, Ankn\u00fcpfen an Erfahrung, Vertiefen\/Intensivieren, Meta-Ebene, Ironie, \u201eeine falsche F\u00e4hrte legen\u201c etc.)<\/p>\n\n\n\n<p><strong>Weg als Bestandteil der Inszenierung<\/strong><\/p>\n\n\n\n<p>&#8211; bewegte H\u00f6rer, wandernde Kl\u00e4nge, Musiker_innen im Raum, elektroakustische Mehrkanalmusik<\/p>\n\n\n\n<p>&#8211; \u201aElectrical Walks\u2018 von Christina Kubisch erschlie\u00dfen die Stadt elektromagnetisch\/musikalisch<\/p>\n\n\n\n<p>&#8211; Ensemble oder Klanginstallation als Landschaft (Aktivit\u00e4t &#8211; Interaktivit\u00e4t)<\/p>\n\n\n\n<p>&#8211; Soundwalk<\/p>\n\n\n\n<p><strong>Wege zum Publikum<\/strong><\/p>\n\n\n\n<p>&#8211; Neue Musik als vielf\u00e4ltige und h\u00f6rerfreundliche Spielart aktuellen Musikschaffens, pr\u00e4sentiert im 5-t\u00e4gigen Festival sowie nachhaltig in einer neuen Konzertreihe beginnend im Oktober 2020<\/p>\n\n\n\n<p><strong>Der Weg der intersonanzen<\/strong><\/p>\n\n\n\n<p>&#8211; Jubil\u00e4um 2000-2020: Anf\u00e4nge, Auspr\u00e4gungen, Entwicklungen fr\u00fcher und heute, Ziele<\/p>\n\n\n\n<p><strong>Wege der Geschichte<\/strong><\/p>\n\n\n\n<p>&#8211; Musikgeschichte als Weg und Umweg\/ Entwicklungen der Neuen Musik im 21. Jahrhundert<\/p>\n\n\n\n<p>&#8211; Lebenswege von musikalisch Kulturschaffenden in Ost und West<\/p>\n\n\n\n<p>Multiplen Wegen des Klangs auf vielerlei Weise folgend, entsteht im Kunsthaus sans titre und in der Potsdamer Innenstadt aus Konzerten, der Begleit-Ausstellung, experimentellem Musiktheater, Workshop, Symposium und Soundwalk sowie zahlreichen K\u00fcnstler-Gespr\u00e4chen ein anregender Programm-Parcours durch wichtige k\u00fcnstlerische Ans\u00e4tze aktueller klingender Kunst &#8211; der nicht nur die Fachleute, sondern vor allem ein offenes und neugieriges Publikum ansprechen m\u00f6chte.<\/p>\n\n\n\n<p><strong><em>Thomas Gerwin<\/em><\/strong> &nbsp;K\u00fcnstlerischer Leiter<\/p>\n\n\n\n<p><strong>Das Festival findet entspannt &#8211; und gleichzeitig corona-bedingt mit konsequenten Sicherheits- und Hygienevorkehrungen (AHA-Regeln) statt. Bitte melden Sie sich vorher auf <a href=\"mailto:info@neue-musik-brandenburg.de\">info@neue-musik-brandenburg.de<\/a> an und bringen Sie eine Mund-Nase-Bedeckung mit.<\/strong><\/p>\n\n\n\n<p><strong>! Alle Veranstaltungen werden zus\u00e4tzlich nach draussen \u00fcbertragen, damit die Besucher*innen auf Wunsch die Konzerte auch im Freien erleben k\u00f6nnen. Auch daf\u00fcr muss eine Reservierung erfolgen.<\/strong><\/p>\n\n\n\n<p><strong>PROGRAMM &nbsp;<\/strong>&nbsp;&nbsp;&nbsp;&nbsp;&nbsp;&nbsp;&nbsp;&nbsp;&nbsp;&nbsp;&nbsp;&nbsp;&nbsp;&nbsp;&nbsp;&nbsp;&nbsp;&nbsp;&nbsp;&nbsp;&nbsp;&nbsp;&nbsp;&nbsp;&nbsp;&nbsp;&nbsp;&nbsp;&nbsp;&nbsp;&nbsp;&nbsp;&nbsp;&nbsp;&nbsp;&nbsp;&nbsp;&nbsp;&nbsp;&nbsp;&nbsp;&nbsp;&nbsp;&nbsp;&nbsp;&nbsp;&nbsp;&nbsp;&nbsp;&nbsp;&nbsp;&nbsp;&nbsp;&nbsp;&nbsp;&nbsp;&nbsp;&nbsp;&nbsp;&nbsp;&nbsp;&nbsp;&nbsp;&nbsp;&nbsp;&nbsp;&nbsp;&nbsp;&nbsp;&nbsp;&nbsp;&nbsp;&nbsp;&nbsp;&nbsp;&nbsp;&nbsp;&nbsp;&nbsp;&nbsp;&nbsp;&nbsp;&nbsp;&nbsp;&nbsp;&nbsp;&nbsp;&nbsp;&nbsp;&nbsp;&nbsp;&nbsp;&nbsp;&nbsp;&nbsp;&nbsp;&nbsp;&nbsp;&nbsp;&nbsp;&nbsp;&nbsp;&nbsp;&nbsp;&nbsp;&nbsp;&nbsp;&nbsp;&nbsp;&nbsp;&nbsp;&nbsp;&nbsp;&nbsp;&nbsp;&nbsp;&nbsp;&nbsp;&nbsp;&nbsp;&nbsp;&nbsp;&nbsp;&nbsp;&nbsp;&nbsp;<\/p>\n\n\n\n<p><strong>Do 20. August<\/strong><\/p>\n\n\n\n<p>18:00-19:00 [01]&nbsp; Pr\u00e4ludium \u201e<strong>Electrical Experiences\u201c <\/strong>\/ kleine <strong>Ausstellungsf\u00fchrungen<\/strong> \/<strong> Aktionen<\/strong>&nbsp; &gt; Kunsthaus aussen und innen<\/p>\n\n\n\n<p>Werke von Julia Deppert-Lang, Sabine Vogel UA, Hermann Keller, Biliana Voutchkova UA<\/p>\n\n\n\n<p>19:00-19:45 [02]&nbsp; Er\u00f6ffnung \/ Gru\u00dfworte \/<strong> Biliana Voutchkova <\/strong>&nbsp;vl solo (Instrument d. Jahres)&nbsp; &gt; Oben\/Saal<\/p>\n\n\n\n<p>Werke von Irina Emeliantseva UA, Benjamin Lang UA, Gabriel Iranyi<\/p>\n\n\n\n<p>20:00-21:30 [03]&nbsp; Konzert <strong>\u201emodern art ensemble\u201c<\/strong> sopr, fl, klar, vl, vla, vc, p&nbsp; &gt; Unten<\/p>\n\n\n\n<p>Werke von Thomas Gerwin (Neufassung) UA, Johannes Hildebrandt UA, Andreas Staffel UA, Alex Nowitz (Neufassung) UA, Volker Freidel UA, Stefan Lienenk\u00e4mper UA, Walter Zimmermann<\/p>\n\n\n\n<p>21:30-22:15 [04a] <strong><em>Diskurs<\/em><\/strong>&nbsp; &gt; Unten<\/p>\n\n\n\n<p><strong>Fr 21. August<\/strong><\/p>\n\n\n\n<p>19:00-20:00 [05]&nbsp; Konzert <strong>\u201eBVNM ad hoc Ensemble\u201c<\/strong> s\/voc, vl\/vla, b\/elec\/obj, kb, p&nbsp; &gt; Unten<\/p>\n\n\n\n<p>Freie Musik und Instant compositions mit Katia Guedes, Sopran \/ Susanne Stelzenbach, Klavier \/ Sabine Vogel, Fl\u00f6ten+Objekte \/ Thomas Gerwin, Pr\u00e4pariertes Banjo+Objektperkussion+Elektronik \/ Robin Hayward, Tuba \/ Henry Mex, Kontrabass \/ &nbsp;Alex Nowitz, Stimme \/ Dietrich Petzold, Violine+Viola<\/p>\n\n\n\n<p>20:15-21:30 [06]&nbsp; Konzert <strong>\u201eHashtag Ensemble\u201c<\/strong> (Warschau) fl, klar\/bklar, vl, vc , elektr&nbsp; &gt; Atelier<\/p>\n\n\n\n<p>Werke von Gisbert N\u00e4ther DE, Dariusz Przybylski &nbsp;DE, Thomas Gerwin DE, Jaroslaw Siwinski DE, Lothar Voigtl\u00e4nder DE, Alexandra Kaca DE, Jacek Domagala DE, Wojciech B\u0142a\u017cejczyk DE<\/p>\n\n\n\n<p>21:30-22:15 [04b] <strong><em>Diskurs<\/em><\/strong>&nbsp; &gt; Atelier<\/p>\n\n\n\n<p><strong>Sa 22. August<\/strong><\/p>\n\n\n\n<p>11:00-13:00 [07a]&nbsp;&nbsp;<strong>\u201eElectrical Walks\u201c <\/strong>mit F\u00fchrung von Christina Kubisch&nbsp; &gt; Kunsthaus aussen<\/p>\n\n\n\n<p>11:00-13:00 [08]&nbsp; Workshop&nbsp;<strong>&#8220;Komponiere jetzt!&#8221;<\/strong> (Ltg. Prof. Benjamin Lang)&nbsp; &gt; Unten<\/p>\n\n\n\n<p>f\u00fcr Teilnehmer*innen im Alter von 14-19 Jahren, bitte unter <a href=\"mailto:info@neue-musik-brandenburg.de\">info@neue-musik-brandenburg.de<\/a> anmelden.<\/p>\n\n\n\n<p>13:15-14:00 [04c] <strong><em>Diskurs<\/em><\/strong>&nbsp; &gt; Unten<\/p>\n\n\n\n<p>14:00-15:30 [09]&nbsp; Konzert <strong>\u201eEnsemble nusmido\u201c<\/strong> voc, voc\/bfl, voc\/traversfl, voc\/org\/fidel\/bfl&nbsp; &gt; Oben\/Saal<\/p>\n\n\n\n<p>Werke von John Cage, George Apergis, Ars subtilior, Susanne Stelzenbach, Guillaume de Machaut, Johannes Ockeghem, Gerhard R\u00fchm, Jan Cy\u017e<\/p>\n\n\n\n<p>15:30-16:00 [10]<strong>&nbsp; WEISS-RAUM<\/strong> Offhandopera von Reinhard Gagel und Ensemble&nbsp; &gt; Unten<\/p>\n\n\n\n<p>16:00-16:30 [11]&nbsp; Ausstellungsf\u00fchrung&nbsp;<strong>&#8220;Wege_&#8221;<\/strong> &gt; Obere Etage<\/p>\n\n\n\n<p>16:30-18:30 [12]&nbsp; Symposium<strong> 20 Jahre intersonanzen <\/strong>(Ltg. Prof. Dr. Ulrike Liedtke)&nbsp; &gt; Atelier<\/p>\n\n\n\n<p>19:00-20:15 [13]&nbsp; Konzert <strong>\u201eFukio Ensemble\u201c<\/strong> (K\u00f6ln) ssax, asax, tsax, barsax&nbsp; &gt; Oben\/Saal<\/p>\n\n\n\n<p>Werke von Helmut Zapf, Gordon Kampe, Giordano Bruno do Nascimento UA, Peter K\u00f6szeghy UA, Dimitri Schostakowitsch, Fabian L\u00e9vy, Henry Mex UA, Ralf Hoyer, Robin Hoffmann<\/p>\n\n\n\n<p>20:30-21:45 [14]&nbsp; Konzert <strong>\u201eEnsemble devotioModerna\u201d<\/strong> (Bukarest, Ltg. Carmen Carneci) fl, vl, vc, p&nbsp; &gt; Unten<\/p>\n\n\n\n<p>Werke von Carmen Maria Carneci, Dan Dediu, Calin Ioachimescu, Gabriel Iranyi, Albert Breier UA, Julia Deppert-Lang UA, Susanne Stelzenbach<\/p>\n\n\n\n<p>21:45-22:30 [04d] <strong><em>Diskurs<\/em><\/strong>&nbsp; &gt; Unten<\/p>\n\n\n\n<p><strong>So 23. August<\/strong><\/p>\n\n\n\n<p>10:00-11:30 [15]&nbsp; <strong>Soundwalk<\/strong> (Soundguide Dr. Michael Schenk)&nbsp; &gt; Kunsthaus aussen<\/p>\n\n\n\n<p>11:30-13:00 [07b]&nbsp;&nbsp;<strong>\u201eElectrical Walks\u201c <\/strong>mit F\u00fchrung von Christina Kubisch&nbsp; &gt; Kunsthaus aussen<\/p>\n\n\n\n<p>13:00-14:00 [16]&nbsp; H\u00f6rstunde\/Konzert <strong>\u201eI am sitting in a room\u201c<\/strong> Ars-Acustica-Klassiker von Alvin Lucier&nbsp; &gt; Atelier<\/p>\n\n\n\n<p>Werke von Alvin Lucier und Robin Hayward<\/p>\n\n\n\n<p>14:15-16:30 [17]&nbsp; Konzert <strong>\u201eKomponisten-Performer\u201c <\/strong>sopr, voc, fl, elektr\/vid, vl\/vla, kb, p&nbsp; &gt; Unten&nbsp;<\/p>\n\n\n\n<p>Werke von Christian Kozik (IE, p), Sergei Slonimsky (IE, p), Irina Emeliantseva UA, Katia Guedes (Neufassung) UA, Henry Mex UA, Lothar Voigtl\u00e4nder, Frank Petzold UA, Alex Nowitz UA, Hubert Kross, Dietrich Petzold UA, Andreas Staffel UA, Taymur Streng UA<\/p>\n\n\n\n<p>16:30-17:15 [04e] <strong><em>Diskurs<\/em><\/strong><strong>&nbsp; &gt; <\/strong>Unten<\/p>\n\n\n\n<p><strong>Mo 24. August<\/strong><\/p>\n\n\n\n<p>18:00-19:15 [18]&nbsp; Konzert <strong>\u201eJunges Ensemble Neue Musik\u201c <\/strong>Kooperation Verband der Musik- und Kunstschulen Brandenburg e.V. &gt; Kunsthaus Hof<\/p>\n\n\n\n<p>19:30-21:30 [19] &nbsp;Konzert <strong>\u201eEnsemble JungeMusik\u201c<\/strong> trp, pos, vla, kb, akk&nbsp; (Ltg. Helmut Zapf)&nbsp; &gt; Unten<\/p>\n\n\n\n<p>Werke von Martin Daske (Neufassung) UA, Taymur Streng UA, Fabian Blum UA, Frank Petzold UA, Ulrich Pogoda, Xuan Yao UA, &nbsp;Helmut Zapf, Samuel Tramin UA, Georg Katzer<\/p>\n\n\n\n<p>21:30-22:15 [04f] <strong><em>Diskurs<\/em><\/strong>&nbsp; &gt; Unten<\/p>\n\n\n\n<p><em>!! Das urspr\u00fcnglich geplante Konzert \u201eWerkstatt Neue Musik\u201c in Kooperation mit der St\u00e4dt. Musikschule Potsdam wurde corona-bedingt auf den Herbst verschoben !!<\/em><\/p>\n\n\n\n<p>[20] <strong>Partituren- und Klangkunst-Ausstellung<\/strong>&nbsp; &gt; Oberes Stockwerk und Kunsthaus aussen<\/p>\n\n\n\n<p>Partiturseiten der in den Konzerten gespielten Werke sowie Arbeiten von Martin Daske, Irina Emeliantseva, Thomas Gerwin, Ralf Hoyer, Christina Kubisch, Mikos Meininger, Hans-Karsten Raecke, Sabine Vogel, Sarah Jana Wilsky<\/p>\n\n\n\n<p>[21] <strong>Abschlu\u00dfkonzert \u201eCottbuser Musikherbst\u201c<\/strong>&nbsp; &gt; Cottbus<\/p>\n\n\n\n<p>Werke von Volker Freidel, Frank Petzold u.a.<\/p>\n\n\n\n<p><strong>\u201eElectrical Walks\u201c<\/strong>&nbsp; von Christina Kubisch&nbsp; &gt; Kunsthaus &#8211; Potsdamer Innenstadt<\/p>\n\n\n\n<p><em>(Do 18-19 einzeln \/ Fr 17-21 einzeln \/ <\/em><em>Sa 11-13 gef\u00fchrt + 13-21 einzeln \/ So 11:30-13 gef\u00fchrt + 13-21 einzeln \/ Mo 17-19 einzeln)<\/em><\/p>\n\n\n\n<p><strong><em>Diskurs<\/em><\/strong> &nbsp;[04a-f] ist ein t\u00e4gliches, ca. 45 min\u00fctiges, moderiertes Treffen mit am jeweiligen Konzerttag involvierten K\u00fcnstler_innen. Hier kann das Publikum die Kulturschaffenden im pers\u00f6nlichen Gespr\u00e4ch kennenlernen und sich auch selbst einbringen. \u00dcber diese neue Reihe ist eine Buchpublikation geplant.<\/p>\n\n\n\n<p>Das Konzept der \u201eBr\u00fccken-Konzerte\u201c wird 2020 weiter vertieft: Das \u201eFukio\u201c-Konzert erklingt auch in Eberswalde und K\u00f6ln, das Konzert des &#8220;Hashtag Ensembles&#8221; ebenfalls in Warschau, das von \u201edevotioModerna\u201c auch in Bukarest. Die Kooperation mit Partnerland \u00d6sterreich und das Konzert des \u201eMax-Brandt-Ensembles\u201c sind auf n\u00e4chstes Jahr verschoben worden. Weitere Br\u00fccken-Konzerte sind in Planung.<\/p>\n\n\n\n<p>intersonanzen-Team 2020:<\/p>\n\n\n\n<p>Konzertbetreuung: Jacek Domagala, Irina Emeliantseva, Volker Freidel, Ralf Hoyer, Dr. Gabriel Iranyi, Peter K\u00f6szeghy, Prof. Benjamin Lang, Dr. Bernhard Reichenbach; \u00d6A\/Ausstellungsmitarbeit: Sabine Vogel; Dokumentation: Mariya Boyanova <em>Foto<\/em>, Henry Mex <em>Video<\/em>, Dietrich Petzold <em>Audio<\/em>, Tontechnik: Hanna Weissgerber, Gesamtleitung: Thomas Gerwin<\/p>\n\n\n\n<p>Partnerl\u00e4nder: Polen und Rum\u00e4nien<\/p>\n\n\n\n<p><strong>Medienpartner:<\/strong> <\/p>\n\n\n\n<div class=\"wp-block-columns is-layout-flex wp-container-core-columns-is-layout-9d6595d7 wp-block-columns-is-layout-flex\">\n<div class=\"wp-block-column is-vertically-aligned-center is-layout-flow wp-block-column-is-layout-flow\"><div class=\"wp-block-image\">\n<figure class=\"aligncenter size-full is-resized\"><img decoding=\"async\" src=\"https:\/\/www.neue-musik-brandenburg.de\/wp-content\/uploads\/2021\/11\/Logo-RBB-klein.jpg\" alt=\"\" class=\"wp-image-362\" style=\"width:176px;height:46px\" width=\"176\" height=\"46\"\/><figcaption class=\"wp-element-caption\"><a rel=\"noreferrer noopener\" href=\"https:\/\/www.rbb-online.de\/rbbkultur\/\" target=\"_blank\">RBB Kulturradio<\/a> <\/figcaption><\/figure>\n<\/div><\/div>\n\n\n\n<div class=\"wp-block-column is-layout-flow wp-block-column-is-layout-flow\"><div class=\"wp-block-image\">\n<figure class=\"aligncenter size-full\"><img decoding=\"async\" width=\"484\" height=\"155\" src=\"https:\/\/www.neue-musik-brandenburg.de\/wp-content\/uploads\/2022\/03\/PNN_Zeitung_72dpi.png\" alt=\"\" class=\"wp-image-6176\" srcset=\"https:\/\/www.neue-musik-brandenburg.de\/wp-content\/uploads\/2022\/03\/PNN_Zeitung_72dpi.png 484w, https:\/\/www.neue-musik-brandenburg.de\/wp-content\/uploads\/2022\/03\/PNN_Zeitung_72dpi-300x96.png 300w\" sizes=\"(max-width: 484px) 100vw, 484px\" \/><figcaption class=\"wp-element-caption\"><a rel=\"noreferrer noopener\" href=\"https:\/\/www.pnn.de\/\" target=\"_blank\">Potsdamer Neueste Nachrichten<\/a><\/figcaption><\/figure>\n<\/div><\/div>\n\n\n\n<div class=\"wp-block-column is-layout-flow wp-block-column-is-layout-flow\"><\/div>\n\n\n\n<div class=\"wp-block-column is-layout-flow wp-block-column-is-layout-flow\"><\/div>\n\n\n\n<div class=\"wp-block-column is-layout-flow wp-block-column-is-layout-flow\"><\/div>\n<\/div>\n\n\n\n<p><strong>F\u00f6rderpartner:<\/strong> <\/p>\n\n\n\n<div class=\"wp-block-columns is-layout-flex wp-container-core-columns-is-layout-9d6595d7 wp-block-columns-is-layout-flex\">\n<div class=\"wp-block-column is-layout-flow wp-block-column-is-layout-flow\"><div class=\"wp-block-image\">\n<figure class=\"aligncenter size-full\"><img loading=\"lazy\" decoding=\"async\" width=\"984\" height=\"703\" src=\"https:\/\/www.neue-musik-brandenburg.de\/wp-content\/uploads\/2021\/12\/lg_mwfk.jpg\" alt=\"\" class=\"wp-image-515\" srcset=\"https:\/\/www.neue-musik-brandenburg.de\/wp-content\/uploads\/2021\/12\/lg_mwfk.jpg 984w, https:\/\/www.neue-musik-brandenburg.de\/wp-content\/uploads\/2021\/12\/lg_mwfk-300x214.jpg 300w, https:\/\/www.neue-musik-brandenburg.de\/wp-content\/uploads\/2021\/12\/lg_mwfk-768x549.jpg 768w\" sizes=\"(max-width: 984px) 100vw, 984px\" \/><figcaption class=\"wp-element-caption\"><a rel=\"noreferrer noopener\" href=\"https:\/\/mwfk.brandenburg.de\/mwfk\/de\/kultur\/\" target=\"_blank\">Land Brandenburg MWFK<\/a><\/figcaption><\/figure>\n<\/div><\/div>\n\n\n\n<div class=\"wp-block-column is-layout-flow wp-block-column-is-layout-flow\"><div class=\"wp-block-image\">\n<figure class=\"aligncenter size-full\"><img loading=\"lazy\" decoding=\"async\" width=\"984\" height=\"476\" src=\"https:\/\/www.neue-musik-brandenburg.de\/wp-content\/uploads\/2021\/12\/LHPgefoerdert_Logo_blau.jpg\" alt=\"\" class=\"wp-image-517\" srcset=\"https:\/\/www.neue-musik-brandenburg.de\/wp-content\/uploads\/2021\/12\/LHPgefoerdert_Logo_blau.jpg 984w, https:\/\/www.neue-musik-brandenburg.de\/wp-content\/uploads\/2021\/12\/LHPgefoerdert_Logo_blau-300x145.jpg 300w, https:\/\/www.neue-musik-brandenburg.de\/wp-content\/uploads\/2021\/12\/LHPgefoerdert_Logo_blau-768x372.jpg 768w\" sizes=\"(max-width: 984px) 100vw, 984px\" \/><figcaption class=\"wp-element-caption\"><a rel=\"noreferrer noopener\" href=\"http:\/\/www.potsdam.de\" target=\"_blank\">Landeshauptstadt Potsdam<\/a><\/figcaption><\/figure>\n<\/div><\/div>\n\n\n\n<div class=\"wp-block-column is-layout-flow wp-block-column-is-layout-flow\"><div class=\"wp-block-image\">\n<figure class=\"aligncenter size-full\"><img loading=\"lazy\" decoding=\"async\" width=\"984\" height=\"622\" src=\"https:\/\/www.neue-musik-brandenburg.de\/wp-content\/uploads\/2021\/12\/IP-Berlin_logo.jpg\" alt=\"\" class=\"wp-image-508\" srcset=\"https:\/\/www.neue-musik-brandenburg.de\/wp-content\/uploads\/2021\/12\/IP-Berlin_logo.jpg 984w, https:\/\/www.neue-musik-brandenburg.de\/wp-content\/uploads\/2021\/12\/IP-Berlin_logo-300x190.jpg 300w, https:\/\/www.neue-musik-brandenburg.de\/wp-content\/uploads\/2021\/12\/IP-Berlin_logo-768x485.jpg 768w\" sizes=\"(max-width: 984px) 100vw, 984px\" \/><figcaption class=\"wp-element-caption\"><a rel=\"noreferrer noopener\" href=\"http:\/\/http\/\/www.berlin.polnischekultur.de\/\" target=\"_blank\">Polnisches Institut Berlin<\/a><\/figcaption><\/figure>\n<\/div><\/div>\n\n\n\n<div class=\"wp-block-column is-layout-flow wp-block-column-is-layout-flow\"><div class=\"wp-block-image\">\n<figure class=\"aligncenter size-full is-resized\"><img loading=\"lazy\" decoding=\"async\" src=\"https:\/\/www.neue-musik-brandenburg.de\/wp-content\/uploads\/2021\/12\/image_list.jpg\" alt=\"\" class=\"wp-image-502\" style=\"width:105px;height:91px\" width=\"105\" height=\"91\" srcset=\"https:\/\/www.neue-musik-brandenburg.de\/wp-content\/uploads\/2021\/12\/image_list.jpg 984w, https:\/\/www.neue-musik-brandenburg.de\/wp-content\/uploads\/2021\/12\/image_list-300x262.jpg 300w, https:\/\/www.neue-musik-brandenburg.de\/wp-content\/uploads\/2021\/12\/image_list-768x671.jpg 768w\" sizes=\"(max-width: 105px) 100vw, 105px\" \/><figcaption class=\"wp-element-caption\"><a rel=\"noreferrer noopener\" href=\"https:\/\/www.berlin.de\/ba-charlottenburg-wilmersdorf\/ueber-den-bezirk\/kultur-und-wissenschaft\/veranstaltungsorte\/artikel.190077.php\" target=\"_blank\">Rum\u00e4nisches Kulturinstitut<\/a><\/figcaption><\/figure>\n<\/div><\/div>\n\n\n\n<div class=\"wp-block-column is-layout-flow wp-block-column-is-layout-flow\"><div class=\"wp-block-image\">\n<figure class=\"aligncenter size-full is-resized\"><img loading=\"lazy\" decoding=\"async\" src=\"https:\/\/www.neue-musik-brandenburg.de\/wp-content\/uploads\/2021\/12\/46.-cottbuser-musikherbst-e1648555999715.jpg\" alt=\"\" class=\"wp-image-487\" style=\"width:153px;height:77px\" width=\"153\" height=\"77\" srcset=\"https:\/\/www.neue-musik-brandenburg.de\/wp-content\/uploads\/2021\/12\/46.-cottbuser-musikherbst-e1648555999715.jpg 747w, https:\/\/www.neue-musik-brandenburg.de\/wp-content\/uploads\/2021\/12\/46.-cottbuser-musikherbst-e1648555999715-300x152.jpg 300w\" sizes=\"(max-width: 153px) 100vw, 153px\" \/><figcaption class=\"wp-element-caption\"><a rel=\"noreferrer noopener\" href=\"https:\/\/www.cottbus.de\/\" target=\"_blank\">Stadt Cottbus<\/a><\/figcaption><\/figure>\n<\/div><\/div>\n\n\n\n<div class=\"wp-block-column is-layout-flow wp-block-column-is-layout-flow\"><div class=\"wp-block-image\">\n<figure class=\"aligncenter size-full\"><img loading=\"lazy\" decoding=\"async\" width=\"984\" height=\"286\" src=\"https:\/\/www.neue-musik-brandenburg.de\/wp-content\/uploads\/2021\/11\/Stadtsignet_Eberswalde_10.jpg\" alt=\"\" class=\"wp-image-54\" srcset=\"https:\/\/www.neue-musik-brandenburg.de\/wp-content\/uploads\/2021\/11\/Stadtsignet_Eberswalde_10.jpg 984w, https:\/\/www.neue-musik-brandenburg.de\/wp-content\/uploads\/2021\/11\/Stadtsignet_Eberswalde_10-300x87.jpg 300w, https:\/\/www.neue-musik-brandenburg.de\/wp-content\/uploads\/2021\/11\/Stadtsignet_Eberswalde_10-768x223.jpg 768w\" sizes=\"(max-width: 984px) 100vw, 984px\" \/><figcaption class=\"wp-element-caption\"><a rel=\"noreferrer noopener\" href=\"https:\/\/www.eberswalde.de\/start\/aktuell\" target=\"_blank\">Stadt Eberswalde<\/a><\/figcaption><\/figure>\n<\/div><\/div>\n<\/div>\n\n\n\n<p><strong>Kooperationspartner:<\/strong> <a href=\"https:\/\/www.sans-titre.de\/\" target=\"_blank\" rel=\"noreferrer noopener\">Kunsthaus sans titre<\/a>, Cottbuser Musikherbst, \u201eGuten Morgen, Eberswalde\u201c, Landesmusikrat Brandenburg, <a href=\"https:\/\/kulturfeste.de\/\" target=\"_blank\" rel=\"noreferrer noopener\">Kulturfeste Brandenburg<\/a>, <a href=\"https:\/\/nnm-brandenburg.de\/nnm\/\" target=\"_blank\" rel=\"noreferrer noopener\">Netzwerk Neue Musik Brandenburg<\/a>, New Musik World New York, Electronic Music Foundation, Deutschlandfunk K\u00f6ln, Polnischer Rundfunk, <a href=\"https:\/\/www.potsdam.de\/staedtische-musikschule-johann-sebastian-bach\" target=\"_blank\" rel=\"noreferrer noopener\">St\u00e4dtische Musikschule Potsdam<\/a>, klangforum brandenburg e.V., <a href=\"https:\/\/vdmk-brandenburg.de\/news\" target=\"_blank\" rel=\"noreferrer noopener\">Verband der Musik- und Kunstschulen Brandenburg e.V. VdMK<\/a>, <a href=\"http:\/\/www.wsm.art.pl\" target=\"_blank\" rel=\"noreferrer noopener\">Warsaw Music Encounter<\/a> u.a.<\/p>\n\n\n\n<div class=\"wp-block-columns is-layout-flex wp-container-core-columns-is-layout-9d6595d7 wp-block-columns-is-layout-flex\">\n<div class=\"wp-block-column is-layout-flow wp-block-column-is-layout-flow\"><div class=\"wp-block-image\">\n<figure class=\"aligncenter size-full\"><img loading=\"lazy\" decoding=\"async\" width=\"484\" height=\"194\" src=\"https:\/\/www.neue-musik-brandenburg.de\/wp-content\/uploads\/2021\/12\/sans_titre_logo1-Kopie.jpg\" alt=\"\" class=\"wp-image-537\" srcset=\"https:\/\/www.neue-musik-brandenburg.de\/wp-content\/uploads\/2021\/12\/sans_titre_logo1-Kopie.jpg 484w, https:\/\/www.neue-musik-brandenburg.de\/wp-content\/uploads\/2021\/12\/sans_titre_logo1-Kopie-300x120.jpg 300w\" sizes=\"(max-width: 484px) 100vw, 484px\" \/><figcaption class=\"wp-element-caption\"> <a rel=\"noreferrer noopener\" href=\"https:\/\/www.sans-titre.de\/\" target=\"_blank\">Kunsthaus sans titre<\/a><\/figcaption><\/figure>\n<\/div><\/div>\n\n\n\n<div class=\"wp-block-column is-layout-flow wp-block-column-is-layout-flow\"><div class=\"wp-block-image\">\n<figure class=\"aligncenter size-full\"><img loading=\"lazy\" decoding=\"async\" width=\"747\" height=\"378\" src=\"https:\/\/www.neue-musik-brandenburg.de\/wp-content\/uploads\/2021\/12\/46.-cottbuser-musikherbst-e1648555999715.jpg\" alt=\"\" class=\"wp-image-487\" srcset=\"https:\/\/www.neue-musik-brandenburg.de\/wp-content\/uploads\/2021\/12\/46.-cottbuser-musikherbst-e1648555999715.jpg 747w, https:\/\/www.neue-musik-brandenburg.de\/wp-content\/uploads\/2021\/12\/46.-cottbuser-musikherbst-e1648555999715-300x152.jpg 300w\" sizes=\"(max-width: 747px) 100vw, 747px\" \/><figcaption class=\"wp-element-caption\">Cottbuser Musikherbst<\/figcaption><\/figure>\n<\/div><\/div>\n\n\n\n<div class=\"wp-block-column is-layout-flow wp-block-column-is-layout-flow\"><div class=\"wp-block-image\">\n<figure class=\"aligncenter size-full\"><img loading=\"lazy\" decoding=\"async\" width=\"984\" height=\"286\" src=\"https:\/\/www.neue-musik-brandenburg.de\/wp-content\/uploads\/2021\/12\/Stadtsignet_Eberswalde_10.jpg\" alt=\"\" class=\"wp-image-539\" srcset=\"https:\/\/www.neue-musik-brandenburg.de\/wp-content\/uploads\/2021\/12\/Stadtsignet_Eberswalde_10.jpg 984w, https:\/\/www.neue-musik-brandenburg.de\/wp-content\/uploads\/2021\/12\/Stadtsignet_Eberswalde_10-300x87.jpg 300w, https:\/\/www.neue-musik-brandenburg.de\/wp-content\/uploads\/2021\/12\/Stadtsignet_Eberswalde_10-768x223.jpg 768w\" sizes=\"(max-width: 984px) 100vw, 984px\" \/><figcaption class=\"wp-element-caption\">\u201eGuten Morgen, Eberswalde\u201c<\/figcaption><\/figure>\n<\/div><\/div>\n\n\n\n<div class=\"wp-block-column is-layout-flow wp-block-column-is-layout-flow\"><div class=\"wp-block-image\">\n<figure class=\"aligncenter size-full is-resized\"><img loading=\"lazy\" decoding=\"async\" src=\"https:\/\/www.neue-musik-brandenburg.de\/wp-content\/uploads\/2021\/12\/2000px-Land-Brandenburg-Logo.svg_.png\" alt=\"\" class=\"wp-image-488\" style=\"width:95px;height:75px\" width=\"95\" height=\"75\" srcset=\"https:\/\/www.neue-musik-brandenburg.de\/wp-content\/uploads\/2021\/12\/2000px-Land-Brandenburg-Logo.svg_.png 984w, https:\/\/www.neue-musik-brandenburg.de\/wp-content\/uploads\/2021\/12\/2000px-Land-Brandenburg-Logo.svg_-300x238.png 300w, https:\/\/www.neue-musik-brandenburg.de\/wp-content\/uploads\/2021\/12\/2000px-Land-Brandenburg-Logo.svg_-768x608.png 768w\" sizes=\"(max-width: 95px) 100vw, 95px\" \/><figcaption class=\"wp-element-caption\">Landesmusikrat Brandenburg<\/figcaption><\/figure>\n<\/div><\/div>\n\n\n\n<div class=\"wp-block-column is-layout-flow wp-block-column-is-layout-flow\"><div class=\"wp-block-image\">\n<figure class=\"aligncenter size-full is-resized\"><img loading=\"lazy\" decoding=\"async\" src=\"https:\/\/www.neue-musik-brandenburg.de\/wp-content\/uploads\/2021\/12\/kulturfeste-klein-e1648555783768.jpg\" alt=\"\" class=\"wp-image-512\" style=\"width:180px;height:53px\" width=\"180\" height=\"53\" srcset=\"https:\/\/www.neue-musik-brandenburg.de\/wp-content\/uploads\/2021\/12\/kulturfeste-klein-e1648555783768.jpg 984w, https:\/\/www.neue-musik-brandenburg.de\/wp-content\/uploads\/2021\/12\/kulturfeste-klein-e1648555783768-300x90.jpg 300w, https:\/\/www.neue-musik-brandenburg.de\/wp-content\/uploads\/2021\/12\/kulturfeste-klein-e1648555783768-768x230.jpg 768w, https:\/\/www.neue-musik-brandenburg.de\/wp-content\/uploads\/2021\/12\/kulturfeste-klein-e1648555783768-980x295.jpg 980w\" sizes=\"(max-width: 180px) 100vw, 180px\" \/><figcaption class=\"wp-element-caption\"><a rel=\"noreferrer noopener\" href=\"https:\/\/kulturfeste.de\/\" target=\"_blank\">Kulturfeste Brandenburg<\/a><\/figcaption><\/figure>\n<\/div><\/div>\n\n\n\n<div class=\"wp-block-column is-layout-flow wp-block-column-is-layout-flow\"><div class=\"wp-block-image\">\n<figure class=\"aligncenter size-full is-resized\"><img loading=\"lazy\" decoding=\"async\" src=\"https:\/\/www.neue-musik-brandenburg.de\/wp-content\/uploads\/2021\/12\/nnm_logo.jpg.jpg\" alt=\"\" class=\"wp-image-527\" style=\"width:183px;height:40px\" width=\"183\" height=\"40\" srcset=\"https:\/\/www.neue-musik-brandenburg.de\/wp-content\/uploads\/2021\/12\/nnm_logo.jpg.jpg 984w, https:\/\/www.neue-musik-brandenburg.de\/wp-content\/uploads\/2021\/12\/nnm_logo.jpg-300x66.jpg 300w, https:\/\/www.neue-musik-brandenburg.de\/wp-content\/uploads\/2021\/12\/nnm_logo.jpg-768x169.jpg 768w\" sizes=\"(max-width: 183px) 100vw, 183px\" \/><figcaption class=\"wp-element-caption\"><a rel=\"noreferrer noopener\" href=\"https:\/\/nnm-brandenburg.de\/nnm\/\" target=\"_blank\">Netzwerk Neue Musik Brandenburg<\/a><\/figcaption><\/figure>\n<\/div><\/div>\n<\/div>\n\n\n\n<div class=\"wp-block-columns is-layout-flex wp-container-core-columns-is-layout-9d6595d7 wp-block-columns-is-layout-flex\">\n<div class=\"wp-block-column is-layout-flow wp-block-column-is-layout-flow\"><div class=\"wp-block-image\">\n<figure class=\"aligncenter size-full is-resized\"><img loading=\"lazy\" decoding=\"async\" src=\"https:\/\/www.neue-musik-brandenburg.de\/wp-content\/uploads\/2021\/12\/logo-des-poln.komp_.verbandes.jpeg\" alt=\"\" class=\"wp-image-519\" style=\"width:141px;height:62px\" width=\"141\" height=\"62\" srcset=\"https:\/\/www.neue-musik-brandenburg.de\/wp-content\/uploads\/2021\/12\/logo-des-poln.komp_.verbandes.jpeg 484w, https:\/\/www.neue-musik-brandenburg.de\/wp-content\/uploads\/2021\/12\/logo-des-poln.komp_.verbandes-300x133.jpeg 300w\" sizes=\"(max-width: 141px) 100vw, 141px\" \/><\/figure>\n<\/div><\/div>\n\n\n\n<div class=\"wp-block-column is-layout-flow wp-block-column-is-layout-flow\"><div class=\"wp-block-image\">\n<figure class=\"aligncenter size-full\"><img loading=\"lazy\" decoding=\"async\" width=\"984\" height=\"519\" src=\"https:\/\/www.neue-musik-brandenburg.de\/wp-content\/uploads\/2021\/12\/WSM-LOGO-300-DPI-CMYK.jpg\" alt=\"\" class=\"wp-image-542\" srcset=\"https:\/\/www.neue-musik-brandenburg.de\/wp-content\/uploads\/2021\/12\/WSM-LOGO-300-DPI-CMYK.jpg 984w, https:\/\/www.neue-musik-brandenburg.de\/wp-content\/uploads\/2021\/12\/WSM-LOGO-300-DPI-CMYK-300x158.jpg 300w, https:\/\/www.neue-musik-brandenburg.de\/wp-content\/uploads\/2021\/12\/WSM-LOGO-300-DPI-CMYK-768x405.jpg 768w\" sizes=\"(max-width: 984px) 100vw, 984px\" \/><\/figure>\n<\/div><\/div>\n\n\n\n<div class=\"wp-block-column is-layout-flow wp-block-column-is-layout-flow\"><\/div>\n\n\n\n<div class=\"wp-block-column is-layout-flow wp-block-column-is-layout-flow\"><\/div>\n\n\n\n<div class=\"wp-block-column is-layout-flow wp-block-column-is-layout-flow\"><\/div>\n\n\n\n<div class=\"wp-block-column is-layout-flow wp-block-column-is-layout-flow\"><\/div>\n<\/div>\n\n\n\n<p><strong>Ort:<\/strong><a href=\"https:\/\/www.sans-titre.de\" target=\"_blank\" rel=\"noreferrer noopener\">Kunsthaus sans titre<\/a>, Franz\u00f6sische Str.18, 14467 Potsdam<\/p>\n\n\n\n<hr class=\"wp-block-separator has-css-opacity\"\/>\n\n\n\n<p><strong>Schirmherrin: Ministerin Dr. Manja Sch\u00fcle &#8211; Ministerium f\u00fcr Wissenschaft, Forschung und Kultur des Landes Brandenburg<\/strong><\/p>\n\n\n\n<hr class=\"wp-block-separator has-css-opacity\"\/>\n\n\n\n<h2 class=\"wp-block-heading has-pale-cyan-blue-color has-text-color\"><strong>re-sonanz 2020<\/strong><\/h2>\n\n\n\n<p>Neue Konzertreihe des Brandenburgischen Vereins Neue Musik e.V.<\/p>\n\n\n\n<p>Das j\u00e4hrliche Brandenburgische Fest der Neuen Musik \u201eintersonanzen\u201c im Kunsthaus sans titre (s.u.) soll auch \u00fcber das Jahr in die Stadt und die Region ausstrahlen, durch die neue kleine Konzertreihe \u201ere-sonanz\u201c. Zun\u00e4chst werden im Jahr 2020 zwei renommierte Solist*innen auftreten; sie pr\u00e4sentieren Neue Musik aus Brandenburg im Kontext internationalen Repertoires. Die Konzertreihe startet dabei gleichzeitig eine neue Kooperationen mit dem Kunstverein KunstHaus Potsdam.<\/p>\n\n\n\n<h3 class=\"wp-block-heading\">&gt;&gt; 16. Oktober 2020 um 20:00 Uhr <strong>Roman Yusipey<\/strong> (Akkordeon solo) &nbsp;&nbsp;&nbsp; <a href=\"http:\/\/ablage.neue-musik-brandenburg.de\/pdf\/_re-sonanz Programm 2020 Yusipey.pdf\" target=\"_blank\" rel=\"noreferrer noopener\">ABENDPROGRAMM<\/a> &nbsp;&nbsp;&nbsp;&nbsp;&nbsp;&nbsp;&nbsp;&nbsp;&nbsp;&nbsp;&nbsp;&nbsp;&nbsp;&nbsp;&nbsp;&nbsp;&nbsp;&nbsp;&nbsp;<\/h3>\n\n\n\n<div class=\"wp-block-columns is-layout-flex wp-container-core-columns-is-layout-9d6595d7 wp-block-columns-is-layout-flex\">\n<div class=\"wp-block-column is-layout-flow wp-block-column-is-layout-flow\"><div class=\"wp-block-image\">\n<figure class=\"aligncenter size-full is-resized\"><img loading=\"lazy\" decoding=\"async\" src=\"https:\/\/www.neue-musik-brandenburg.de\/wp-content\/uploads\/2021\/12\/Roman-Yusipey.jpg\" alt=\"\" class=\"wp-image-534\" style=\"width:265px;height:397px\" width=\"265\" height=\"397\" srcset=\"https:\/\/www.neue-musik-brandenburg.de\/wp-content\/uploads\/2021\/12\/Roman-Yusipey.jpg 322w, https:\/\/www.neue-musik-brandenburg.de\/wp-content\/uploads\/2021\/12\/Roman-Yusipey-200x300.jpg 200w\" sizes=\"(max-width: 265px) 100vw, 265px\" \/><figcaption class=\"wp-element-caption\"><strong>Roman Yusipey<\/strong><\/figcaption><\/figure>\n<\/div><\/div>\n\n\n\n<div class=\"wp-block-column is-layout-flow wp-block-column-is-layout-flow\"><\/div>\n\n\n\n<div class=\"wp-block-column is-layout-flow wp-block-column-is-layout-flow\"><\/div>\n<\/div>\n\n\n\n<h3 class=\"wp-block-heading\">&gt;&gt; <s>18. Dezember 2020<\/s> <strong>Sabina Matthus-B\u00e9bi\u00e9<\/strong> (Klarinetten solo) <strong>!! Corona-bedingt verschoben auf 19. M\u00e4rz 2021 um 20 Uhr !!<\/strong><\/h3>\n\n\n\n<div class=\"wp-block-columns is-layout-flex wp-container-core-columns-is-layout-9d6595d7 wp-block-columns-is-layout-flex\">\n<div class=\"wp-block-column is-layout-flow wp-block-column-is-layout-flow\"><div class=\"wp-block-image\">\n<figure class=\"aligncenter size-full is-resized\"><img loading=\"lazy\" decoding=\"async\" src=\"https:\/\/www.neue-musik-brandenburg.de\/wp-content\/uploads\/2021\/12\/Sabina-Matthus-Bebie.jpg\" alt=\"\" class=\"wp-image-535\" style=\"width:260px;height:312px\" width=\"260\" height=\"312\" srcset=\"https:\/\/www.neue-musik-brandenburg.de\/wp-content\/uploads\/2021\/12\/Sabina-Matthus-Bebie.jpg 403w, https:\/\/www.neue-musik-brandenburg.de\/wp-content\/uploads\/2021\/12\/Sabina-Matthus-Bebie-250x300.jpg 250w\" sizes=\"(max-width: 260px) 100vw, 260px\" \/><figcaption class=\"wp-element-caption\"><strong>Sabina Matthus-B\u00e9bi\u00e9<\/strong><\/figcaption><\/figure>\n<\/div><\/div>\n\n\n\n<div class=\"wp-block-column is-layout-flow wp-block-column-is-layout-flow\"><\/div>\n\n\n\n<div class=\"wp-block-column is-layout-flow wp-block-column-is-layout-flow\"><\/div>\n<\/div>\n\n\n\n<p>Diskurs: Im Anschlu\u00df an die Konzerte gibt es immer noch ein kurzes Gespr\u00e4ch des k\u00fcnstlerischen Leiters Thomas Gerwin mit den K\u00fcnster*innen, den anwesenden Komponist*innen und dem Publikum \u00fcber das soeben Erlebte.<\/p>\n\n\n\n<h3 class=\"wp-block-heading\">Adresse:<strong> KunstHaus Potsdam, Ulanenweg 9, 14469 Potsdam<\/strong><\/h3>\n\n\n\n<p>Veranstalter: Brandenburgischer Verein Neue Musik &nbsp;e.V. &nbsp;<a href=\"http:\/\/ablage.neue-musik-brandenburg.de\/archiv.html?JAHR=2020\"><em>www.neue-musik-brandenburg.de<\/em><\/a><\/p>\n\n\n\n<p>in Kooperation mit dem Kunstverein KunstHaus Potsdam e.V.&nbsp;&nbsp; <em><a href=\"http:\/\/www.kvkhpotsdam.de\">www.kvkhpotsdam.de<\/a><\/em><\/p>\n\n\n\n<div class=\"wp-block-columns is-layout-flex wp-container-core-columns-is-layout-9d6595d7 wp-block-columns-is-layout-flex\">\n<div class=\"wp-block-column is-layout-flow wp-block-column-is-layout-flow\"><div class=\"wp-block-image\">\n<figure class=\"aligncenter size-full is-resized\"><img loading=\"lazy\" decoding=\"async\" src=\"https:\/\/www.neue-musik-brandenburg.de\/wp-content\/uploads\/2021\/12\/KHP-Logo-2020_3_Grund-Weiss_Typo-Grau-Gruen_RGB.jpg\" alt=\"\" class=\"wp-image-511\" style=\"width:209px;height:209px\" width=\"209\" height=\"209\" srcset=\"https:\/\/www.neue-musik-brandenburg.de\/wp-content\/uploads\/2021\/12\/KHP-Logo-2020_3_Grund-Weiss_Typo-Grau-Gruen_RGB.jpg 484w, https:\/\/www.neue-musik-brandenburg.de\/wp-content\/uploads\/2021\/12\/KHP-Logo-2020_3_Grund-Weiss_Typo-Grau-Gruen_RGB-300x300.jpg 300w, https:\/\/www.neue-musik-brandenburg.de\/wp-content\/uploads\/2021\/12\/KHP-Logo-2020_3_Grund-Weiss_Typo-Grau-Gruen_RGB-150x150.jpg 150w\" sizes=\"(max-width: 209px) 100vw, 209px\" \/><\/figure>\n<\/div><\/div>\n\n\n\n<div class=\"wp-block-column is-layout-flow wp-block-column-is-layout-flow\"><\/div>\n\n\n\n<div class=\"wp-block-column is-layout-flow wp-block-column-is-layout-flow\"><\/div>\n<\/div>\n\n\n\n<p>Mit freundlicher Unterst\u00fctzung des Ministeriums f\u00fcr Wissenschaft, Forschung und Kultur des Landes Brandenburg und der Landeshauptstadt Potsdam<\/p>\n\n\n\n<div class=\"wp-block-columns is-layout-flex wp-container-core-columns-is-layout-9d6595d7 wp-block-columns-is-layout-flex\">\n<div class=\"wp-block-column is-layout-flow wp-block-column-is-layout-flow\"><div class=\"wp-block-image\">\n<figure class=\"aligncenter size-full is-resized\"><img loading=\"lazy\" decoding=\"async\" src=\"https:\/\/www.neue-musik-brandenburg.de\/wp-content\/uploads\/2021\/12\/lg_mwfk.jpg\" alt=\"\" class=\"wp-image-515\" style=\"width:126px;height:90px\" width=\"126\" height=\"90\" srcset=\"https:\/\/www.neue-musik-brandenburg.de\/wp-content\/uploads\/2021\/12\/lg_mwfk.jpg 984w, https:\/\/www.neue-musik-brandenburg.de\/wp-content\/uploads\/2021\/12\/lg_mwfk-300x214.jpg 300w, https:\/\/www.neue-musik-brandenburg.de\/wp-content\/uploads\/2021\/12\/lg_mwfk-768x549.jpg 768w\" sizes=\"(max-width: 126px) 100vw, 126px\" \/><\/figure>\n<\/div><\/div>\n\n\n\n<div class=\"wp-block-column is-layout-flow wp-block-column-is-layout-flow\"><div class=\"wp-block-image\">\n<figure class=\"aligncenter size-full is-resized\"><img loading=\"lazy\" decoding=\"async\" src=\"https:\/\/www.neue-musik-brandenburg.de\/wp-content\/uploads\/2021\/12\/LHPgefoerdert_Logo_blau.jpg\" alt=\"\" class=\"wp-image-517\" style=\"width:218px;height:105px\" width=\"218\" height=\"105\" srcset=\"https:\/\/www.neue-musik-brandenburg.de\/wp-content\/uploads\/2021\/12\/LHPgefoerdert_Logo_blau.jpg 984w, https:\/\/www.neue-musik-brandenburg.de\/wp-content\/uploads\/2021\/12\/LHPgefoerdert_Logo_blau-300x145.jpg 300w, https:\/\/www.neue-musik-brandenburg.de\/wp-content\/uploads\/2021\/12\/LHPgefoerdert_Logo_blau-768x372.jpg 768w\" sizes=\"(max-width: 218px) 100vw, 218px\" \/><\/figure>\n<\/div><\/div>\n\n\n\n<div class=\"wp-block-column is-layout-flow wp-block-column-is-layout-flow\"><div class=\"wp-block-image\">\n<figure class=\"aligncenter size-full\"><img loading=\"lazy\" decoding=\"async\" width=\"984\" height=\"216\" src=\"https:\/\/www.neue-musik-brandenburg.de\/wp-content\/uploads\/2021\/12\/nnm_logo.jpg.jpg\" alt=\"\" class=\"wp-image-527\" srcset=\"https:\/\/www.neue-musik-brandenburg.de\/wp-content\/uploads\/2021\/12\/nnm_logo.jpg.jpg 984w, https:\/\/www.neue-musik-brandenburg.de\/wp-content\/uploads\/2021\/12\/nnm_logo.jpg-300x66.jpg 300w, https:\/\/www.neue-musik-brandenburg.de\/wp-content\/uploads\/2021\/12\/nnm_logo.jpg-768x169.jpg 768w\" sizes=\"(max-width: 984px) 100vw, 984px\" \/><\/figure>\n<\/div><\/div>\n\n\n\n<div class=\"wp-block-column is-layout-flow wp-block-column-is-layout-flow\"><\/div>\n<\/div>\n","protected":false},"excerpt":{"rendered":"<p>&lt;&lt; Konzerte 2020 intersonanzen 2020 VER\u00d6FFENTLICHUNGEN \/ PRESSE 03.07.2020 LMRB Auf dem Weg YouTube 07.08.2020 WSM Hashtag Ensemble Warschau 15.07.2020 Kulturfeste intersonanzen 2020 11.08.2020 Der Potsdamer intersonanzen 2020 14.-24.8.2020 RBB Trailer intersonanzen 2020&nbsp;anh\u00f6ren 14.08.2020&#46;&#46;&#46;<\/p>\n","protected":false},"author":1,"featured_media":0,"parent":0,"menu_order":0,"comment_status":"closed","ping_status":"closed","template":"","meta":{"_custom_body_class":"","_custom_post_class":"","footnotes":""},"class_list":["post-5668","page","type-page","status-publish","hentry"],"translation":{"provider":"WPGlobus","version":"3.0.2","language":"en","enabled_languages":["de","en"],"languages":{"de":{"title":true,"content":true,"excerpt":false},"en":{"title":true,"content":false,"excerpt":false}}},"_links":{"self":[{"href":"https:\/\/www.neue-musik-brandenburg.de\/en\/wp-json\/wp\/v2\/pages\/5668","targetHints":{"allow":["GET"]}}],"collection":[{"href":"https:\/\/www.neue-musik-brandenburg.de\/en\/wp-json\/wp\/v2\/pages"}],"about":[{"href":"https:\/\/www.neue-musik-brandenburg.de\/en\/wp-json\/wp\/v2\/types\/page"}],"author":[{"embeddable":true,"href":"https:\/\/www.neue-musik-brandenburg.de\/en\/wp-json\/wp\/v2\/users\/1"}],"replies":[{"embeddable":true,"href":"https:\/\/www.neue-musik-brandenburg.de\/en\/wp-json\/wp\/v2\/comments?post=5668"}],"version-history":[{"count":52,"href":"https:\/\/www.neue-musik-brandenburg.de\/en\/wp-json\/wp\/v2\/pages\/5668\/revisions"}],"predecessor-version":[{"id":7664,"href":"https:\/\/www.neue-musik-brandenburg.de\/en\/wp-json\/wp\/v2\/pages\/5668\/revisions\/7664"}],"wp:attachment":[{"href":"https:\/\/www.neue-musik-brandenburg.de\/en\/wp-json\/wp\/v2\/media?parent=5668"}],"curies":[{"name":"wp","href":"https:\/\/api.w.org\/{rel}","templated":true}]}}