{"id":5670,"date":"2022-02-27T08:35:16","date_gmt":"2022-02-27T08:35:16","guid":{"rendered":"http:\/\/neue-musik-brandenburg.multisensoriale.de\/?page_id=5670"},"modified":"2024-06-15T07:29:17","modified_gmt":"2024-06-15T07:29:17","slug":"konzerte-2021","status":"publish","type":"page","link":"https:\/\/www.neue-musik-brandenburg.de\/en\/konzerte-2021\/","title":{"rendered":"Konzerte 2004"},"content":{"rendered":"\n<a id=\"r-mitglieder\" href=\"javascript:history.back()\">&lt;&lt;<\/a>\n\n\n\n<h2 class=\"wp-block-heading has-pale-cyan-blue-color has-text-color\">Konzerte 2021<\/h2>\n\n\n\n<hr class=\"wp-block-separator has-css-opacity is-style-default\"\/>\n\n\n\n<h1 class=\"wp-block-heading has-pale-cyan-blue-color has-text-color\" id=\"intersonanzen-2002\">intersonanzen.<\/h1>\n\n\n\n<h1 class=\"wp-block-heading\"><img decoding=\"async\" src=\"https:\/\/www.neue-musik-brandenburg.de\/wp-content\/uploads\/2022\/03\/intersonanzen2021.jpg\" alt=\"\" style=\"width: 500px;\">&nbsp;<\/h1>\n\n\n\n<p>Ein Experiment versucht etwas Neues, etwas, das mit der Tradition bricht oder zumindest \u00fcber sie hinaus geht &#8211; mit dem Ziel, den Blickwinkel zu erweitern und neue M\u00f6glichkeiten zu erschlie\u00dfen. Die <em>intersonanzen<\/em> pr\u00e4sentieren 2021 neueste Musik aus Brandenburg im Kontext internationalen Repertoires. Das Programm wird nicht nur zahlreiche Urauff\u00fchrungen durch renommierte Interpreten und Ensembles wie Javier Garavaglia und Claudia Robles-Angel, Katharina Hanstedt, Irene Kurka, Sabine Vogel, Thomas Noll, Alex Nowitz und Sten Sandell aus Schweden, das Duo Samodai\/Szives aus Ungarn, das Atma Quartett aus Polen sowie das Ensemble via nova aus Weimar, Ensemble Junge Musik, Ensemble Quillo, das BVNM ad hoc Ensemble sowie das Junge Ensemble Neue Musik und andere enthalten, sondern auch eine Art &#8220;Klanglabor&#8221;, dazu eine Begleitausstellung mit Klangkunst und Partiturseiten aller Konzertst\u00fccke, ein Symposium, einen Kompositions-Workshop, einen Soundwalk sowie regelm\u00e4\u00dfige &#8220;Diskurse&#8221; bei denen die Besucher*innen die Protagonist*innen der Neuen Musik hautnah kennenlernen k\u00f6nnen.<\/p>\n\n\n\n<p>In diesem vielf\u00e4ltigen Programm wird die Kategorie &#8220;Formate des H\u00f6rens&#8221; eine besondere Rolle spielen, also experimentelle Arten der Erzeugung von Klang und der Pr\u00e4sentation von musikalischen Werken, Prozessen oder Environments. Dabei wird vielfach das H\u00f6ren selbst zum Experiment. So sind zahlreiche eigens neu geschriebene St\u00fccke in einer spannenden Mischung mit Werken des internationalen Konzertrepertoires zu erleben; dazu au\u00dferdem 12 historische Experimente, die die j\u00fcngere Musikgeschichte pr\u00e4gten. Denn das Experiment geh\u00f6rte von Anfang an zur Tradition der Neuen Musik. Wir verstehen sie als integralen Teil der Musikgeschichte, umso mehr im 21. Jahrhundert, in dem Komponist*innen und Publikum einen viel entspannteren Umgang mit der Tradition pflegen, als noch in der Mitte des 20. Jahrhunderts.<\/p>\n\n\n\n<p>So entsteht ein schillernder Parcours, der das H\u00f6ren von Musik auf spannende Weise zum Erleben klingender Kunst erweitert, die sich ohne All\u00fcren nicht nur an die Expert*innen, sondern vor allem an ein offenes und neugieriges Publikum auch ohne akademisches Spezialwissen wendet. Damit aus H\u00f6rer*innen Interessierte und aus Interessierten Liebhaber*innen der Neuen Musik werden.&nbsp;<\/p>\n\n\n\n<p>Thomas Gerwin, k\u00fcnstlerischer Leiter<\/p>\n\n\n\n<p><strong><a href=\"https:\/\/www.neue-musik-brandenburg.de\/wp-content\/uploads\/2022\/03\/pdf\/___PROGRAMM\u00dcBERSICHT intersonanzen 2021.pdf\" target=\"_blank\" rel=\"noreferrer noopener\">Gesamtes Programm als pdf<\/a><\/strong><\/p>\n\n\n\n<h2 class=\"wp-block-heading\">PROGRAMM-Termine<\/h2>\n\n\n\n<p><strong>Do 19. August 2021<\/strong><\/p>\n\n\n\n<p>18:00&nbsp;&nbsp; Pr\u00e4ludium&nbsp;&nbsp;&nbsp;&nbsp;&nbsp;&nbsp; [01] mit K. Hanstedt, I. Kurka&nbsp;&nbsp;&nbsp;&nbsp;&nbsp;&nbsp;&nbsp;&nbsp;&nbsp;&nbsp;&nbsp;&nbsp;&nbsp;&nbsp;&nbsp;&nbsp;&nbsp;&nbsp;&nbsp;&nbsp;&nbsp;&nbsp;&nbsp;&nbsp;&nbsp;&nbsp;&nbsp;&nbsp;&nbsp;&nbsp;&nbsp;&nbsp;&nbsp;&nbsp;&nbsp;&nbsp;&nbsp;&nbsp;&nbsp;&nbsp;&nbsp; &gt; Kunsthaus sans titre<\/p>\n\n\n\n<p>19:00&nbsp;&nbsp; Er\u00f6ffnung&nbsp;&nbsp;&nbsp;&nbsp;&nbsp;&nbsp; [02] mit I. Kurka <em>sopr&nbsp; <\/em>(bis 20:00)&nbsp;&nbsp;&nbsp;&nbsp;&nbsp;&nbsp;&nbsp; &nbsp; &nbsp; &nbsp;&nbsp;&nbsp;&nbsp;&nbsp;&nbsp;&nbsp;&nbsp;&nbsp;&nbsp;&nbsp;&nbsp;&nbsp;&nbsp;&nbsp;&nbsp;&nbsp;&nbsp;&nbsp;&nbsp;&nbsp;&nbsp;&nbsp;&nbsp;&nbsp;<\/p>\n\n\n\n<p>&#8212;-<\/p>\n\n\n\n<p>20:30&nbsp;&nbsp; Konzert&nbsp;&nbsp;&nbsp;&nbsp;&nbsp;&nbsp;&nbsp;&nbsp;&nbsp; [03] mit Th.Noll<em> org<\/em>, A.Nowitz <em>voc\/live-elec.+<\/em>S.Sandell <em>org&nbsp;&nbsp;&nbsp; &gt; <\/em>Nikolaikirche<\/p>\n\n\n\n<p>22:00 &nbsp; Diskurs&nbsp;&nbsp;&nbsp;&nbsp;&nbsp;&nbsp;&nbsp;&nbsp;&nbsp;&nbsp; [04a] Neue Musik im Gespr\u00e4ch&nbsp;&nbsp;&nbsp;&nbsp;&nbsp;&nbsp;&nbsp;&nbsp;&nbsp;&nbsp;&nbsp;&nbsp;&nbsp;&nbsp;&nbsp;&nbsp;&nbsp;&nbsp;&nbsp;&nbsp;&nbsp;&nbsp;&nbsp;&nbsp;&nbsp;&nbsp;&nbsp;&nbsp;&nbsp;&nbsp;&nbsp;&nbsp;&nbsp;&nbsp;&nbsp;&nbsp;&nbsp;&nbsp;&nbsp;&nbsp;&nbsp;&nbsp;<\/p>\n\n\n\n<p><strong>Fr 20. August 2021<\/strong><\/p>\n\n\n\n<p>19:00 &nbsp; Konzert&nbsp;&nbsp;&nbsp;&nbsp;&nbsp;&nbsp;&nbsp;&nbsp;&nbsp;&nbsp; [05] BVNM ad hoc Ensemble&nbsp;&nbsp;&nbsp;&nbsp;&nbsp;&nbsp;&nbsp;&nbsp;&nbsp;&nbsp;&nbsp;&nbsp;&nbsp;&nbsp;&nbsp;&nbsp;&nbsp;&nbsp;&nbsp;&nbsp;&nbsp;&nbsp;&nbsp;&nbsp;&nbsp;&nbsp;&nbsp;&nbsp;&nbsp;&nbsp;&nbsp;&nbsp;&nbsp;&nbsp;&nbsp;&nbsp;&nbsp;&nbsp;&nbsp;&nbsp;&nbsp;&nbsp; &nbsp;&nbsp; &gt; Kunsthaus sans titre<\/p>\n\n\n\n<p>20:30&nbsp;&nbsp; Konzert&nbsp;&nbsp;&nbsp;&nbsp;&nbsp;&nbsp;&nbsp;&nbsp;&nbsp;&nbsp; [06] Ensemble Mosaik mit S.Strasser ob, M. Mayr vc&nbsp;&nbsp;&nbsp;&nbsp;&nbsp;&nbsp;&nbsp;&nbsp;&nbsp;&nbsp;&nbsp;&nbsp;&nbsp;&nbsp;&nbsp;&nbsp;&nbsp;&nbsp;&nbsp;&nbsp;&nbsp;&nbsp;&nbsp;&nbsp;&nbsp;&nbsp;&nbsp; &nbsp;&nbsp;<\/p>\n\n\n\n<p>21:30&nbsp;&nbsp; Diskurs&nbsp;&nbsp;&nbsp;&nbsp;&nbsp;&nbsp;&nbsp;&nbsp;&nbsp;&nbsp;&nbsp; [04b] Neue Musik im Gespr\u00e4ch&nbsp;&nbsp;&nbsp;&nbsp;&nbsp;&nbsp;&nbsp;&nbsp;&nbsp;&nbsp;&nbsp;&nbsp;&nbsp;&nbsp;&nbsp;&nbsp;&nbsp;&nbsp;&nbsp;&nbsp;&nbsp;&nbsp;&nbsp;&nbsp;&nbsp;&nbsp;&nbsp;&nbsp;&nbsp;&nbsp;&nbsp;&nbsp;&nbsp;&nbsp;&nbsp;&nbsp;&nbsp; &nbsp; &nbsp;<\/p>\n\n\n\n<p><strong>Sa 21. August 2021 &nbsp;&nbsp;&nbsp;&nbsp;&nbsp;&nbsp;&nbsp;<\/strong><\/p>\n\n\n\n<p>14:00 &nbsp; H\u00f6rstunde&nbsp;&nbsp;&nbsp;&nbsp;&nbsp;&nbsp; [07] Historische und aktuelle Experimente&nbsp; &nbsp;&nbsp;&nbsp;&nbsp;&nbsp;&nbsp;&nbsp;&nbsp;&nbsp;&nbsp;&nbsp;&nbsp;&nbsp;&nbsp;&nbsp;&nbsp;&nbsp;&nbsp;&nbsp;&nbsp;&nbsp;&nbsp; &gt; Kunsthaus sans titre<\/p>\n\n\n\n<p>16:00&nbsp;&nbsp; F\u00fchrung&nbsp;&nbsp;&nbsp;&nbsp;&nbsp;&nbsp;&nbsp;&nbsp;&nbsp; [08] Exkursion durch die Ausstellung&nbsp;&nbsp;&nbsp;&nbsp; &nbsp;&nbsp;&nbsp;&nbsp;&nbsp;&nbsp;&nbsp;&nbsp;&nbsp;&nbsp;&nbsp;&nbsp;&nbsp;&nbsp;&nbsp;&nbsp;&nbsp;&nbsp;&nbsp;&nbsp;&nbsp;&nbsp;&nbsp;&nbsp;&nbsp;&nbsp;&nbsp;<\/p>\n\n\n\n<p>16:30&nbsp;&nbsp; Symposium&nbsp;&nbsp;&nbsp;&nbsp; [09] mit Prof. Dr. Ulrike Liedtke + G\u00e4sten&nbsp; (bis 19:00)&nbsp;&nbsp;&nbsp;&nbsp;&nbsp;&nbsp;&nbsp;&nbsp;&nbsp;&nbsp;&nbsp;&nbsp;<\/p>\n\n\n\n<p>&#8212;-<\/p>\n\n\n\n<p>19:30&nbsp;&nbsp; Konzert&nbsp;&nbsp;&nbsp;&nbsp;&nbsp;&nbsp;&nbsp;&nbsp;&nbsp;&nbsp; [10] Duo Samodai &amp; Szives <em>trp, perc<\/em>&nbsp;&nbsp;&nbsp;&nbsp;&nbsp;&nbsp;&nbsp;&nbsp;&nbsp;&nbsp;&nbsp;&nbsp;&nbsp;&nbsp;&nbsp;&nbsp;&nbsp;&nbsp;&nbsp;&nbsp;&nbsp;&nbsp;&nbsp;&nbsp;&nbsp;&nbsp;&nbsp;&nbsp;&nbsp;&nbsp;&nbsp;&nbsp;&nbsp;&nbsp; &gt; Potsdam Museum<\/p>\n\n\n\n<p>20:30&nbsp;&nbsp; Konzert&nbsp;&nbsp;&nbsp;&nbsp;&nbsp;&nbsp;&nbsp;&nbsp;&nbsp;&nbsp; [11] Ensemble JungeMusik <em>sax, vla, kb, p<\/em>&nbsp;&nbsp;&nbsp;&nbsp;&nbsp;&nbsp;&nbsp;&nbsp;&nbsp;&nbsp;&nbsp;&nbsp;&nbsp;&nbsp;&nbsp;&nbsp;&nbsp;&nbsp;&nbsp;&nbsp;&nbsp;&nbsp;&nbsp;&nbsp;&nbsp;&nbsp;<\/p>\n\n\n\n<p>22:00&nbsp;&nbsp; Diskurs&nbsp;&nbsp;&nbsp;&nbsp;&nbsp;&nbsp;&nbsp;&nbsp;&nbsp;&nbsp;&nbsp; [04c] Neue Musik im Gespr\u00e4ch&nbsp;&nbsp;&nbsp;&nbsp;&nbsp;&nbsp;&nbsp;&nbsp;&nbsp;&nbsp;&nbsp;&nbsp;&nbsp;&nbsp;&nbsp;&nbsp;&nbsp;&nbsp;&nbsp;&nbsp;&nbsp;&nbsp;&nbsp;&nbsp;&nbsp;&nbsp;&nbsp;&nbsp;&nbsp;&nbsp; &nbsp;&nbsp;&nbsp;&nbsp;&nbsp;&nbsp;&nbsp;&nbsp;&nbsp;&nbsp;&nbsp;<\/p>\n\n\n\n<p><strong>So 22. August 2021<\/strong><\/p>\n\n\n\n<p>10:00&nbsp;&nbsp; Soundwalk&nbsp;&nbsp;&nbsp;&nbsp;&nbsp; [12] mit Dr. M. Schenk (bis 11:30)&nbsp;&nbsp;&nbsp;&nbsp;&nbsp;&nbsp; &nbsp; &nbsp; &nbsp; &nbsp; &nbsp; &nbsp; &nbsp; &nbsp; &nbsp; &nbsp; &nbsp; &nbsp; &nbsp; &nbsp; &gt; Kunsthaus sans titre<\/p>\n\n\n\n<p>10:00&nbsp; Workshop &nbsp; &nbsp; &nbsp;&nbsp; [13] mit Prof. Dr. B. Lang&nbsp;&nbsp;&nbsp;&nbsp;&nbsp;&nbsp;&nbsp;&nbsp;&nbsp; &nbsp;&nbsp;&nbsp;&nbsp;&nbsp;&nbsp;&nbsp;&nbsp;&nbsp;&nbsp;&nbsp;&nbsp;&nbsp;&nbsp;&nbsp;&nbsp;&nbsp;&nbsp;&nbsp;&nbsp;&nbsp;&nbsp;&nbsp;&nbsp;&nbsp;&nbsp;&nbsp;&nbsp;&nbsp;<\/p>\n\n\n\n<p>&#8212;-<\/p>\n\n\n\n<p>12:00 &nbsp; Konzert&nbsp;&nbsp;&nbsp;&nbsp;&nbsp;&nbsp;&nbsp;&nbsp;&nbsp; [14]&nbsp;Ensemble Quillo <em>fl, git, kb, celesta&nbsp;<\/em> &nbsp;&nbsp;&nbsp; &nbsp;&nbsp;&nbsp;&nbsp;&nbsp;&nbsp;&nbsp;&nbsp;&nbsp; &nbsp; &nbsp; &nbsp;&nbsp;&nbsp;&nbsp;&nbsp;&nbsp;&nbsp;&nbsp;&nbsp;&nbsp;&nbsp; &gt; Potsdam Museum<\/p>\n\n\n\n<p>13:00 &nbsp; Konzert&nbsp;&nbsp;&nbsp;&nbsp;&nbsp;&nbsp;&nbsp;&nbsp;&nbsp; [15] Jugend komponiert Atma Quartet <em>2vl, vla, vc<\/em>&nbsp;&nbsp; &nbsp;&nbsp;&nbsp;&nbsp;&nbsp;&nbsp;&nbsp;&nbsp;&nbsp;&nbsp;&nbsp;<\/p>\n\n\n\n<p>14:30 &nbsp; Konzert&nbsp;&nbsp;&nbsp;&nbsp;&nbsp;&nbsp;&nbsp;&nbsp;&nbsp;&nbsp; [16] Elektroakustische Musik &nbsp; &nbsp;&nbsp; &nbsp;&nbsp;&nbsp;&nbsp;&nbsp;&nbsp;&nbsp;&nbsp;&nbsp;&nbsp;&nbsp;&nbsp;&nbsp;&nbsp;&nbsp;&nbsp;&nbsp;&nbsp;&nbsp;&nbsp;&nbsp;&nbsp;&nbsp;&nbsp;&nbsp;&nbsp;&nbsp;&nbsp;&nbsp;&nbsp;&nbsp;&nbsp;&nbsp;&nbsp;&nbsp;&nbsp;<\/p>\n\n\n\n<p>16:00&nbsp;&nbsp; Konzert&nbsp;&nbsp;&nbsp;&nbsp;&nbsp;&nbsp;&nbsp;&nbsp;&nbsp;&nbsp; [17] Komponisten-Performer K.Guedes, D.Petzold, S.Vogel&nbsp; &nbsp; &nbsp; &nbsp;&nbsp;&nbsp;&nbsp;&nbsp;&nbsp;&nbsp;&nbsp;&nbsp;&nbsp;&nbsp;&nbsp;&nbsp;&nbsp;&nbsp;&nbsp;&nbsp;&nbsp; &nbsp; &nbsp;&nbsp;&nbsp;&nbsp;&nbsp;&nbsp;&nbsp;&nbsp;&nbsp;&nbsp;&nbsp;&nbsp;&nbsp;&nbsp;&nbsp;<\/p>\n\n\n\n<p>17:00&nbsp;&nbsp; Diskurs&nbsp;&nbsp;&nbsp;&nbsp;&nbsp;&nbsp;&nbsp;&nbsp;&nbsp;&nbsp; [04d] Neue Musik im Gespr\u00e4ch&nbsp;&nbsp;&nbsp;&nbsp;&nbsp;&nbsp;&nbsp;&nbsp;&nbsp;&nbsp;&nbsp;&nbsp;&nbsp;&nbsp;&nbsp;&nbsp;&nbsp;&nbsp;&nbsp;&nbsp;&nbsp;&nbsp;&nbsp;&nbsp;&nbsp;&nbsp;&nbsp;&nbsp;&nbsp;&nbsp;&nbsp;&nbsp;&nbsp;&nbsp;&nbsp;&nbsp;&nbsp;&nbsp;<\/p>\n\n\n\n<p><strong>Mo 23. August2021<\/strong><\/p>\n\n\n\n<p>18:00&nbsp;&nbsp; Werkstatt&nbsp;&nbsp;&nbsp;&nbsp;&nbsp;&nbsp;&nbsp; [18] Konzert St\u00e4dtische Musikschule&nbsp;&nbsp;&nbsp;&nbsp;&nbsp;&nbsp;&nbsp;&nbsp;&nbsp;&nbsp;&nbsp;&nbsp;&nbsp;&nbsp;&nbsp;&nbsp;&nbsp;&nbsp;&nbsp;&nbsp;&nbsp; &nbsp;&nbsp;&nbsp;&nbsp;&nbsp; &nbsp;&nbsp;&nbsp;&nbsp; &gt; Potsdam Museum<\/p>\n\n\n\n<p>19:30 &nbsp; Konzert&nbsp;&nbsp;&nbsp;&nbsp;&nbsp;&nbsp;&nbsp;&nbsp;&nbsp;&nbsp; [19] Ensemble via nova &nbsp;<em>fl, cl, vl, vc, akk<\/em>&nbsp;&nbsp;&nbsp;&nbsp;&nbsp;&nbsp;&nbsp;&nbsp;&nbsp;&nbsp;&nbsp;&nbsp;&nbsp;&nbsp;&nbsp;&nbsp;&nbsp;&nbsp;&nbsp;&nbsp;&nbsp;&nbsp;&nbsp;&nbsp;&nbsp;<\/p>\n\n\n\n<p>21:00&nbsp;&nbsp; Diskurs&nbsp;&nbsp;&nbsp;&nbsp;&nbsp;&nbsp;&nbsp;&nbsp;&nbsp;&nbsp;&nbsp; [4e] Neue Musik im Gespr\u00e4ch&nbsp;&nbsp;&nbsp;&nbsp;&nbsp;&nbsp;&nbsp;&nbsp;&nbsp;&nbsp;&nbsp;&nbsp;&nbsp;&nbsp;&nbsp;&nbsp;&nbsp;&nbsp;&nbsp;&nbsp;&nbsp;&nbsp;&nbsp;&nbsp;&nbsp;&nbsp;&nbsp;&nbsp;&nbsp;&nbsp;&nbsp;&nbsp;&nbsp;&nbsp;&nbsp;&nbsp;&nbsp;&nbsp;&nbsp;&nbsp;&nbsp;&nbsp;&nbsp;&nbsp;&nbsp;&nbsp;&nbsp;&nbsp;&nbsp;&nbsp;&nbsp;&nbsp;&nbsp;&nbsp;&nbsp;&nbsp;&nbsp;&nbsp;&nbsp;&nbsp;&nbsp;&nbsp;&nbsp;&nbsp;&nbsp;&nbsp;&nbsp;&nbsp;&nbsp;&nbsp;&nbsp;&nbsp;&nbsp;&nbsp;&nbsp;&nbsp;&nbsp;&nbsp;&nbsp;&nbsp;&nbsp;&nbsp;&nbsp;&nbsp;&nbsp;&nbsp;&nbsp;&nbsp;&nbsp;&nbsp;&nbsp;&nbsp;&nbsp; &nbsp;&nbsp;&nbsp;&nbsp;&nbsp;&nbsp;&nbsp;&nbsp;&nbsp;&nbsp;&nbsp;&nbsp;&nbsp;&nbsp;&nbsp;&nbsp;&nbsp;&nbsp;&nbsp;&nbsp;&nbsp;&nbsp;&nbsp;&nbsp;&nbsp;&nbsp;&nbsp;&nbsp;&nbsp;&nbsp;&nbsp;&nbsp;&nbsp;&nbsp;&nbsp;&nbsp;&nbsp;&nbsp;&nbsp;&nbsp;&nbsp;&nbsp;&nbsp;&nbsp;&nbsp;&nbsp;&nbsp;&nbsp;&nbsp;&nbsp;&nbsp;&nbsp;&nbsp;&nbsp;&nbsp;&nbsp;&nbsp;&nbsp;&nbsp;&nbsp;&nbsp;&nbsp;&nbsp;&nbsp;&nbsp;&nbsp;&nbsp;&nbsp;&nbsp;&nbsp;&nbsp;&nbsp;&nbsp;&nbsp;&nbsp;&nbsp;&nbsp;&nbsp;&nbsp;&nbsp;&nbsp;&nbsp;&nbsp;&nbsp;&nbsp;&nbsp;&nbsp;&nbsp;&nbsp;&nbsp;&nbsp;&nbsp;&nbsp;&nbsp;&nbsp;&nbsp;&nbsp;&nbsp;&nbsp;&nbsp;&nbsp;&nbsp;&nbsp;&nbsp;&nbsp;&nbsp;&nbsp;&nbsp;&nbsp;&nbsp;&nbsp;&nbsp;&nbsp;&nbsp;&nbsp;&nbsp;<\/p>\n\n\n\n<p><strong>19.-23.August 2021&nbsp; <\/strong>[20]<strong> Ausstellung <\/strong>(ge\u00f6ffnet Fr-Mo 16:00-19:00)&nbsp;&nbsp;&nbsp;&nbsp;&nbsp;&nbsp;&nbsp;&nbsp;&nbsp;&nbsp;&nbsp;&nbsp;&nbsp;&nbsp; &gt; Kunsthaus sans titre<\/p>\n\n\n\n<p>-Partiturseiten aller Konzerte (je 1 pro Werk)<\/p>\n\n\n\n<p>-Martin Daske \u201eFoliant 36&#8243; f\u00fcr Stimme<\/p>\n\n\n\n<p>-Javier Garavaglia\/Claudia Robles-Angel \u201eBeethovens Geist\u201c<\/p>\n\n\n\n<p>-Thomas Gerwin \u201eTaktile Musik 1+2\u201c<\/p>\n\n\n\n<p>-Mikos Meininger \u201eh\u00f6rweg\u201c<\/p>\n\n\n\n<p>-Sabine Vogel \u201eW\u00fcste Welt\u201c audiovisuell mit 2 Monitoren 2 Beamer<\/p>\n\n\n\n<p><strong>Sa 16. Oktober 2021<\/strong><\/p>\n\n\n\n<p>20:00 Br\u00fcckenkonzert &nbsp; [21] Irene Kurka&nbsp; <em>s solo<\/em> beim \u201eQuillo Festival\u201c&nbsp;&nbsp;&nbsp; &nbsp;&nbsp;&nbsp;&nbsp;&nbsp;&nbsp;&nbsp;&nbsp;&nbsp;&nbsp;&nbsp;&nbsp;&nbsp;&nbsp; &gt; Nordwestuckermark<\/p>\n\n\n\n<p><strong>Di 23. November<\/strong> <strong>2021<\/strong><\/p>\n\n\n\n<p>19:00 Abschlu\u00dfkonzert [22] beim \u201eCottbuser Musikherbst\u201c&nbsp;&nbsp;&nbsp;&nbsp;&nbsp;&nbsp;&nbsp;&nbsp;&nbsp;&nbsp;&nbsp;&nbsp;&nbsp;&nbsp;&nbsp;&nbsp;&nbsp;&nbsp;&nbsp;&nbsp;&nbsp;&nbsp; &nbsp;&nbsp;&nbsp;&nbsp;&nbsp;&nbsp;&nbsp;&nbsp;&nbsp;&nbsp;&nbsp;&nbsp;&nbsp; &gt; BTU Cottbus\/SFB<\/p>\n\n\n\n<p><strong>Partnerl\u00e4nder:<\/strong> Schweden und Ungarn<\/p>\n\n\n\n<p><strong>Schirmherrin:<\/strong> Ministerin Dr. Manja Sch\u00fcle &#8211; Ministerium f\u00fcr Wissenschaft, Forschung und Kultur des Landes Brandenburg<\/p>\n\n\n\n<p><strong>Medienpartner:<\/strong> <\/p>\n\n\n\n<div class=\"wp-block-columns is-layout-flex wp-container-core-columns-is-layout-9d6595d7 wp-block-columns-is-layout-flex\">\n<div class=\"wp-block-column is-layout-flow wp-block-column-is-layout-flow\"><div class=\"wp-block-image\">\n<figure class=\"aligncenter size-full\"><img decoding=\"async\" width=\"149\" height=\"39\" src=\"https:\/\/www.neue-musik-brandenburg.de\/wp-content\/uploads\/2021\/11\/Logo-RBB-klein.jpg\" alt=\"\" class=\"wp-image-362\"\/><figcaption class=\"wp-element-caption\"><a rel=\"noreferrer noopener\" href=\"https:\/\/www.rbb-online.de\/rbbkultur\/\" target=\"_blank\">RBB Kulturradio<\/a><\/figcaption><\/figure>\n<\/div><\/div>\n\n\n\n<div class=\"wp-block-column is-layout-flow wp-block-column-is-layout-flow\"><div class=\"wp-block-image\">\n<figure class=\"aligncenter size-full is-resized\"><img fetchpriority=\"high\" decoding=\"async\" width=\"484\" height=\"155\" src=\"https:\/\/www.neue-musik-brandenburg.de\/wp-content\/uploads\/2022\/03\/PNN_Zeitung_72dpi.png\" alt=\"\" class=\"wp-image-6176\" style=\"width:172px;height:54px\" srcset=\"https:\/\/www.neue-musik-brandenburg.de\/wp-content\/uploads\/2022\/03\/PNN_Zeitung_72dpi.png 484w, https:\/\/www.neue-musik-brandenburg.de\/wp-content\/uploads\/2022\/03\/PNN_Zeitung_72dpi-300x96.png 300w\" sizes=\"(max-width: 484px) 100vw, 484px\" \/><figcaption class=\"wp-element-caption\"><a rel=\"noreferrer noopener\" href=\"https:\/\/www.pnn.de\/\" target=\"_blank\">Potsdamer Neueste Nachrichten<\/a><\/figcaption><\/figure>\n<\/div><\/div>\n\n\n\n<div class=\"wp-block-column is-layout-flow wp-block-column-is-layout-flow\"><\/div>\n<\/div>\n\n\n\n<p><strong>F\u00f6rder- und Kooperationspartner:<\/strong> Land Brandenburg MWFK, Landeshauptstadt Potsdam, Stadt Eberswalde, Stadt Cottbus, St\u00e4dtische Musikschule Potsdam, Potsdam Museum, Kunsthaus sans titre, Landesmusikrat Brandenburg, Netzwerk Neue Musik, Kulturfeste Brandenburg, Electronic Music Foundation New York, Polnisches Institut Berlin, Nemzeti Kultur\u00e1lis Alap\/National Cultural Fund of Hungary, MIDO Instrumentenbau &nbsp;u.a.<\/p>\n\n\n\n<p><strong>Orte:<\/strong><a href=\"https:\/\/www.sans-titre.de\" target=\"_blank\" rel=\"noreferrer noopener\">Kunsthaus sans titre<\/a>, Franz\u00f6sische Str.18, 14467 Potsdam \/ <a href=\"http:\/\/www.evkirchepotsdam.de\/gemeinden\/nikolai\" target=\"_blank\" rel=\"noreferrer noopener\">Nikolaikirche<\/a>, Am Alten Markt, 14467 Potsdam \/ <a href=\"https:\/\/www.potsdam-museum.de\/\" target=\"_blank\" rel=\"noreferrer noopener\">Potsdam Museum<\/a> &#8211; Forum f\u00fcr Kunst und Geschichte, Am Alten Markt 9, 14467 Potsdam<\/p>\n\n\n\n<p><strong>Kartenreservierung erforderlich<\/strong> \u00fcber: <a href=\"mailto:info@neue-musik-brandenburg.de\">info@neue-musik-brandenburg.de<\/a><\/p>\n\n\n\n<p><strong>Anmeldung Soundwalk<\/strong> direkt \u00fcber: 0174-3387603 oder <a href=\"mailto:schenk.potsdam@t-online.de\">schenk.potsdam@t-online.de<\/a><\/p>\n\n\n\n<div class=\"wp-block-columns is-layout-flex wp-container-core-columns-is-layout-9d6595d7 wp-block-columns-is-layout-flex\">\n<div class=\"wp-block-column is-layout-flow wp-block-column-is-layout-flow\" style=\"flex-basis:100%\">\n<div class=\"wp-block-columns is-layout-flex wp-container-core-columns-is-layout-9d6595d7 wp-block-columns-is-layout-flex\">\n<div class=\"wp-block-column is-layout-flow wp-block-column-is-layout-flow\"><div class=\"wp-block-image\">\n<figure class=\"aligncenter size-full is-resized\"><img decoding=\"async\" width=\"984\" height=\"703\" src=\"https:\/\/www.neue-musik-brandenburg.de\/wp-content\/uploads\/2021\/12\/lg_mwfk.jpg\" alt=\"\" class=\"wp-image-515\" style=\"width:110px;height:77px\" srcset=\"https:\/\/www.neue-musik-brandenburg.de\/wp-content\/uploads\/2021\/12\/lg_mwfk.jpg 984w, https:\/\/www.neue-musik-brandenburg.de\/wp-content\/uploads\/2021\/12\/lg_mwfk-300x214.jpg 300w, https:\/\/www.neue-musik-brandenburg.de\/wp-content\/uploads\/2021\/12\/lg_mwfk-768x549.jpg 768w\" sizes=\"(max-width: 984px) 100vw, 984px\" \/><\/figure>\n<\/div><\/div>\n\n\n\n<div class=\"wp-block-column is-layout-flow wp-block-column-is-layout-flow\"><div class=\"wp-block-image\">\n<figure class=\"aligncenter size-full\"><img loading=\"lazy\" decoding=\"async\" width=\"984\" height=\"476\" src=\"https:\/\/www.neue-musik-brandenburg.de\/wp-content\/uploads\/2021\/11\/LHPgefoerdert_Logo_blau.jpg\" alt=\"\" class=\"wp-image-46\" srcset=\"https:\/\/www.neue-musik-brandenburg.de\/wp-content\/uploads\/2021\/11\/LHPgefoerdert_Logo_blau.jpg 984w, https:\/\/www.neue-musik-brandenburg.de\/wp-content\/uploads\/2021\/11\/LHPgefoerdert_Logo_blau-300x145.jpg 300w, https:\/\/www.neue-musik-brandenburg.de\/wp-content\/uploads\/2021\/11\/LHPgefoerdert_Logo_blau-768x372.jpg 768w\" sizes=\"(max-width: 984px) 100vw, 984px\" \/><\/figure>\n<\/div><\/div>\n\n\n\n<div class=\"wp-block-column is-layout-flow wp-block-column-is-layout-flow\"><div class=\"wp-block-image\">\n<figure class=\"aligncenter size-full\"><img loading=\"lazy\" decoding=\"async\" width=\"984\" height=\"378\" src=\"https:\/\/www.neue-musik-brandenburg.de\/wp-content\/uploads\/2021\/11\/46.-cottbuser-musikherbst.jpg\" alt=\"\" class=\"wp-image-29\" srcset=\"https:\/\/www.neue-musik-brandenburg.de\/wp-content\/uploads\/2021\/11\/46.-cottbuser-musikherbst.jpg 984w, https:\/\/www.neue-musik-brandenburg.de\/wp-content\/uploads\/2021\/11\/46.-cottbuser-musikherbst-300x115.jpg 300w, https:\/\/www.neue-musik-brandenburg.de\/wp-content\/uploads\/2021\/11\/46.-cottbuser-musikherbst-768x295.jpg 768w\" sizes=\"(max-width: 984px) 100vw, 984px\" \/><\/figure>\n<\/div><\/div>\n\n\n\n<div class=\"wp-block-column is-layout-flow wp-block-column-is-layout-flow\"><div class=\"wp-block-image\">\n<figure class=\"aligncenter size-full is-resized\"><img loading=\"lazy\" decoding=\"async\" width=\"984\" height=\"286\" src=\"https:\/\/www.neue-musik-brandenburg.de\/wp-content\/uploads\/2021\/12\/Stadtsignet_Eberswalde_10.jpg\" alt=\"\" class=\"wp-image-539\" style=\"width:182px;height:52px\" srcset=\"https:\/\/www.neue-musik-brandenburg.de\/wp-content\/uploads\/2021\/12\/Stadtsignet_Eberswalde_10.jpg 984w, https:\/\/www.neue-musik-brandenburg.de\/wp-content\/uploads\/2021\/12\/Stadtsignet_Eberswalde_10-300x87.jpg 300w, https:\/\/www.neue-musik-brandenburg.de\/wp-content\/uploads\/2021\/12\/Stadtsignet_Eberswalde_10-768x223.jpg 768w\" sizes=\"(max-width: 984px) 100vw, 984px\" \/><\/figure>\n<\/div><\/div>\n<\/div>\n<\/div>\n<\/div>\n\n\n\n<div class=\"wp-block-columns is-layout-flex wp-container-core-columns-is-layout-9d6595d7 wp-block-columns-is-layout-flex\">\n<div class=\"wp-block-column is-layout-flow wp-block-column-is-layout-flow\" style=\"flex-basis:100%\">\n<div class=\"wp-block-columns is-layout-flex wp-container-core-columns-is-layout-9d6595d7 wp-block-columns-is-layout-flex\">\n<div class=\"wp-block-column is-layout-flow wp-block-column-is-layout-flow\">\n<figure class=\"wp-block-image size-full is-resized\"><img loading=\"lazy\" decoding=\"async\" width=\"484\" height=\"202\" src=\"https:\/\/www.neue-musik-brandenburg.de\/wp-content\/uploads\/2021\/12\/MIDO-do-prospektu-22-04-2015.jpg\" alt=\"\" class=\"wp-image-520\" style=\"width:165px;height:69px\" srcset=\"https:\/\/www.neue-musik-brandenburg.de\/wp-content\/uploads\/2021\/12\/MIDO-do-prospektu-22-04-2015.jpg 484w, https:\/\/www.neue-musik-brandenburg.de\/wp-content\/uploads\/2021\/12\/MIDO-do-prospektu-22-04-2015-300x125.jpg 300w\" sizes=\"(max-width: 484px) 100vw, 484px\" \/><\/figure>\n<\/div>\n\n\n\n<div class=\"wp-block-column is-layout-flow wp-block-column-is-layout-flow\">\n<figure class=\"wp-block-image size-full is-resized\"><img loading=\"lazy\" decoding=\"async\" width=\"484\" height=\"194\" src=\"https:\/\/www.neue-musik-brandenburg.de\/wp-content\/uploads\/2021\/12\/sans_titre_logo1-Kopie.jpg\" alt=\"\" class=\"wp-image-537\" style=\"width:156px;height:62px\" srcset=\"https:\/\/www.neue-musik-brandenburg.de\/wp-content\/uploads\/2021\/12\/sans_titre_logo1-Kopie.jpg 484w, https:\/\/www.neue-musik-brandenburg.de\/wp-content\/uploads\/2021\/12\/sans_titre_logo1-Kopie-300x120.jpg 300w\" sizes=\"(max-width: 484px) 100vw, 484px\" \/><\/figure>\n<\/div>\n\n\n\n<div class=\"wp-block-column is-layout-flow wp-block-column-is-layout-flow\">\n<div class=\"wp-block-columns is-layout-flex wp-container-core-columns-is-layout-9d6595d7 wp-block-columns-is-layout-flex\">\n<div class=\"wp-block-column is-layout-flow wp-block-column-is-layout-flow\" style=\"flex-basis:100%\">\n<figure class=\"wp-block-image size-full\"><img loading=\"lazy\" decoding=\"async\" width=\"984\" height=\"295\" src=\"https:\/\/www.neue-musik-brandenburg.de\/wp-content\/uploads\/2021\/12\/kulturfeste-klein-e1648555783768.jpg\" alt=\"\" class=\"wp-image-512\" srcset=\"https:\/\/www.neue-musik-brandenburg.de\/wp-content\/uploads\/2021\/12\/kulturfeste-klein-e1648555783768.jpg 984w, https:\/\/www.neue-musik-brandenburg.de\/wp-content\/uploads\/2021\/12\/kulturfeste-klein-e1648555783768-300x90.jpg 300w, https:\/\/www.neue-musik-brandenburg.de\/wp-content\/uploads\/2021\/12\/kulturfeste-klein-e1648555783768-768x230.jpg 768w, https:\/\/www.neue-musik-brandenburg.de\/wp-content\/uploads\/2021\/12\/kulturfeste-klein-e1648555783768-980x295.jpg 980w\" sizes=\"(max-width: 984px) 100vw, 984px\" \/><\/figure>\n<\/div>\n<\/div>\n<\/div>\n\n\n\n<div class=\"wp-block-column is-layout-flow wp-block-column-is-layout-flow\"><div class=\"wp-block-image\">\n<figure class=\"aligncenter size-full\"><img loading=\"lazy\" decoding=\"async\" width=\"984\" height=\"216\" src=\"https:\/\/www.neue-musik-brandenburg.de\/wp-content\/uploads\/2021\/12\/nnm_logo.jpg.jpg\" alt=\"\" class=\"wp-image-527\" srcset=\"https:\/\/www.neue-musik-brandenburg.de\/wp-content\/uploads\/2021\/12\/nnm_logo.jpg.jpg 984w, https:\/\/www.neue-musik-brandenburg.de\/wp-content\/uploads\/2021\/12\/nnm_logo.jpg-300x66.jpg 300w, https:\/\/www.neue-musik-brandenburg.de\/wp-content\/uploads\/2021\/12\/nnm_logo.jpg-768x169.jpg 768w\" sizes=\"(max-width: 984px) 100vw, 984px\" \/><\/figure>\n<\/div><\/div>\n<\/div>\n<\/div>\n<\/div>\n\n\n\n<div class=\"wp-block-columns is-layout-flex wp-container-core-columns-is-layout-9d6595d7 wp-block-columns-is-layout-flex\">\n<div class=\"wp-block-column is-layout-flow wp-block-column-is-layout-flow\" style=\"flex-basis:100%\">\n<div class=\"wp-block-columns is-layout-flex wp-container-core-columns-is-layout-9d6595d7 wp-block-columns-is-layout-flex\">\n<div class=\"wp-block-column is-layout-flow wp-block-column-is-layout-flow\"><div class=\"wp-block-image\">\n<figure class=\"aligncenter size-full\"><img loading=\"lazy\" decoding=\"async\" width=\"484\" height=\"195\" src=\"https:\/\/www.neue-musik-brandenburg.de\/wp-content\/uploads\/2021\/12\/NKA-image.png\" alt=\"\" class=\"wp-image-526\" srcset=\"https:\/\/www.neue-musik-brandenburg.de\/wp-content\/uploads\/2021\/12\/NKA-image.png 484w, https:\/\/www.neue-musik-brandenburg.de\/wp-content\/uploads\/2021\/12\/NKA-image-300x121.png 300w\" sizes=\"(max-width: 484px) 100vw, 484px\" \/><\/figure>\n<\/div><\/div>\n\n\n\n<div class=\"wp-block-column is-layout-flow wp-block-column-is-layout-flow\"><div class=\"wp-block-image\">\n<figure class=\"aligncenter size-full is-resized\"><img loading=\"lazy\" decoding=\"async\" width=\"984\" height=\"622\" src=\"https:\/\/www.neue-musik-brandenburg.de\/wp-content\/uploads\/2021\/12\/IP-Berlin_logo.jpg\" alt=\"\" class=\"wp-image-508\" style=\"width:134px;height:84px\" srcset=\"https:\/\/www.neue-musik-brandenburg.de\/wp-content\/uploads\/2021\/12\/IP-Berlin_logo.jpg 984w, https:\/\/www.neue-musik-brandenburg.de\/wp-content\/uploads\/2021\/12\/IP-Berlin_logo-300x190.jpg 300w, https:\/\/www.neue-musik-brandenburg.de\/wp-content\/uploads\/2021\/12\/IP-Berlin_logo-768x485.jpg 768w\" sizes=\"(max-width: 984px) 100vw, 984px\" \/><\/figure>\n<\/div><\/div>\n\n\n\n<div class=\"wp-block-column is-layout-flow wp-block-column-is-layout-flow\"><div class=\"wp-block-image\">\n<figure class=\"aligncenter size-full is-resized\"><img loading=\"lazy\" decoding=\"async\" width=\"984\" height=\"634\" src=\"https:\/\/www.neue-musik-brandenburg.de\/wp-content\/uploads\/2021\/12\/musikfonds_web_color.jpg\" alt=\"\" class=\"wp-image-48\" style=\"width:134px;height:86px\"\/><\/figure>\n<\/div><\/div>\n\n\n\n<div class=\"wp-block-column is-layout-flow wp-block-column-is-layout-flow\"><div class=\"wp-block-image\">\n<figure class=\"aligncenter size-large is-resized\"><img loading=\"lazy\" decoding=\"async\" width=\"1024\" height=\"438\" src=\"https:\/\/www.neue-musik-brandenburg.de\/wp-content\/uploads\/2021\/12\/BKM_2017_Office_Farbe_de-1024x438.png\" alt=\"\" class=\"wp-image-493\" style=\"width:225px;height:96px\" srcset=\"https:\/\/www.neue-musik-brandenburg.de\/wp-content\/uploads\/2021\/12\/BKM_2017_Office_Farbe_de-1024x438.png 1024w, https:\/\/www.neue-musik-brandenburg.de\/wp-content\/uploads\/2021\/12\/BKM_2017_Office_Farbe_de-300x128.png 300w, https:\/\/www.neue-musik-brandenburg.de\/wp-content\/uploads\/2021\/12\/BKM_2017_Office_Farbe_de-768x329.png 768w, https:\/\/www.neue-musik-brandenburg.de\/wp-content\/uploads\/2021\/12\/BKM_2017_Office_Farbe_de-1536x657.png 1536w, https:\/\/www.neue-musik-brandenburg.de\/wp-content\/uploads\/2021\/12\/BKM_2017_Office_Farbe_de-1568x671.png 1568w, https:\/\/www.neue-musik-brandenburg.de\/wp-content\/uploads\/2021\/12\/BKM_2017_Office_Farbe_de.png 1944w\" sizes=\"(max-width: 1024px) 100vw, 1024px\" \/><\/figure>\n<\/div><\/div>\n<\/div>\n<\/div>\n<\/div>\n\n\n\n<hr class=\"wp-block-separator has-css-opacity is-style-default\"\/>\n\n\n\n<h2 class=\"wp-block-heading\"><strong>re-sonanz 2021<\/strong><\/h2>\n\n\n\n<p>Konzertreihe des Brandenburgischen Vereins Neue Musik e.V.<\/p>\n\n\n\n<p>Das j\u00e4hrliche \u201eBrandenburgische Fest der Neuen Musik &#8211; intersonanzen\u201c soll auch \u00fcber das Jahr in die Stadt und die Region ausstrahlen &#8211; durch die neue Konzertreihe \u201ere-sonanz\u201c mit Neuer Kammermusik aus Brandenburg.<\/p>\n\n\n\n<p>Die Reihe begann im Oktober 2020 mit einem Konzert von Roman Yusipey (Akkordeon) und begr\u00fcndete damit eine neue Kooperation des BVNM e.V. mit dem Kunstverein KunstHaus Potsdam e.V..<\/p>\n\n\n\n<p>F\u00fcr 2021 sind nun insgesamt 4 Konzerte in solistischer Besetzung geplant. Renommierte Solist*innen pr\u00e4sentieren Neue Musik aus Brandenburg und internationales Repertoire, jeweils in Bezug zu den wechselnden Ausstellungen im KunstHaus Potsdam, w\u00e4hrend &nbsp;der bzw. in denen sie stattfinden.<\/p>\n\n\n\n<p><strong>Diskurs:<\/strong> Im Anschluss an die Konzerte gibt es immer noch ein kurzes Gespr\u00e4ch des Festival-Leiters Thomas Gerwin mit den Musiker*innen, den anwesenden Komponist*innen und dem Publikum \u00fcber das soeben Erlebte.<\/p>\n\n\n\n<p><strong>Termine:<\/strong><\/p>\n\n\n\n<p>09.07.2021<strong> Matthias Bauer<\/strong>, Kontrabass, Stimme&nbsp;&nbsp; &gt;<a href=\"https:\/\/www.neue-musik-brandenburg.de\/wp-content\/uploads\/2022\/03\/pdf\/__re-sonanz 2021 Abendprogramm1 NEU.pdf\" target=\"_blank\" rel=\"noreferrer noopener\">Abendprogramm 1\/2021 als pdf<\/a><\/p>\n\n\n\n<p>24.09.2021<strong> Sabina Matthus-B\u00e9bi\u00e9<\/strong>, Klarinetten&nbsp;&nbsp;&nbsp;&nbsp;&nbsp; &gt;<a href=\"https:\/\/www.neue-musik-brandenburg.de\/wp-content\/uploads\/2022\/03\/pdf\/__re-sonanz 2021 Abendprogramm2.pdf\" target=\"_blank\" rel=\"noreferrer noopener\">Abendprogramm 2\/2021 als pdf<\/a><\/p>\n\n\n\n<p>05.11.2021<strong> Bettina Lange<\/strong>, Fl\u00f6ten\u00a0\u00a0\u00a0\u00a0\u00a0 ><a href=\"https:\/\/www.neue-musik-brandenburg.de\/wp-content\/uploads\/2024\/06\/re-sonanz-2021-Abendprogramm-LANGE.pdf\" target=\"_blank\" rel=\"noreferrer noopener\">Abendprogramm 3\/2021 als pdf<\/a><\/p>\n\n\n\n<p>10.12.2021<strong> Ruth Velten<\/strong>, Saxophone <strong>!!! Dieses Konzert f\u00e4llt leider krankheitsbedingt aus. Es wird in das neue Jahr 2022 verschoben.<\/strong><\/p>\n\n\n\n<p><strong>Beginn jeweils 19:00 Uhr.<\/strong><\/p>\n\n\n\n<h3 class=\"wp-block-heading\">Adresse:<strong> KunstHaus Potsdam, Ulanenweg 9, 14469 Potsdam<\/strong><\/h3>\n\n\n\n<p>Veranstalter: Brandenburgischer Verein Neue Musik &nbsp;e.V. &nbsp;<em>www.neue-musik-brandenburg.de<\/em><\/p>\n\n\n\n<p>in Kooperation mit dem Kunstverein KunstHaus Potsdam e.V.&nbsp;&nbsp; <em><a href=\"https:\/\/www.kvkhpotsdam.de\">www.kvkhpotsdam.de<\/a><\/em><\/p>\n\n\n\n<figure class=\"wp-block-image is-resized\"><img decoding=\"async\" src=\"https:\/\/www.neue-musik-brandenburg.de\/wp-content\/uploads\/2021\/12\/KHP-Logo-2020_3_Grund-Weiss_Typo-Grau-Gruen_RGB.jpg\" alt=\"\" style=\"width:133px;height:133px\"\/><\/figure>\n\n\n\n<p>Mit freundlicher Unterst\u00fctzung des Ministeriums f\u00fcr Wissenschaft, Forschung und Kultur des Landes Brandenburg und der Landeshauptstadt Potsdam<\/p>\n\n\n\n<div class=\"wp-block-columns is-layout-flex wp-container-core-columns-is-layout-9d6595d7 wp-block-columns-is-layout-flex\">\n<div class=\"wp-block-column is-layout-flow wp-block-column-is-layout-flow\"><div class=\"wp-block-image\">\n<figure class=\"aligncenter size-full is-resized\"><img loading=\"lazy\" decoding=\"async\" width=\"984\" height=\"703\" src=\"https:\/\/www.neue-musik-brandenburg.de\/wp-content\/uploads\/2021\/12\/lg_mwfk.jpg\" alt=\"\" class=\"wp-image-515\" style=\"width:159px;height:113px\" srcset=\"https:\/\/www.neue-musik-brandenburg.de\/wp-content\/uploads\/2021\/12\/lg_mwfk.jpg 984w, https:\/\/www.neue-musik-brandenburg.de\/wp-content\/uploads\/2021\/12\/lg_mwfk-300x214.jpg 300w, https:\/\/www.neue-musik-brandenburg.de\/wp-content\/uploads\/2021\/12\/lg_mwfk-768x549.jpg 768w\" sizes=\"(max-width: 984px) 100vw, 984px\" \/><\/figure>\n<\/div><\/div>\n\n\n\n<div class=\"wp-block-column is-layout-flow wp-block-column-is-layout-flow\"><div class=\"wp-block-image\">\n<figure class=\"aligncenter size-full is-resized\"><img loading=\"lazy\" decoding=\"async\" width=\"984\" height=\"216\" src=\"https:\/\/www.neue-musik-brandenburg.de\/wp-content\/uploads\/2021\/12\/nnm_logo.jpg.jpg\" alt=\"\" class=\"wp-image-527\" style=\"width:281px;height:61px\" srcset=\"https:\/\/www.neue-musik-brandenburg.de\/wp-content\/uploads\/2021\/12\/nnm_logo.jpg.jpg 984w, https:\/\/www.neue-musik-brandenburg.de\/wp-content\/uploads\/2021\/12\/nnm_logo.jpg-300x66.jpg 300w, https:\/\/www.neue-musik-brandenburg.de\/wp-content\/uploads\/2021\/12\/nnm_logo.jpg-768x169.jpg 768w\" sizes=\"(max-width: 984px) 100vw, 984px\" \/><\/figure>\n<\/div><\/div>\n\n\n\n<div class=\"wp-block-column is-layout-flow wp-block-column-is-layout-flow\"><div class=\"wp-block-image\">\n<figure class=\"aligncenter size-full is-resized\"><img loading=\"lazy\" decoding=\"async\" width=\"984\" height=\"476\" src=\"https:\/\/www.neue-musik-brandenburg.de\/wp-content\/uploads\/2021\/12\/LHPgefoerdert_Logo_blau.jpg\" alt=\"\" class=\"wp-image-517\" style=\"width:247px;height:119px\" srcset=\"https:\/\/www.neue-musik-brandenburg.de\/wp-content\/uploads\/2021\/12\/LHPgefoerdert_Logo_blau.jpg 984w, https:\/\/www.neue-musik-brandenburg.de\/wp-content\/uploads\/2021\/12\/LHPgefoerdert_Logo_blau-300x145.jpg 300w, https:\/\/www.neue-musik-brandenburg.de\/wp-content\/uploads\/2021\/12\/LHPgefoerdert_Logo_blau-768x372.jpg 768w\" sizes=\"(max-width: 984px) 100vw, 984px\" \/><\/figure>\n<\/div><\/div>\n<\/div>\n\n\n\n<p><strong>Kartenvorbestellung erforderlich unter:<\/strong>&nbsp; <a href=\"mailto:info@neue-musik-brandenburg.de\">info@neue-musik-brandenburg.de<\/a><\/p>\n","protected":false},"excerpt":{"rendered":"<p>&lt;&lt; Konzerte 2021 intersonanzen. &nbsp; Ein Experiment versucht etwas Neues, etwas, das mit der Tradition bricht oder zumindest \u00fcber sie hinaus geht &#8211; mit dem Ziel, den Blickwinkel zu erweitern und neue M\u00f6glichkeiten zu&#46;&#46;&#46;<\/p>\n","protected":false},"author":1,"featured_media":0,"parent":0,"menu_order":0,"comment_status":"closed","ping_status":"closed","template":"","meta":{"_custom_body_class":"","_custom_post_class":"","footnotes":""},"class_list":["post-5670","page","type-page","status-publish","hentry"],"translation":{"provider":"WPGlobus","version":"3.0.2","language":"en","enabled_languages":["de","en"],"languages":{"de":{"title":true,"content":true,"excerpt":false},"en":{"title":true,"content":false,"excerpt":false}}},"_links":{"self":[{"href":"https:\/\/www.neue-musik-brandenburg.de\/en\/wp-json\/wp\/v2\/pages\/5670","targetHints":{"allow":["GET"]}}],"collection":[{"href":"https:\/\/www.neue-musik-brandenburg.de\/en\/wp-json\/wp\/v2\/pages"}],"about":[{"href":"https:\/\/www.neue-musik-brandenburg.de\/en\/wp-json\/wp\/v2\/types\/page"}],"author":[{"embeddable":true,"href":"https:\/\/www.neue-musik-brandenburg.de\/en\/wp-json\/wp\/v2\/users\/1"}],"replies":[{"embeddable":true,"href":"https:\/\/www.neue-musik-brandenburg.de\/en\/wp-json\/wp\/v2\/comments?post=5670"}],"version-history":[{"count":26,"href":"https:\/\/www.neue-musik-brandenburg.de\/en\/wp-json\/wp\/v2\/pages\/5670\/revisions"}],"predecessor-version":[{"id":8477,"href":"https:\/\/www.neue-musik-brandenburg.de\/en\/wp-json\/wp\/v2\/pages\/5670\/revisions\/8477"}],"wp:attachment":[{"href":"https:\/\/www.neue-musik-brandenburg.de\/en\/wp-json\/wp\/v2\/media?parent=5670"}],"curies":[{"name":"wp","href":"https:\/\/api.w.org\/{rel}","templated":true}]}}