{"id":8417,"date":"2024-11-24T09:08:13","date_gmt":"2024-11-24T09:08:13","guid":{"rendered":"https:\/\/www.neue-musik-brandenburg.de\/?page_id=8417"},"modified":"2026-03-07T14:20:13","modified_gmt":"2026-03-07T14:20:13","slug":"konzerte-2024","status":"publish","type":"page","link":"https:\/\/www.neue-musik-brandenburg.de\/en\/konzerte-2024\/","title":{"rendered":"Konzerte 2024"},"content":{"rendered":"\t\t<div data-elementor-type=\"wp-page\" data-elementor-id=\"8417\" class=\"elementor elementor-8417\">\n\t\t\t\t\t\t<section class=\"elementor-section elementor-top-section elementor-element elementor-element-206ebc3 elementor-section-boxed elementor-section-height-default elementor-section-height-default\" data-id=\"206ebc3\" data-element_type=\"section\" data-e-type=\"section\">\n\t\t\t\t\t\t<div class=\"elementor-container elementor-column-gap-default\">\n\t\t\t\t\t<div class=\"elementor-column elementor-col-100 elementor-top-column elementor-element elementor-element-bc977b2\" data-id=\"bc977b2\" data-element_type=\"column\" data-e-type=\"column\">\n\t\t\t<div class=\"elementor-widget-wrap elementor-element-populated\">\n\t\t\t\t\t\t<div class=\"elementor-element elementor-element-2ce32e1 elementor-widget elementor-widget-heading\" data-id=\"2ce32e1\" data-element_type=\"widget\" data-e-type=\"widget\" data-widget_type=\"heading.default\">\n\t\t\t\t<div class=\"elementor-widget-container\">\n\t\t\t\t\t<h2 class=\"elementor-heading-title elementor-size-default\">Konzerte 2024<\/h2>\t\t\t\t<\/div>\n\t\t\t\t<\/div>\n\t\t\t\t\t<\/div>\n\t\t<\/div>\n\t\t\t\t\t<\/div>\n\t\t<\/section>\n\t\t\t\t<section class=\"elementor-section elementor-top-section elementor-element elementor-element-af1baff elementor-section-boxed elementor-section-height-default elementor-section-height-default\" data-id=\"af1baff\" data-element_type=\"section\" data-e-type=\"section\">\n\t\t\t\t\t\t<div class=\"elementor-container elementor-column-gap-default\">\n\t\t\t\t\t<div class=\"elementor-column elementor-col-100 elementor-top-column elementor-element elementor-element-c353bfa\" data-id=\"c353bfa\" data-element_type=\"column\" data-e-type=\"column\">\n\t\t\t<div class=\"elementor-widget-wrap elementor-element-populated\">\n\t\t\t\t\t\t<div class=\"elementor-element elementor-element-cec8c4b elementor-widget elementor-widget-heading\" data-id=\"cec8c4b\" data-element_type=\"widget\" data-e-type=\"widget\" data-widget_type=\"heading.default\">\n\t\t\t\t<div class=\"elementor-widget-container\">\n\t\t\t\t\t<h2 class=\"elementor-heading-title elementor-size-default\">24. Brandenburgisches Fest der Neuen Musik &nbsp; &nbsp; \n<\/h2>\t\t\t\t<\/div>\n\t\t\t\t<\/div>\n\t\t\t\t\t<\/div>\n\t\t<\/div>\n\t\t\t\t\t<\/div>\n\t\t<\/section>\n\t\t\t\t<section class=\"elementor-section elementor-top-section elementor-element elementor-element-b192bb3 elementor-section-boxed elementor-section-height-default elementor-section-height-default\" data-id=\"b192bb3\" data-element_type=\"section\" data-e-type=\"section\">\n\t\t\t\t\t\t<div class=\"elementor-container elementor-column-gap-default\">\n\t\t\t\t\t<div class=\"elementor-column elementor-col-100 elementor-top-column elementor-element elementor-element-6f5ade4\" data-id=\"6f5ade4\" data-element_type=\"column\" data-e-type=\"column\">\n\t\t\t<div class=\"elementor-widget-wrap elementor-element-populated\">\n\t\t\t\t\t\t<div class=\"elementor-element elementor-element-06e7f82 elementor-widget elementor-widget-image\" data-id=\"06e7f82\" data-element_type=\"widget\" data-e-type=\"widget\" data-widget_type=\"image.default\">\n\t\t\t\t<div class=\"elementor-widget-container\">\n\t\t\t\t\t\t\t\t\t\t\t\t\t\t\t<img fetchpriority=\"high\" decoding=\"async\" width=\"720\" height=\"340\" src=\"https:\/\/www.neue-musik-brandenburg.de\/wp-content\/uploads\/2024\/04\/IN-2024_Pos_Banner_1060x532_RL2-1-720x340.jpg\" class=\"attachment-thumb-large size-thumb-large wp-image-8161\" alt=\"\" srcset=\"https:\/\/www.neue-musik-brandenburg.de\/wp-content\/uploads\/2024\/04\/IN-2024_Pos_Banner_1060x532_RL2-1-720x340.jpg 720w, https:\/\/www.neue-musik-brandenburg.de\/wp-content\/uploads\/2024\/04\/IN-2024_Pos_Banner_1060x532_RL2-1-520x245.jpg 520w, https:\/\/www.neue-musik-brandenburg.de\/wp-content\/uploads\/2024\/04\/IN-2024_Pos_Banner_1060x532_RL2-1-1060x500.jpg 1060w\" sizes=\"(max-width: 720px) 100vw, 720px\" \/>\t\t\t\t\t\t\t\t\t\t\t\t\t\t\t<\/div>\n\t\t\t\t<\/div>\n\t\t\t\t\t<\/div>\n\t\t<\/div>\n\t\t\t\t\t<\/div>\n\t\t<\/section>\n\t\t\t\t<section class=\"elementor-section elementor-top-section elementor-element elementor-element-37860b8 elementor-section-boxed elementor-section-height-default elementor-section-height-default\" data-id=\"37860b8\" data-element_type=\"section\" data-e-type=\"section\">\n\t\t\t\t\t\t<div class=\"elementor-container elementor-column-gap-default\">\n\t\t\t\t\t<div class=\"elementor-column elementor-col-33 elementor-top-column elementor-element elementor-element-0845170\" data-id=\"0845170\" data-element_type=\"column\" data-e-type=\"column\">\n\t\t\t<div class=\"elementor-widget-wrap elementor-element-populated\">\n\t\t\t\t\t\t<div class=\"elementor-element elementor-element-9bc26cd elementor-widget elementor-widget-heading\" data-id=\"9bc26cd\" data-element_type=\"widget\" data-e-type=\"widget\" data-widget_type=\"heading.default\">\n\t\t\t\t<div class=\"elementor-widget-container\">\n\t\t\t\t\t<h1 class=\"elementor-heading-title elementor-size-default\">intersonanzen 2024<br>\n  <strong>i n t e r l i n e a r<\/strong>\n<p>\nAber ich lebe nur von den Zwischenr\u00e4umen\u201c Peter Handke<\/h1>\t\t\t\t<\/div>\n\t\t\t\t<\/div>\n\t\t\t\t\t<\/div>\n\t\t<\/div>\n\t\t\t\t<div class=\"elementor-column elementor-col-66 elementor-top-column elementor-element elementor-element-35130e1\" data-id=\"35130e1\" data-element_type=\"column\" data-e-type=\"column\">\n\t\t\t<div class=\"elementor-widget-wrap elementor-element-populated\">\n\t\t\t\t\t\t<div class=\"elementor-element elementor-element-47f6f1e elementor-widget elementor-widget-text-editor\" data-id=\"47f6f1e\" data-element_type=\"widget\" data-e-type=\"widget\" data-widget_type=\"text-editor.default\">\n\t\t\t\t<div class=\"elementor-widget-container\">\n\t\t\t\t\t\t\t\t\t<div class=\"page\" title=\"Page 1\">\n<div class=\"layoutArea\">\n<div class=\"column\">\n<p>Das Neue Musik-Festival intersonanzen findet vom <strong>30.05.- 09.06.2024<\/strong> statt. Austragungsorte sind das <strong>Potsdam Museum<\/strong>, das <strong>Palais Lichtenau<\/strong> und das <strong>Museum FLUXUS+<\/strong>.<\/p>\n<p><strong><em>interlinear<\/em><\/strong> betont den offenen Raum, der zwischen den Zeilen und Linien, zwischen Musik und anderen K\u00fcnsten entsteht. Dabei wird der Blick auf ein Mehr gerichtet, das sich durch die sich weitende Perspektive ergibt.<br \/>Die Vision des Teams um den neuen k\u00fcnstlerischen Leiter <em>Henry Mex<\/em> f\u00fcr das kommende Festival und die n\u00e4chsten Jahre, ist die sich gegenseitig beeinflussende und erg\u00e4nzende Kombination von gegenw\u00e4rtiger Musik und anderen K\u00fcnsten &#8211; einschlie\u00dflich visueller Kunst, Technologie und KI. 2024 startet das Festival mit Musik und Literatur. Wir erleben mit dem <em>Broken Frames Syndicate <\/em>eine inszenierte Lesung des Fontane-Preistr\u00e4gers <em>Matthias Nawrat<\/em> und in einem weiteren Konzert werden Texte von ihm und anderen Autoren einflie\u00dfen.<\/p>\n<p><em>Frau Prof. Dr. Ulrike Liedtke<\/em> l\u00e4dt in einer Gespr\u00e4chsrunde Schriftsteller:innen, Komponist:innen und Musiker:innen im Museum FLUXUS+ zu einer Gespr\u00e4chsrunde \u00fcber <em>interlineare Kunst<\/em> ein. Nach den Konzerten wird es wieder die M\u00f6glichkeit von Diskursgespr\u00e4chen geben.<\/p>\n<p>Die <em>intersonanzen<\/em> 2024 werden die Zusammenarbeit mit internationalen Spitzenensembles wie <em>Ensemble Couleurs<\/em> (RO), <em>Cracow Duo<\/em> (PL) und <em>Good Mori<\/em> (KR) fortsetzen. Es wird Br\u00fcckenkonzerte in Krakow, Bukarest und Cluj-Napoca geben. Genauso wichtig ist der musikalische Raum f\u00fcr Kinder, Jugendliche und angehende Musiker:innen in der Kooperation mit der <em>Voltaireschule<\/em> und der <em>Musikschule Johann Sebastian Bach<\/em>.<br \/>Improvisierte Musik und Komponistenperformer sowie ein <em>Soundwalk<\/em> werden auch diesmal nicht fehlen.<\/p>\n<\/div>\n<\/div>\n<\/div>\t\t\t\t\t\t\t\t<\/div>\n\t\t\t\t<\/div>\n\t\t\t\t\t<\/div>\n\t\t<\/div>\n\t\t\t\t\t<\/div>\n\t\t<\/section>\n\t\t\t\t<section class=\"elementor-section elementor-top-section elementor-element elementor-element-1cc3776 elementor-section-boxed elementor-section-height-default elementor-section-height-default\" data-id=\"1cc3776\" data-element_type=\"section\" data-e-type=\"section\">\n\t\t\t\t\t\t<div class=\"elementor-container elementor-column-gap-default\">\n\t\t\t\t\t<div class=\"elementor-column elementor-col-100 elementor-top-column elementor-element elementor-element-f9b2750\" data-id=\"f9b2750\" data-element_type=\"column\" data-e-type=\"column\">\n\t\t\t<div class=\"elementor-widget-wrap elementor-element-populated\">\n\t\t\t\t\t\t<div class=\"elementor-element elementor-element-680838d elementor-widget elementor-widget-image\" data-id=\"680838d\" data-element_type=\"widget\" data-e-type=\"widget\" data-widget_type=\"image.default\">\n\t\t\t\t<div class=\"elementor-widget-container\">\n\t\t\t\t\t\t\t\t\t\t\t\t\t\t\t<img decoding=\"async\" width=\"1024\" height=\"39\" src=\"https:\/\/www.neue-musik-brandenburg.de\/wp-content\/uploads\/2022\/02\/BVNM_schwarze_Linie_fast_glatt_Waagerecht-1024x39.png\" class=\"attachment-large size-large wp-image-4513\" alt=\"\" srcset=\"https:\/\/www.neue-musik-brandenburg.de\/wp-content\/uploads\/2022\/02\/BVNM_schwarze_Linie_fast_glatt_Waagerecht-1024x39.png 1024w, https:\/\/www.neue-musik-brandenburg.de\/wp-content\/uploads\/2022\/02\/BVNM_schwarze_Linie_fast_glatt_Waagerecht-300x11.png 300w, https:\/\/www.neue-musik-brandenburg.de\/wp-content\/uploads\/2022\/02\/BVNM_schwarze_Linie_fast_glatt_Waagerecht-768x29.png 768w, https:\/\/www.neue-musik-brandenburg.de\/wp-content\/uploads\/2022\/02\/BVNM_schwarze_Linie_fast_glatt_Waagerecht-1536x59.png 1536w, https:\/\/www.neue-musik-brandenburg.de\/wp-content\/uploads\/2022\/02\/BVNM_schwarze_Linie_fast_glatt_Waagerecht-2048x78.png 2048w\" sizes=\"(max-width: 1024px) 100vw, 1024px\" \/>\t\t\t\t\t\t\t\t\t\t\t\t\t\t\t<\/div>\n\t\t\t\t<\/div>\n\t\t\t\t\t<\/div>\n\t\t<\/div>\n\t\t\t\t\t<\/div>\n\t\t<\/section>\n\t\t\t\t<section class=\"elementor-section elementor-top-section elementor-element elementor-element-152c4be elementor-section-boxed elementor-section-height-default elementor-section-height-default\" data-id=\"152c4be\" data-element_type=\"section\" data-e-type=\"section\">\n\t\t\t\t\t\t<div class=\"elementor-container elementor-column-gap-default\">\n\t\t\t\t\t<div class=\"elementor-column elementor-col-100 elementor-top-column elementor-element elementor-element-199a2c7\" data-id=\"199a2c7\" data-element_type=\"column\" data-e-type=\"column\">\n\t\t\t<div class=\"elementor-widget-wrap elementor-element-populated\">\n\t\t\t\t\t\t<div class=\"elementor-element elementor-element-3b865cf elementor-widget elementor-widget-heading\" data-id=\"3b865cf\" data-element_type=\"widget\" data-e-type=\"widget\" data-widget_type=\"heading.default\">\n\t\t\t\t<div class=\"elementor-widget-container\">\n\t\t\t\t\t<h2 class=\"elementor-heading-title elementor-size-default\">Programm<\/h2>\t\t\t\t<\/div>\n\t\t\t\t<\/div>\n\t\t\t\t\t<\/div>\n\t\t<\/div>\n\t\t\t\t\t<\/div>\n\t\t<\/section>\n\t\t\t\t<section class=\"elementor-section elementor-top-section elementor-element elementor-element-5c4e41b elementor-section-boxed elementor-section-height-default elementor-section-height-default\" data-id=\"5c4e41b\" data-element_type=\"section\" data-e-type=\"section\">\n\t\t\t\t\t\t<div class=\"elementor-container elementor-column-gap-default\">\n\t\t\t\t\t<div class=\"elementor-column elementor-col-33 elementor-top-column elementor-element elementor-element-8cd18bd\" data-id=\"8cd18bd\" data-element_type=\"column\" data-e-type=\"column\">\n\t\t\t<div class=\"elementor-widget-wrap elementor-element-populated\">\n\t\t\t\t\t\t<div class=\"elementor-element elementor-element-c8a1c47 elementor-widget elementor-widget-text-editor\" data-id=\"c8a1c47\" data-element_type=\"widget\" data-e-type=\"widget\" data-widget_type=\"text-editor.default\">\n\t\t\t\t<div class=\"elementor-widget-container\">\n\t\t\t\t\t\t\t\t\t<h4><strong>Do 30. Mai 2024<\/strong><\/h4>\t\t\t\t\t\t\t\t<\/div>\n\t\t\t\t<\/div>\n\t\t\t\t\t<\/div>\n\t\t<\/div>\n\t\t\t\t<div class=\"elementor-column elementor-col-33 elementor-top-column elementor-element elementor-element-6d3ce97\" data-id=\"6d3ce97\" data-element_type=\"column\" data-e-type=\"column\">\n\t\t\t<div class=\"elementor-widget-wrap elementor-element-populated\">\n\t\t\t\t\t\t<div class=\"elementor-element elementor-element-71bd2b3 elementor-widget elementor-widget-text-editor\" data-id=\"71bd2b3\" data-element_type=\"widget\" data-e-type=\"widget\" data-widget_type=\"text-editor.default\">\n\t\t\t\t<div class=\"elementor-widget-container\">\n\t\t\t\t\t\t\t\t\t<p><strong>museum FLUXUS+<br \/><\/strong><\/p>\t\t\t\t\t\t\t\t<\/div>\n\t\t\t\t<\/div>\n\t\t\t\t\t<\/div>\n\t\t<\/div>\n\t\t\t\t<div class=\"elementor-column elementor-col-33 elementor-top-column elementor-element elementor-element-4a56715\" data-id=\"4a56715\" data-element_type=\"column\" data-e-type=\"column\">\n\t\t\t<div class=\"elementor-widget-wrap\">\n\t\t\t\t\t\t\t<\/div>\n\t\t<\/div>\n\t\t\t\t\t<\/div>\n\t\t<\/section>\n\t\t\t\t<section class=\"elementor-section elementor-top-section elementor-element elementor-element-3a55413 elementor-section-boxed elementor-section-height-default elementor-section-height-default\" data-id=\"3a55413\" data-element_type=\"section\" data-e-type=\"section\">\n\t\t\t\t\t\t<div class=\"elementor-container elementor-column-gap-default\">\n\t\t\t\t\t<div class=\"elementor-column elementor-col-33 elementor-top-column elementor-element elementor-element-269e96e\" data-id=\"269e96e\" data-element_type=\"column\" data-e-type=\"column\">\n\t\t\t<div class=\"elementor-widget-wrap elementor-element-populated\">\n\t\t\t\t\t\t<div class=\"elementor-element elementor-element-5251cc9 elementor-widget elementor-widget-text-editor\" data-id=\"5251cc9\" data-element_type=\"widget\" data-e-type=\"widget\" data-widget_type=\"text-editor.default\">\n\t\t\t\t<div class=\"elementor-widget-container\">\n\t\t\t\t\t\t\t\t\t<p><strong>19:00\u00a0 \u00a0\u00a0<\/strong><\/p>\t\t\t\t\t\t\t\t<\/div>\n\t\t\t\t<\/div>\n\t\t\t\t\t<\/div>\n\t\t<\/div>\n\t\t\t\t<div class=\"elementor-column elementor-col-33 elementor-top-column elementor-element elementor-element-bf97039\" data-id=\"bf97039\" data-element_type=\"column\" data-e-type=\"column\">\n\t\t\t<div class=\"elementor-widget-wrap elementor-element-populated\">\n\t\t\t\t\t\t<div class=\"elementor-element elementor-element-0253b32 elementor-widget elementor-widget-text-editor\" data-id=\"0253b32\" data-element_type=\"widget\" data-e-type=\"widget\" data-widget_type=\"text-editor.default\">\n\t\t\t\t<div class=\"elementor-widget-container\">\n\t\t\t\t\t\t\t\t\t<p><strong>Vernissage Klanginstallation<\/strong>,<br \/>Klangkunst f\u00fcr 4-Kanal Lautsprecherinstallation <br \/>(ge\u00f6ffnet bis zum 9.6.24)<\/p>\n<p><strong>Susanne Stelzenbach<\/strong> \u2013 <em>unsichtbar <\/em>2006\/2012<br \/><strong>Alex Nowitz<\/strong> &#8211; <em>Klangduschen <\/em>f\u00fcr vier Lautsprecher (2008\/24)<br \/><strong>Martin Daske<\/strong> &#8211; <em>Thinking of something I don&#8217;t know<br \/><\/em><strong>Sabine Vogel<\/strong> \u2013 <em>INTERTWINING <\/em>Urauff\u00fchrung der 4-Kanalversion<br \/><strong>Thomas Gerwin<\/strong> <em>transFORM oder Zuang f\u00fcr 4<\/em> (2002) radiophone Vier-Kanal-Komposition.<\/p>\t\t\t\t\t\t\t\t<\/div>\n\t\t\t\t<\/div>\n\t\t\t\t\t<\/div>\n\t\t<\/div>\n\t\t\t\t<div class=\"elementor-column elementor-col-33 elementor-top-column elementor-element elementor-element-8ad6dec\" data-id=\"8ad6dec\" data-element_type=\"column\" data-e-type=\"column\">\n\t\t\t<div class=\"elementor-widget-wrap elementor-element-populated\">\n\t\t\t\t\t\t<div class=\"elementor-element elementor-element-b7b008b elementor-widget elementor-widget-text-editor\" data-id=\"b7b008b\" data-element_type=\"widget\" data-e-type=\"widget\" data-widget_type=\"text-editor.default\">\n\t\t\t\t<div class=\"elementor-widget-container\">\n\t\t\t\t\t\t\t\t\t<p><strong>museum FLUXUS+<\/strong><\/p>\t\t\t\t\t\t\t\t<\/div>\n\t\t\t\t<\/div>\n\t\t\t\t<div class=\"elementor-element elementor-element-1ec5f9f elementor-widget elementor-widget-image\" data-id=\"1ec5f9f\" data-element_type=\"widget\" data-e-type=\"widget\" data-widget_type=\"image.default\">\n\t\t\t\t<div class=\"elementor-widget-container\">\n\t\t\t\t\t\t\t\t\t\t\t\t<figure class=\"wp-caption\">\n\t\t\t\t\t\t\t\t\t\t<img decoding=\"async\" width=\"1024\" height=\"777\" src=\"https:\/\/www.neue-musik-brandenburg.de\/wp-content\/uploads\/2024\/04\/Gerwin_transFORM-Graphik.jpg\" class=\"attachment-large size-large wp-image-8261\" alt=\"\" srcset=\"https:\/\/www.neue-musik-brandenburg.de\/wp-content\/uploads\/2024\/04\/Gerwin_transFORM-Graphik.jpg 1025w, https:\/\/www.neue-musik-brandenburg.de\/wp-content\/uploads\/2024\/04\/Gerwin_transFORM-Graphik-300x228.jpg 300w, https:\/\/www.neue-musik-brandenburg.de\/wp-content\/uploads\/2024\/04\/Gerwin_transFORM-Graphik-768x583.jpg 768w\" sizes=\"(max-width: 1024px) 100vw, 1024px\" \/>\t\t\t\t\t\t\t\t\t\t\t<figcaption class=\"widget-image-caption wp-caption-text\">transFORM, Graphik: Thomas Gerwin<\/figcaption>\n\t\t\t\t\t\t\t\t\t\t<\/figure>\n\t\t\t\t\t\t\t\t\t<\/div>\n\t\t\t\t<\/div>\n\t\t\t\t\t<\/div>\n\t\t<\/div>\n\t\t\t\t\t<\/div>\n\t\t<\/section>\n\t\t\t\t<section class=\"elementor-section elementor-top-section elementor-element elementor-element-c6b97b5 elementor-section-boxed elementor-section-height-default elementor-section-height-default\" data-id=\"c6b97b5\" data-element_type=\"section\" data-e-type=\"section\">\n\t\t\t\t\t\t<div class=\"elementor-container elementor-column-gap-default\">\n\t\t\t\t\t<div class=\"elementor-column elementor-col-33 elementor-top-column elementor-element elementor-element-c77062b\" data-id=\"c77062b\" data-element_type=\"column\" data-e-type=\"column\">\n\t\t\t<div class=\"elementor-widget-wrap elementor-element-populated\">\n\t\t\t\t\t\t<div class=\"elementor-element elementor-element-3442286 elementor-widget elementor-widget-text-editor\" data-id=\"3442286\" data-element_type=\"widget\" data-e-type=\"widget\" data-widget_type=\"text-editor.default\">\n\t\t\t\t<div class=\"elementor-widget-container\">\n\t\t\t\t\t\t\t\t\t<p><strong>\u00a0<\/strong><\/p>\t\t\t\t\t\t\t\t<\/div>\n\t\t\t\t<\/div>\n\t\t\t\t\t<\/div>\n\t\t<\/div>\n\t\t\t\t<div class=\"elementor-column elementor-col-33 elementor-top-column elementor-element elementor-element-c56c6a6\" data-id=\"c56c6a6\" data-element_type=\"column\" data-e-type=\"column\">\n\t\t\t<div class=\"elementor-widget-wrap elementor-element-populated\">\n\t\t\t\t\t\t<div class=\"elementor-element elementor-element-07b2f7e elementor-widget elementor-widget-text-editor\" data-id=\"07b2f7e\" data-element_type=\"widget\" data-e-type=\"widget\" data-widget_type=\"text-editor.default\">\n\t\t\t\t<div class=\"elementor-widget-container\">\n\t\t\t\t\t\t\t\t\t<p><strong>Er\u00f6ffnungskonzert im Potsdam Museum<\/strong><\/p>\n<p>Ensemble Couleurs (Cluj-Napoca &#8211; Ruma\u0308nien)<br \/>Ein Br\u00fcckenkonzert wird am 25.5.24 in Bukarest stattfinden.<\/p>\n<p>Ramona\u00a0<span class=\"gmail-il\">Murariu<\/span> &#8211; Fl\u00f6te, Sergiu Cebotari &#8211; Klarinette, Sonia Vulturar &#8211; Violine, Fodor Lilla Dorottya &#8211; Viola, Adela Hania Greab &#8211; Violoncello, Alexandru Laz\u0103r &#8211; Klavier, Alexandru\u00a0<span class=\"gmail-il\">Murariu<\/span>\u00a0&#8211; Dirigent.<\/p>\n<p><strong>Irina Emeliantseva<\/strong> \u2013 <em>Lux tempore III<\/em>\u00a0 f\u00fcr Fl\u00f6te und Klavier, (2024) <strong><em>DEA<\/em><\/strong><br \/><strong>Susanne Stelzenbach<\/strong> &#8211; <em>Expanded Explorations <\/em>f\u00fcr Klarinette, Streichtrio und Klavier, <strong><em>DEA<br \/><\/em>Doina Rotaru <\/strong><em>Fatum<\/em> f\u00fcr Ensemble (2022) <strong><em>DEA<\/em><\/strong><\/p>\n<p><strong>Helmut Zapf \u2013 <\/strong><em>Heimat<\/em> f\u00fcr Ensemble (2017)<strong><br \/>Gabriel Iranyi<\/strong> \u2013 <em>Due Espressioni<\/em>\u00a0 Neufassung f\u00fcr Ensemble <strong><em>DEA<\/em><\/strong><br \/><strong>Alexandru Murariu<\/strong><em> Layers <\/em>f\u00fcr Ensemble (2024) <strong><em>DEA<\/em><\/strong><\/p>\n<p><em><strong>DEA<\/strong><\/em> = Deutsche Erstauff\u00fchrung<\/p>\t\t\t\t\t\t\t\t<\/div>\n\t\t\t\t<\/div>\n\t\t\t\t\t<\/div>\n\t\t<\/div>\n\t\t\t\t<div class=\"elementor-column elementor-col-33 elementor-top-column elementor-element elementor-element-1ccd0db\" data-id=\"1ccd0db\" data-element_type=\"column\" data-e-type=\"column\">\n\t\t\t<div class=\"elementor-widget-wrap elementor-element-populated\">\n\t\t\t\t\t\t<div class=\"elementor-element elementor-element-017d903 elementor-widget__width-initial elementor-widget elementor-widget-text-editor\" data-id=\"017d903\" data-element_type=\"widget\" data-e-type=\"widget\" data-widget_type=\"text-editor.default\">\n\t\t\t\t<div class=\"elementor-widget-container\">\n\t\t\t\t\t\t\t\t\t<p><strong>Potsdam Museum<br \/><\/strong><\/p>\n<p><strong>\u00a0<\/strong><\/p>\n<p><strong>\u00a0<\/strong><\/p>\t\t\t\t\t\t\t\t<\/div>\n\t\t\t\t<\/div>\n\t\t\t\t<div class=\"elementor-element elementor-element-5c66a5a elementor-widget elementor-widget-image\" data-id=\"5c66a5a\" data-element_type=\"widget\" data-e-type=\"widget\" data-widget_type=\"image.default\">\n\t\t\t\t<div class=\"elementor-widget-container\">\n\t\t\t\t\t\t\t\t\t\t\t\t<figure class=\"wp-caption\">\n\t\t\t\t\t\t\t\t\t\t<img loading=\"lazy\" decoding=\"async\" width=\"1024\" height=\"683\" src=\"https:\/\/www.neue-musik-brandenburg.de\/wp-content\/uploads\/2024\/04\/Ensemble-Couleurs_Fotograf-George-Moldovan-1024x683.jpg\" class=\"attachment-large size-large wp-image-8260\" alt=\"\" srcset=\"https:\/\/www.neue-musik-brandenburg.de\/wp-content\/uploads\/2024\/04\/Ensemble-Couleurs_Fotograf-George-Moldovan-1024x683.jpg 1024w, https:\/\/www.neue-musik-brandenburg.de\/wp-content\/uploads\/2024\/04\/Ensemble-Couleurs_Fotograf-George-Moldovan-300x200.jpg 300w, https:\/\/www.neue-musik-brandenburg.de\/wp-content\/uploads\/2024\/04\/Ensemble-Couleurs_Fotograf-George-Moldovan-768x512.jpg 768w, https:\/\/www.neue-musik-brandenburg.de\/wp-content\/uploads\/2024\/04\/Ensemble-Couleurs_Fotograf-George-Moldovan-1536x1024.jpg 1536w, https:\/\/www.neue-musik-brandenburg.de\/wp-content\/uploads\/2024\/04\/Ensemble-Couleurs_Fotograf-George-Moldovan-2048x1365.jpg 2048w\" sizes=\"(max-width: 1024px) 100vw, 1024px\" \/>\t\t\t\t\t\t\t\t\t\t\t<figcaption class=\"widget-image-caption wp-caption-text\">Ensemble Couleurs, Foto: George Moldovan<\/figcaption>\n\t\t\t\t\t\t\t\t\t\t<\/figure>\n\t\t\t\t\t\t\t\t\t<\/div>\n\t\t\t\t<\/div>\n\t\t\t\t\t<\/div>\n\t\t<\/div>\n\t\t\t\t\t<\/div>\n\t\t<\/section>\n\t\t\t\t<section class=\"elementor-section elementor-top-section elementor-element elementor-element-51b0809 elementor-section-boxed elementor-section-height-default elementor-section-height-default\" data-id=\"51b0809\" data-element_type=\"section\" data-e-type=\"section\">\n\t\t\t\t\t\t<div class=\"elementor-container elementor-column-gap-default\">\n\t\t\t\t\t<div class=\"elementor-column elementor-col-33 elementor-top-column elementor-element elementor-element-c33e392\" data-id=\"c33e392\" data-element_type=\"column\" data-e-type=\"column\">\n\t\t\t<div class=\"elementor-widget-wrap elementor-element-populated\">\n\t\t\t\t\t\t<div class=\"elementor-element elementor-element-5e87ef9 elementor-widget elementor-widget-text-editor\" data-id=\"5e87ef9\" data-element_type=\"widget\" data-e-type=\"widget\" data-widget_type=\"text-editor.default\">\n\t\t\t\t<div class=\"elementor-widget-container\">\n\t\t\t\t\t\t\t\t\t<h4><strong>Fr 31. Mai 2024<\/strong><\/h4>\t\t\t\t\t\t\t\t<\/div>\n\t\t\t\t<\/div>\n\t\t\t\t\t<\/div>\n\t\t<\/div>\n\t\t\t\t<div class=\"elementor-column elementor-col-33 elementor-top-column elementor-element elementor-element-3785115\" data-id=\"3785115\" data-element_type=\"column\" data-e-type=\"column\">\n\t\t\t<div class=\"elementor-widget-wrap elementor-element-populated\">\n\t\t\t\t\t\t<div class=\"elementor-element elementor-element-51745fa elementor-widget elementor-widget-text-editor\" data-id=\"51745fa\" data-element_type=\"widget\" data-e-type=\"widget\" data-widget_type=\"text-editor.default\">\n\t\t\t\t<div class=\"elementor-widget-container\">\n\t\t\t\t\t\t\t\t\t<p>Potsdam Museum<\/p>\t\t\t\t\t\t\t\t<\/div>\n\t\t\t\t<\/div>\n\t\t\t\t\t<\/div>\n\t\t<\/div>\n\t\t\t\t<div class=\"elementor-column elementor-col-33 elementor-top-column elementor-element elementor-element-797b6e2\" data-id=\"797b6e2\" data-element_type=\"column\" data-e-type=\"column\">\n\t\t\t<div class=\"elementor-widget-wrap\">\n\t\t\t\t\t\t\t<\/div>\n\t\t<\/div>\n\t\t\t\t\t<\/div>\n\t\t<\/section>\n\t\t\t\t<section class=\"elementor-section elementor-top-section elementor-element elementor-element-8bf6333 elementor-section-boxed elementor-section-height-default elementor-section-height-default\" data-id=\"8bf6333\" data-element_type=\"section\" data-e-type=\"section\">\n\t\t\t\t\t\t<div class=\"elementor-container elementor-column-gap-default\">\n\t\t\t\t\t<div class=\"elementor-column elementor-col-33 elementor-top-column elementor-element elementor-element-ecff3f9\" data-id=\"ecff3f9\" data-element_type=\"column\" data-e-type=\"column\">\n\t\t\t<div class=\"elementor-widget-wrap elementor-element-populated\">\n\t\t\t\t\t\t<div class=\"elementor-element elementor-element-1d9fe6f elementor-widget elementor-widget-text-editor\" data-id=\"1d9fe6f\" data-element_type=\"widget\" data-e-type=\"widget\" data-widget_type=\"text-editor.default\">\n\t\t\t\t<div class=\"elementor-widget-container\">\n\t\t\t\t\t\t\t\t\t<p><strong>18:30\u00a0 \u00a0\u00a0<\/strong><\/p>\t\t\t\t\t\t\t\t<\/div>\n\t\t\t\t<\/div>\n\t\t\t\t\t<\/div>\n\t\t<\/div>\n\t\t\t\t<div class=\"elementor-column elementor-col-33 elementor-top-column elementor-element elementor-element-d34f3c4\" data-id=\"d34f3c4\" data-element_type=\"column\" data-e-type=\"column\">\n\t\t\t<div class=\"elementor-widget-wrap elementor-element-populated\">\n\t\t\t\t\t\t<div class=\"elementor-element elementor-element-7f35256 elementor-widget elementor-widget-text-editor\" data-id=\"7f35256\" data-element_type=\"widget\" data-e-type=\"widget\" data-widget_type=\"text-editor.default\">\n\t\t\t\t<div class=\"elementor-widget-container\">\n\t\t\t\t\t\t\t\t\t<p><strong>Ensemble JungeMusik<\/strong> BB<br \/>Irina Yudaeva &#8211; Saxophone, Anna Katharina Schau &#8211; Akkordeon, Nadezda Tseluykina &#8211; Klavier, Kateryna Vashchenko &#8211; Violine\u00a0<\/p>\n<p><strong>Albert Breier &#8211; <\/strong><em>Fleurs des jardins secrets<\/em>\u00a0 Neufassung f\u00fcr Saxophon<br \/><strong>Lothar Voigtl\u00e4nder<\/strong> <em>Struktur und Turbulenzen<\/em> Klavier Solo<br \/><strong>Kathrin A. Denner<\/strong> &#8211; <em>Grenzlicht<\/em> f\u00fcr Violine und Akkordeon<br \/><strong>Oleg Bezborodko <\/strong>&#8211; <em>Kommos<\/em> f\u00fcr Violine<strong><br \/>Johannes B. Borowski<\/strong> &#8211; <em>Lied<\/em> f\u00fcr Akkordeon solo<br \/><strong>Martin Daske<\/strong> <em>KlangSchaften &#8211; 1. Joyce<\/em> Klavier-solo <br \/><strong>Sabine Vogel<\/strong> \u2013 <em>TREES, TRACES &amp; ROOTS<\/em> Ensemble-St\u00fcck mit Spielanweisungen und graphischer Partitur<\/p>\t\t\t\t\t\t\t\t<\/div>\n\t\t\t\t<\/div>\n\t\t\t\t\t<\/div>\n\t\t<\/div>\n\t\t\t\t<div class=\"elementor-column elementor-col-33 elementor-top-column elementor-element elementor-element-5f8aafe\" data-id=\"5f8aafe\" data-element_type=\"column\" data-e-type=\"column\">\n\t\t\t<div class=\"elementor-widget-wrap elementor-element-populated\">\n\t\t\t\t\t\t<div class=\"elementor-element elementor-element-0e31445 elementor-widget elementor-widget-text-editor\" data-id=\"0e31445\" data-element_type=\"widget\" data-e-type=\"widget\" data-widget_type=\"text-editor.default\">\n\t\t\t\t<div class=\"elementor-widget-container\">\n\t\t\t\t\t\t\t\t\t<p><strong>Potsdam Museum<br \/><\/strong><\/p>\t\t\t\t\t\t\t\t<\/div>\n\t\t\t\t<\/div>\n\t\t\t\t<div class=\"elementor-element elementor-element-a07e316 elementor-widget elementor-widget-image\" data-id=\"a07e316\" data-element_type=\"widget\" data-e-type=\"widget\" data-widget_type=\"image.default\">\n\t\t\t\t<div class=\"elementor-widget-container\">\n\t\t\t\t\t\t\t\t\t\t\t\t<figure class=\"wp-caption\">\n\t\t\t\t\t\t\t\t\t\t<img loading=\"lazy\" decoding=\"async\" width=\"1024\" height=\"683\" src=\"https:\/\/www.neue-musik-brandenburg.de\/wp-content\/uploads\/2024\/03\/20230521_12EnsembleJungeMusik_Rausch_intersonanzen-1024x683.jpg\" class=\"attachment-large size-large wp-image-8058\" alt=\"\" srcset=\"https:\/\/www.neue-musik-brandenburg.de\/wp-content\/uploads\/2024\/03\/20230521_12EnsembleJungeMusik_Rausch_intersonanzen-1024x683.jpg 1024w, https:\/\/www.neue-musik-brandenburg.de\/wp-content\/uploads\/2024\/03\/20230521_12EnsembleJungeMusik_Rausch_intersonanzen-300x200.jpg 300w, https:\/\/www.neue-musik-brandenburg.de\/wp-content\/uploads\/2024\/03\/20230521_12EnsembleJungeMusik_Rausch_intersonanzen-768x512.jpg 768w, https:\/\/www.neue-musik-brandenburg.de\/wp-content\/uploads\/2024\/03\/20230521_12EnsembleJungeMusik_Rausch_intersonanzen-1536x1024.jpg 1536w, https:\/\/www.neue-musik-brandenburg.de\/wp-content\/uploads\/2024\/03\/20230521_12EnsembleJungeMusik_Rausch_intersonanzen-2048x1365.jpg 2048w\" sizes=\"(max-width: 1024px) 100vw, 1024px\" \/>\t\t\t\t\t\t\t\t\t\t\t<figcaption class=\"widget-image-caption wp-caption-text\">Ensemble Junge Musik BB, Foto: Sebastian Rausch<\/figcaption>\n\t\t\t\t\t\t\t\t\t\t<\/figure>\n\t\t\t\t\t\t\t\t\t<\/div>\n\t\t\t\t<\/div>\n\t\t\t\t\t<\/div>\n\t\t<\/div>\n\t\t\t\t\t<\/div>\n\t\t<\/section>\n\t\t\t\t<section class=\"elementor-section elementor-top-section elementor-element elementor-element-6258139 elementor-section-boxed elementor-section-height-default elementor-section-height-default\" data-id=\"6258139\" data-element_type=\"section\" data-e-type=\"section\">\n\t\t\t\t\t\t<div class=\"elementor-container elementor-column-gap-default\">\n\t\t\t\t\t<div class=\"elementor-column elementor-col-33 elementor-top-column elementor-element elementor-element-226c417\" data-id=\"226c417\" data-element_type=\"column\" data-e-type=\"column\">\n\t\t\t<div class=\"elementor-widget-wrap elementor-element-populated\">\n\t\t\t\t\t\t<div class=\"elementor-element elementor-element-4760060 elementor-widget elementor-widget-text-editor\" data-id=\"4760060\" data-element_type=\"widget\" data-e-type=\"widget\" data-widget_type=\"text-editor.default\">\n\t\t\t\t<div class=\"elementor-widget-container\">\n\t\t\t\t\t\t\t\t\t<p><strong>20:30\u00a0 \u00a0\u00a0<\/strong><\/p>\t\t\t\t\t\t\t\t<\/div>\n\t\t\t\t<\/div>\n\t\t\t\t\t<\/div>\n\t\t<\/div>\n\t\t\t\t<div class=\"elementor-column elementor-col-33 elementor-top-column elementor-element elementor-element-625e360\" data-id=\"625e360\" data-element_type=\"column\" data-e-type=\"column\">\n\t\t\t<div class=\"elementor-widget-wrap elementor-element-populated\">\n\t\t\t\t\t\t<div class=\"elementor-element elementor-element-7cbd72b elementor-widget elementor-widget-text-editor\" data-id=\"7cbd72b\" data-element_type=\"widget\" data-e-type=\"widget\" data-widget_type=\"text-editor.default\">\n\t\t\t\t<div class=\"elementor-widget-container\">\n\t\t\t\t\t\t\t\t\t<p><strong>Kooperation mit LIT:potsdam<\/strong><br \/>Inszeniertes Konzert mit Lesung, <strong>Matthias Nawrat<\/strong> und<br \/><strong>BROKEN FRAMES SYNDICATE<\/strong> (Offenbach a.M.) <br \/>Katrin Szamatulski \u2013 Fl\u00f6te, Moritz Schneidewendt \u2013 Klarinette, Lola Rubio \u2013 violine, Nathan Watts &#8211; Violoncello. als Gast: Katia Guedes &#8211; sopran<\/p>\n<p><strong>Karola Oberm\u00fcller<\/strong> &#8211; <span class=\"Text0\"><em>reflejos distantes<\/em> (2006) f\u00fcr Bassfl\u00f6te, Bassklarinette, Violine und Violoncello<br \/><\/span><strong>Matthias Nawrat<\/strong> liest aus seinem Gedichtband <em>Gebete an die Vorfahren<br \/><\/em><strong>Henry Mex<\/strong> &#8211; <em>Arbeit<\/em> f\u00fcr Fl\u00f6te, Bassklarinette, Violine, Cello und Text Matthias Nawrat, 2024 <em><strong>UA<br \/><\/strong><\/em><span class=\"Text0\"><strong>Helena C\u00e1novas Par\u00e9s<\/strong> &#8211; <em>four readers<\/em> 2018 \/ Fassung f\u00fcr BFS 2024, f\u00fcr vier Performer*innen<br \/><\/span><strong>Giordano Bruno do Nascimento<\/strong> \u2013 <em>Glasgarten<\/em> Text Matthias Nawrat und Video, 2024 <em><strong>UA<\/strong><\/em><br \/><strong>Manuel Rodr\u00edguez Valenzuela<\/strong> \u2013 <em>T(t)-Blocks A+D<\/em> f\u00fcr piccolo-fl, Typewritertrio, Elektronik und Video, 2014<br \/><strong>Matthias Nawrat<\/strong> liest aus seinem Gedichtband <em>Gebete an die Vorfahren<br \/><\/em><strong>Katia Guedes<\/strong> \u2013 <em>Hitzetage<\/em> Text Matthias Nawrat, 2024 <em><strong>UA<\/strong><\/em><\/p>\t\t\t\t\t\t\t\t<\/div>\n\t\t\t\t<\/div>\n\t\t\t\t\t<\/div>\n\t\t<\/div>\n\t\t\t\t<div class=\"elementor-column elementor-col-33 elementor-top-column elementor-element elementor-element-56f2c29\" data-id=\"56f2c29\" data-element_type=\"column\" data-e-type=\"column\">\n\t\t\t<div class=\"elementor-widget-wrap elementor-element-populated\">\n\t\t\t\t\t\t<div class=\"elementor-element elementor-element-195ae06 elementor-widget__width-initial elementor-widget elementor-widget-text-editor\" data-id=\"195ae06\" data-element_type=\"widget\" data-e-type=\"widget\" data-widget_type=\"text-editor.default\">\n\t\t\t\t<div class=\"elementor-widget-container\">\n\t\t\t\t\t\t\t\t\t<p><strong>Potsdam Museum<br \/><\/strong><\/p>\n<p><strong>\u00a0<\/strong><\/p>\n<p>\u00a0<\/p>\t\t\t\t\t\t\t\t<\/div>\n\t\t\t\t<\/div>\n\t\t\t\t<div class=\"elementor-element elementor-element-8df3eda elementor-widget elementor-widget-image\" data-id=\"8df3eda\" data-element_type=\"widget\" data-e-type=\"widget\" data-widget_type=\"image.default\">\n\t\t\t\t<div class=\"elementor-widget-container\">\n\t\t\t\t\t\t\t\t\t\t\t\t<figure class=\"wp-caption\">\n\t\t\t\t\t\t\t\t\t\t<img loading=\"lazy\" decoding=\"async\" width=\"1024\" height=\"557\" src=\"https:\/\/www.neue-musik-brandenburg.de\/wp-content\/uploads\/2024\/03\/BrokenFrames_Hayrapet-ArakelyanC-1024x557.jpg\" class=\"attachment-large size-large wp-image-8032\" alt=\"\" srcset=\"https:\/\/www.neue-musik-brandenburg.de\/wp-content\/uploads\/2024\/03\/BrokenFrames_Hayrapet-ArakelyanC-1024x557.jpg 1024w, https:\/\/www.neue-musik-brandenburg.de\/wp-content\/uploads\/2024\/03\/BrokenFrames_Hayrapet-ArakelyanC-300x163.jpg 300w, https:\/\/www.neue-musik-brandenburg.de\/wp-content\/uploads\/2024\/03\/BrokenFrames_Hayrapet-ArakelyanC-768x417.jpg 768w, https:\/\/www.neue-musik-brandenburg.de\/wp-content\/uploads\/2024\/03\/BrokenFrames_Hayrapet-ArakelyanC-1536x835.jpg 1536w, https:\/\/www.neue-musik-brandenburg.de\/wp-content\/uploads\/2024\/03\/BrokenFrames_Hayrapet-ArakelyanC-2048x1113.jpg 2048w\" sizes=\"(max-width: 1024px) 100vw, 1024px\" \/>\t\t\t\t\t\t\t\t\t\t\t<figcaption class=\"widget-image-caption wp-caption-text\">Broken Frames Syndicate<\/figcaption>\n\t\t\t\t\t\t\t\t\t\t<\/figure>\n\t\t\t\t\t\t\t\t\t<\/div>\n\t\t\t\t<\/div>\n\t\t\t\t\t<\/div>\n\t\t<\/div>\n\t\t\t\t\t<\/div>\n\t\t<\/section>\n\t\t\t\t<section class=\"elementor-section elementor-top-section elementor-element elementor-element-a09fe5e elementor-section-boxed elementor-section-height-default elementor-section-height-default\" data-id=\"a09fe5e\" data-element_type=\"section\" data-e-type=\"section\">\n\t\t\t\t\t\t<div class=\"elementor-container elementor-column-gap-default\">\n\t\t\t\t\t<div class=\"elementor-column elementor-col-33 elementor-top-column elementor-element elementor-element-4f0d28e\" data-id=\"4f0d28e\" data-element_type=\"column\" data-e-type=\"column\">\n\t\t\t<div class=\"elementor-widget-wrap elementor-element-populated\">\n\t\t\t\t\t\t<div class=\"elementor-element elementor-element-f33a483 elementor-widget elementor-widget-text-editor\" data-id=\"f33a483\" data-element_type=\"widget\" data-e-type=\"widget\" data-widget_type=\"text-editor.default\">\n\t\t\t\t<div class=\"elementor-widget-container\">\n\t\t\t\t\t\t\t\t\t<h4><strong>Sa 1. Juni 2024<\/strong><\/h4>\t\t\t\t\t\t\t\t<\/div>\n\t\t\t\t<\/div>\n\t\t\t\t\t<\/div>\n\t\t<\/div>\n\t\t\t\t<div class=\"elementor-column elementor-col-33 elementor-top-column elementor-element elementor-element-f0f74a9\" data-id=\"f0f74a9\" data-element_type=\"column\" data-e-type=\"column\">\n\t\t\t<div class=\"elementor-widget-wrap\">\n\t\t\t\t\t\t\t<\/div>\n\t\t<\/div>\n\t\t\t\t<div class=\"elementor-column elementor-col-33 elementor-top-column elementor-element elementor-element-1d5a723\" data-id=\"1d5a723\" data-element_type=\"column\" data-e-type=\"column\">\n\t\t\t<div class=\"elementor-widget-wrap\">\n\t\t\t\t\t\t\t<\/div>\n\t\t<\/div>\n\t\t\t\t\t<\/div>\n\t\t<\/section>\n\t\t\t\t<section class=\"elementor-section elementor-top-section elementor-element elementor-element-412e2bb elementor-section-boxed elementor-section-height-default elementor-section-height-default\" data-id=\"412e2bb\" data-element_type=\"section\" data-e-type=\"section\">\n\t\t\t\t\t\t<div class=\"elementor-container elementor-column-gap-default\">\n\t\t\t\t\t<div class=\"elementor-column elementor-col-33 elementor-top-column elementor-element elementor-element-6affd4f\" data-id=\"6affd4f\" data-element_type=\"column\" data-e-type=\"column\">\n\t\t\t<div class=\"elementor-widget-wrap elementor-element-populated\">\n\t\t\t\t\t\t<div class=\"elementor-element elementor-element-da2875e elementor-widget elementor-widget-text-editor\" data-id=\"da2875e\" data-element_type=\"widget\" data-e-type=\"widget\" data-widget_type=\"text-editor.default\">\n\t\t\t\t<div class=\"elementor-widget-container\">\n\t\t\t\t\t\t\t\t\t<p><strong>14:00\u00a0 \u00a0\u00a0<\/strong><\/p>\t\t\t\t\t\t\t\t<\/div>\n\t\t\t\t<\/div>\n\t\t\t\t\t<\/div>\n\t\t<\/div>\n\t\t\t\t<div class=\"elementor-column elementor-col-33 elementor-top-column elementor-element elementor-element-a7904a2\" data-id=\"a7904a2\" data-element_type=\"column\" data-e-type=\"column\">\n\t\t\t<div class=\"elementor-widget-wrap elementor-element-populated\">\n\t\t\t\t\t\t<div class=\"elementor-element elementor-element-4ad6aa6 elementor-widget elementor-widget-text-editor\" data-id=\"4ad6aa6\" data-element_type=\"widget\" data-e-type=\"widget\" data-widget_type=\"text-editor.default\">\n\t\t\t\t<div class=\"elementor-widget-container\">\n\t\t\t\t\t\t\t\t\t<p><strong>Interlineare Kunst<\/strong> im Gespr\u00e4ch mit <strong>Prof. Dr. Ulrike Liedtke<\/strong> und G\u00e4sten aus Literatur, Neuer Musik, Klangkunst und anderen<\/p>\t\t\t\t\t\t\t\t<\/div>\n\t\t\t\t<\/div>\n\t\t\t\t\t<\/div>\n\t\t<\/div>\n\t\t\t\t<div class=\"elementor-column elementor-col-33 elementor-top-column elementor-element elementor-element-1a3de7e\" data-id=\"1a3de7e\" data-element_type=\"column\" data-e-type=\"column\">\n\t\t\t<div class=\"elementor-widget-wrap elementor-element-populated\">\n\t\t\t\t\t\t<div class=\"elementor-element elementor-element-91c67f8 elementor-widget elementor-widget-text-editor\" data-id=\"91c67f8\" data-element_type=\"widget\" data-e-type=\"widget\" data-widget_type=\"text-editor.default\">\n\t\t\t\t<div class=\"elementor-widget-container\">\n\t\t\t\t\t\t\t\t\t<p><strong>Museum FLUXUS+<\/strong><\/p>\t\t\t\t\t\t\t\t<\/div>\n\t\t\t\t<\/div>\n\t\t\t\t\t<\/div>\n\t\t<\/div>\n\t\t\t\t\t<\/div>\n\t\t<\/section>\n\t\t\t\t<section class=\"elementor-section elementor-top-section elementor-element elementor-element-2209805 elementor-section-boxed elementor-section-height-default elementor-section-height-default\" data-id=\"2209805\" data-element_type=\"section\" data-e-type=\"section\">\n\t\t\t\t\t\t<div class=\"elementor-container elementor-column-gap-default\">\n\t\t\t\t\t<div class=\"elementor-column elementor-col-33 elementor-top-column elementor-element elementor-element-01a7f05\" data-id=\"01a7f05\" data-element_type=\"column\" data-e-type=\"column\">\n\t\t\t<div class=\"elementor-widget-wrap elementor-element-populated\">\n\t\t\t\t\t\t<div class=\"elementor-element elementor-element-2ac7d61 elementor-widget elementor-widget-text-editor\" data-id=\"2ac7d61\" data-element_type=\"widget\" data-e-type=\"widget\" data-widget_type=\"text-editor.default\">\n\t\t\t\t<div class=\"elementor-widget-container\">\n\t\t\t\t\t\t\t\t\t<p><strong>16:00\u00a0 \u00a0\u00a0<\/strong><\/p>\t\t\t\t\t\t\t\t<\/div>\n\t\t\t\t<\/div>\n\t\t\t\t\t<\/div>\n\t\t<\/div>\n\t\t\t\t<div class=\"elementor-column elementor-col-33 elementor-top-column elementor-element elementor-element-0aa3ee4\" data-id=\"0aa3ee4\" data-element_type=\"column\" data-e-type=\"column\">\n\t\t\t<div class=\"elementor-widget-wrap elementor-element-populated\">\n\t\t\t\t\t\t<div class=\"elementor-element elementor-element-f02ca7a elementor-widget elementor-widget-text-editor\" data-id=\"f02ca7a\" data-element_type=\"widget\" data-e-type=\"widget\" data-widget_type=\"text-editor.default\">\n\t\t\t\t<div class=\"elementor-widget-container\">\n\t\t\t\t\t\t\t\t\t<p><strong>Kooperation mit LIT:potsdam<br \/><\/strong> <br \/><strong>Ensemble Interlinear Brandenburg<\/strong> und <strong>Composer Performer<\/strong> und Literatur<br \/>mit Musiker:innen und Komponist:Innen des <strong>BVNM<\/strong>, mit Texten von Matthias Nawrat und anderen Autor:innen<\/p>\n<p><strong>Ensemble Interlinear:<\/strong><\/p>\n<p>Besetzung voraussichtlich: Katia Guedes (Stimme), Robin Hayward (microtonale Tuba), Dietrich Petzold (vl, va, tenor-vl, bowed metal), Susanne Stelzenbach (Keyboard\/Elektronik), Thomas Gerwin (cheap electronic\/object percussion), Gebhard Ullmann (Bassklarinette), Henry Mex (Kontrabass, Stimme)<\/p>\n<p><strong>Composer Performer:<\/strong><\/p>\n<p><strong>Alex Nowitz<\/strong> &#8211; <em>Ha-i-ku<\/em> f\u00fcr Stimmperformer (2019)<br \/><strong>Dietrich Petzold<\/strong> &#8211; <em>minuskeln 4<\/em> Text: Franz Kafka \/ Zerstreutes Hinausschaun<br \/><strong>Sabine Vogel<\/strong> &#8211; CH\u2019\u00cdICH f\u00fcr Keramikfl\u00f6ten, Zuspiel und Video (2023)<\/p>\n<p><strong>\u00a0<\/strong><\/p>\t\t\t\t\t\t\t\t<\/div>\n\t\t\t\t<\/div>\n\t\t\t\t\t<\/div>\n\t\t<\/div>\n\t\t\t\t<div class=\"elementor-column elementor-col-33 elementor-top-column elementor-element elementor-element-e63bd43\" data-id=\"e63bd43\" data-element_type=\"column\" data-e-type=\"column\">\n\t\t\t<div class=\"elementor-widget-wrap elementor-element-populated\">\n\t\t\t\t\t\t<div class=\"elementor-element elementor-element-c96087b elementor-widget elementor-widget-text-editor\" data-id=\"c96087b\" data-element_type=\"widget\" data-e-type=\"widget\" data-widget_type=\"text-editor.default\">\n\t\t\t\t<div class=\"elementor-widget-container\">\n\t\t\t\t\t\t\t\t\t<p><strong>Museum FLUXUS+<\/strong><\/p>\t\t\t\t\t\t\t\t<\/div>\n\t\t\t\t<\/div>\n\t\t\t\t<div class=\"elementor-element elementor-element-c0de478 elementor-widget elementor-widget-image\" data-id=\"c0de478\" data-element_type=\"widget\" data-e-type=\"widget\" data-widget_type=\"image.default\">\n\t\t\t\t<div class=\"elementor-widget-container\">\n\t\t\t\t\t\t\t\t\t\t\t\t<figure class=\"wp-caption\">\n\t\t\t\t\t\t\t\t\t\t<img loading=\"lazy\" decoding=\"async\" width=\"1024\" height=\"683\" src=\"https:\/\/www.neue-musik-brandenburg.de\/wp-content\/uploads\/2024\/04\/20230520_93_adhoc_Foto_Sebastian_Rausch_intersonanzen-klein-1024x683.jpg\" class=\"attachment-large size-large wp-image-8248\" alt=\"\" srcset=\"https:\/\/www.neue-musik-brandenburg.de\/wp-content\/uploads\/2024\/04\/20230520_93_adhoc_Foto_Sebastian_Rausch_intersonanzen-klein-1024x683.jpg 1024w, https:\/\/www.neue-musik-brandenburg.de\/wp-content\/uploads\/2024\/04\/20230520_93_adhoc_Foto_Sebastian_Rausch_intersonanzen-klein-300x200.jpg 300w, https:\/\/www.neue-musik-brandenburg.de\/wp-content\/uploads\/2024\/04\/20230520_93_adhoc_Foto_Sebastian_Rausch_intersonanzen-klein-768x512.jpg 768w, https:\/\/www.neue-musik-brandenburg.de\/wp-content\/uploads\/2024\/04\/20230520_93_adhoc_Foto_Sebastian_Rausch_intersonanzen-klein-1536x1024.jpg 1536w, https:\/\/www.neue-musik-brandenburg.de\/wp-content\/uploads\/2024\/04\/20230520_93_adhoc_Foto_Sebastian_Rausch_intersonanzen-klein-2048x1365.jpg 2048w\" sizes=\"(max-width: 1024px) 100vw, 1024px\" \/>\t\t\t\t\t\t\t\t\t\t\t<figcaption class=\"widget-image-caption wp-caption-text\">Ensemble interlinear Brandenburg, Foto: Sebastian Rausch<\/figcaption>\n\t\t\t\t\t\t\t\t\t\t<\/figure>\n\t\t\t\t\t\t\t\t\t<\/div>\n\t\t\t\t<\/div>\n\t\t\t\t\t<\/div>\n\t\t<\/div>\n\t\t\t\t\t<\/div>\n\t\t<\/section>\n\t\t\t\t<section class=\"elementor-section elementor-top-section elementor-element elementor-element-aaaf1b2 elementor-section-boxed elementor-section-height-default elementor-section-height-default\" data-id=\"aaaf1b2\" data-element_type=\"section\" data-e-type=\"section\">\n\t\t\t\t\t\t<div class=\"elementor-container elementor-column-gap-default\">\n\t\t\t\t\t<div class=\"elementor-column elementor-col-33 elementor-top-column elementor-element elementor-element-8e00b03\" data-id=\"8e00b03\" data-element_type=\"column\" data-e-type=\"column\">\n\t\t\t<div class=\"elementor-widget-wrap elementor-element-populated\">\n\t\t\t\t\t\t<div class=\"elementor-element elementor-element-af57831 elementor-widget elementor-widget-text-editor\" data-id=\"af57831\" data-element_type=\"widget\" data-e-type=\"widget\" data-widget_type=\"text-editor.default\">\n\t\t\t\t<div class=\"elementor-widget-container\">\n\t\t\t\t\t\t\t\t\t<p><strong>20:00\u00a0 \u00a0\u00a0<\/strong><\/p>\t\t\t\t\t\t\t\t<\/div>\n\t\t\t\t<\/div>\n\t\t\t\t\t<\/div>\n\t\t<\/div>\n\t\t\t\t<div class=\"elementor-column elementor-col-33 elementor-top-column elementor-element elementor-element-4e1b0ad\" data-id=\"4e1b0ad\" data-element_type=\"column\" data-e-type=\"column\">\n\t\t\t<div class=\"elementor-widget-wrap elementor-element-populated\">\n\t\t\t\t\t\t<div class=\"elementor-element elementor-element-e0d2d40 elementor-widget elementor-widget-text-editor\" data-id=\"e0d2d40\" data-element_type=\"widget\" data-e-type=\"widget\" data-widget_type=\"text-editor.default\">\n\t\t\t\t<div class=\"elementor-widget-container\">\n\t\t\t\t\t\t\t\t\t<p><strong>sonic.art SAXOPHONQUARTETT<\/strong> (Berlin) Br\u00fcckenkonzert in Eberswalde am 29.6.24<br \/>Adrian Tully &#8211; Sopransaxophon,\u00a0 Alexander Doroshkevich &#8211; Altsaxophon, Taewook Ahn &#8211; Tenorsaxophon\u00a0 Annegret Tully, Baritonsaxophon<\/p><p><strong>Benjamin Lang<\/strong> <em>Old Scatness<\/em> 2016<br \/><strong>Ralf Hoyer<\/strong> \u2013 <em>closed circles <strong>UA<\/strong><\/em><br \/><strong>Peter Gilbert &#8211; <\/strong><em>Burnt into orange<\/em><strong><br \/>Stefan Lienenk\u00e4mper<\/strong> \u2013 <em>\u2026 f\u00fcr Saxophonquartett <\/em>2002\/2008<em><br \/><\/em><strong>Alex Nowitz<\/strong> \u2013 <em>Unfrei im Raum<\/em> f\u00fcr Saxophonquartett\u00a0 2024 <em><strong>UA<\/strong><\/em><br \/><strong>Charlotte Bray<\/strong> &#8211; <em>Voyage <\/em>2017<\/p>\t\t\t\t\t\t\t\t<\/div>\n\t\t\t\t<\/div>\n\t\t\t\t\t<\/div>\n\t\t<\/div>\n\t\t\t\t<div class=\"elementor-column elementor-col-33 elementor-top-column elementor-element elementor-element-008b775\" data-id=\"008b775\" data-element_type=\"column\" data-e-type=\"column\">\n\t\t\t<div class=\"elementor-widget-wrap elementor-element-populated\">\n\t\t\t\t\t\t<div class=\"elementor-element elementor-element-934f72e elementor-widget elementor-widget-text-editor\" data-id=\"934f72e\" data-element_type=\"widget\" data-e-type=\"widget\" data-widget_type=\"text-editor.default\">\n\t\t\t\t<div class=\"elementor-widget-container\">\n\t\t\t\t\t\t\t\t\t<p><strong>Museum FLUXUS+<\/strong><\/p>\t\t\t\t\t\t\t\t<\/div>\n\t\t\t\t<\/div>\n\t\t\t\t<div class=\"elementor-element elementor-element-1f46738 elementor-widget elementor-widget-image\" data-id=\"1f46738\" data-element_type=\"widget\" data-e-type=\"widget\" data-widget_type=\"image.default\">\n\t\t\t\t<div class=\"elementor-widget-container\">\n\t\t\t\t\t\t\t\t\t\t\t\t<figure class=\"wp-caption\">\n\t\t\t\t\t\t\t\t\t\t<img loading=\"lazy\" decoding=\"async\" width=\"1024\" height=\"736\" src=\"https:\/\/www.neue-musik-brandenburg.de\/wp-content\/uploads\/2024\/04\/sonic.art-1-Foto-Alexander-Steffens-1024x736.jpg\" class=\"attachment-large size-large wp-image-8246\" alt=\"\" srcset=\"https:\/\/www.neue-musik-brandenburg.de\/wp-content\/uploads\/2024\/04\/sonic.art-1-Foto-Alexander-Steffens-1024x736.jpg 1024w, https:\/\/www.neue-musik-brandenburg.de\/wp-content\/uploads\/2024\/04\/sonic.art-1-Foto-Alexander-Steffens-300x216.jpg 300w, https:\/\/www.neue-musik-brandenburg.de\/wp-content\/uploads\/2024\/04\/sonic.art-1-Foto-Alexander-Steffens-768x552.jpg 768w, https:\/\/www.neue-musik-brandenburg.de\/wp-content\/uploads\/2024\/04\/sonic.art-1-Foto-Alexander-Steffens-1536x1105.jpg 1536w, https:\/\/www.neue-musik-brandenburg.de\/wp-content\/uploads\/2024\/04\/sonic.art-1-Foto-Alexander-Steffens-2048x1473.jpg 2048w\" sizes=\"(max-width: 1024px) 100vw, 1024px\" \/>\t\t\t\t\t\t\t\t\t\t\t<figcaption class=\"widget-image-caption wp-caption-text\">sonic.art Saxophonquartett, Foto Alexander Steffens<\/figcaption>\n\t\t\t\t\t\t\t\t\t\t<\/figure>\n\t\t\t\t\t\t\t\t\t<\/div>\n\t\t\t\t<\/div>\n\t\t\t\t\t<\/div>\n\t\t<\/div>\n\t\t\t\t\t<\/div>\n\t\t<\/section>\n\t\t\t\t<section class=\"elementor-section elementor-top-section elementor-element elementor-element-188465a elementor-section-boxed elementor-section-height-default elementor-section-height-default\" data-id=\"188465a\" data-element_type=\"section\" data-e-type=\"section\">\n\t\t\t\t\t\t<div class=\"elementor-container elementor-column-gap-default\">\n\t\t\t\t\t<div class=\"elementor-column elementor-col-33 elementor-top-column elementor-element elementor-element-d142750\" data-id=\"d142750\" data-element_type=\"column\" data-e-type=\"column\">\n\t\t\t<div class=\"elementor-widget-wrap elementor-element-populated\">\n\t\t\t\t\t\t<div class=\"elementor-element elementor-element-b670a2f elementor-widget elementor-widget-text-editor\" data-id=\"b670a2f\" data-element_type=\"widget\" data-e-type=\"widget\" data-widget_type=\"text-editor.default\">\n\t\t\t\t<div class=\"elementor-widget-container\">\n\t\t\t\t\t\t\t\t\t<h4><strong>So 02. Juni 2024<\/strong><\/h4>\t\t\t\t\t\t\t\t<\/div>\n\t\t\t\t<\/div>\n\t\t\t\t\t<\/div>\n\t\t<\/div>\n\t\t\t\t<div class=\"elementor-column elementor-col-33 elementor-top-column elementor-element elementor-element-d809bf7\" data-id=\"d809bf7\" data-element_type=\"column\" data-e-type=\"column\">\n\t\t\t<div class=\"elementor-widget-wrap\">\n\t\t\t\t\t\t\t<\/div>\n\t\t<\/div>\n\t\t\t\t<div class=\"elementor-column elementor-col-33 elementor-top-column elementor-element elementor-element-77d1b23\" data-id=\"77d1b23\" data-element_type=\"column\" data-e-type=\"column\">\n\t\t\t<div class=\"elementor-widget-wrap\">\n\t\t\t\t\t\t\t<\/div>\n\t\t<\/div>\n\t\t\t\t\t<\/div>\n\t\t<\/section>\n\t\t\t\t<section class=\"elementor-section elementor-top-section elementor-element elementor-element-b981431 elementor-section-boxed elementor-section-height-default elementor-section-height-default\" data-id=\"b981431\" data-element_type=\"section\" data-e-type=\"section\">\n\t\t\t\t\t\t<div class=\"elementor-container elementor-column-gap-default\">\n\t\t\t\t\t<div class=\"elementor-column elementor-col-33 elementor-top-column elementor-element elementor-element-c21113c\" data-id=\"c21113c\" data-element_type=\"column\" data-e-type=\"column\">\n\t\t\t<div class=\"elementor-widget-wrap elementor-element-populated\">\n\t\t\t\t\t\t<div class=\"elementor-element elementor-element-59c6f84 elementor-widget elementor-widget-text-editor\" data-id=\"59c6f84\" data-element_type=\"widget\" data-e-type=\"widget\" data-widget_type=\"text-editor.default\">\n\t\t\t\t<div class=\"elementor-widget-container\">\n\t\t\t\t\t\t\t\t\t<p><strong>9:30 \u00a0 \u00a0<\/strong><\/p>\t\t\t\t\t\t\t\t<\/div>\n\t\t\t\t<\/div>\n\t\t\t\t\t<\/div>\n\t\t<\/div>\n\t\t\t\t<div class=\"elementor-column elementor-col-33 elementor-top-column elementor-element elementor-element-c38bc6b\" data-id=\"c38bc6b\" data-element_type=\"column\" data-e-type=\"column\">\n\t\t\t<div class=\"elementor-widget-wrap elementor-element-populated\">\n\t\t\t\t\t\t<div class=\"elementor-element elementor-element-9af2c60 elementor-widget elementor-widget-text-editor\" data-id=\"9af2c60\" data-element_type=\"widget\" data-e-type=\"widget\" data-widget_type=\"text-editor.default\">\n\t\t\t\t<div class=\"elementor-widget-container\">\n\t\t\t\t\t\t\t\t\t<p><strong>Soundwalk<\/strong> <br \/>mit <strong>Dr. Michael Schenk<\/strong>, Treffpunkt Hauptbahnhof Potsdam, Ausgang West<\/p>\t\t\t\t\t\t\t\t<\/div>\n\t\t\t\t<\/div>\n\t\t\t\t\t<\/div>\n\t\t<\/div>\n\t\t\t\t<div class=\"elementor-column elementor-col-33 elementor-top-column elementor-element elementor-element-c7c7eb3\" data-id=\"c7c7eb3\" data-element_type=\"column\" data-e-type=\"column\">\n\t\t\t<div class=\"elementor-widget-wrap elementor-element-populated\">\n\t\t\t\t\t\t<div class=\"elementor-element elementor-element-df4ed9b elementor-widget elementor-widget-image\" data-id=\"df4ed9b\" data-element_type=\"widget\" data-e-type=\"widget\" data-widget_type=\"image.default\">\n\t\t\t\t<div class=\"elementor-widget-container\">\n\t\t\t\t\t\t\t\t\t\t\t\t<figure class=\"wp-caption\">\n\t\t\t\t\t\t\t\t\t\t<img loading=\"lazy\" decoding=\"async\" width=\"1024\" height=\"512\" src=\"https:\/\/www.neue-musik-brandenburg.de\/wp-content\/uploads\/2024\/03\/20230521_13Soundwalk_AlterMarkt_intersonanzen_mex-1024x512.jpg\" class=\"attachment-large size-large wp-image-8049\" alt=\"\" srcset=\"https:\/\/www.neue-musik-brandenburg.de\/wp-content\/uploads\/2024\/03\/20230521_13Soundwalk_AlterMarkt_intersonanzen_mex-1024x512.jpg 1024w, https:\/\/www.neue-musik-brandenburg.de\/wp-content\/uploads\/2024\/03\/20230521_13Soundwalk_AlterMarkt_intersonanzen_mex-300x150.jpg 300w, https:\/\/www.neue-musik-brandenburg.de\/wp-content\/uploads\/2024\/03\/20230521_13Soundwalk_AlterMarkt_intersonanzen_mex-768x384.jpg 768w, https:\/\/www.neue-musik-brandenburg.de\/wp-content\/uploads\/2024\/03\/20230521_13Soundwalk_AlterMarkt_intersonanzen_mex-1536x768.jpg 1536w, https:\/\/www.neue-musik-brandenburg.de\/wp-content\/uploads\/2024\/03\/20230521_13Soundwalk_AlterMarkt_intersonanzen_mex.jpg 1920w\" sizes=\"(max-width: 1024px) 100vw, 1024px\" \/>\t\t\t\t\t\t\t\t\t\t\t<figcaption class=\"widget-image-caption wp-caption-text\">Soundwalk, Foto Henry Mex<\/figcaption>\n\t\t\t\t\t\t\t\t\t\t<\/figure>\n\t\t\t\t\t\t\t\t\t<\/div>\n\t\t\t\t<\/div>\n\t\t\t\t\t<\/div>\n\t\t<\/div>\n\t\t\t\t\t<\/div>\n\t\t<\/section>\n\t\t\t\t<section class=\"elementor-section elementor-top-section elementor-element elementor-element-6646ffd elementor-section-boxed elementor-section-height-default elementor-section-height-default\" data-id=\"6646ffd\" data-element_type=\"section\" data-e-type=\"section\">\n\t\t\t\t\t\t<div class=\"elementor-container elementor-column-gap-default\">\n\t\t\t\t\t<div class=\"elementor-column elementor-col-33 elementor-top-column elementor-element elementor-element-3481c23\" data-id=\"3481c23\" data-element_type=\"column\" data-e-type=\"column\">\n\t\t\t<div class=\"elementor-widget-wrap elementor-element-populated\">\n\t\t\t\t\t\t<div class=\"elementor-element elementor-element-e970397 elementor-widget elementor-widget-text-editor\" data-id=\"e970397\" data-element_type=\"widget\" data-e-type=\"widget\" data-widget_type=\"text-editor.default\">\n\t\t\t\t<div class=\"elementor-widget-container\">\n\t\t\t\t\t\t\t\t\t<p><strong>18:00\u00a0 \u00a0\u00a0<\/strong><\/p>\t\t\t\t\t\t\t\t<\/div>\n\t\t\t\t<\/div>\n\t\t\t\t\t<\/div>\n\t\t<\/div>\n\t\t\t\t<div class=\"elementor-column elementor-col-33 elementor-top-column elementor-element elementor-element-c23ace3\" data-id=\"c23ace3\" data-element_type=\"column\" data-e-type=\"column\">\n\t\t\t<div class=\"elementor-widget-wrap elementor-element-populated\">\n\t\t\t\t\t\t<div class=\"elementor-element elementor-element-20cbfa1 elementor-widget elementor-widget-text-editor\" data-id=\"20cbfa1\" data-element_type=\"widget\" data-e-type=\"widget\" data-widget_type=\"text-editor.default\">\n\t\t\t\t<div class=\"elementor-widget-container\">\n\t\t\t\t\t\t\t\t\t<p><strong>Klavierduo Jan Gerdes und Andreas F. Staffel<\/strong><\/p><p><strong>Margarete Huber<\/strong> &#8211; <em>Two Stars-Manned spaceflight<\/em> 2024 <strong><em>UA<\/em><\/strong><br \/><strong>Peter K\u00f6szeghy<\/strong> &#8211; <em>ALCHEMY III Silver&amp;Glass <\/em>Fassung f\u00fcr zwei Klaviere 2021 <strong><em>UA<\/em><\/strong><br \/><strong>Wilfried Maria Danner<\/strong> &#8211; <em>Sieben St\u00fccke<\/em> <em>f\u00fcr zwei Klaviere\u00a0<\/em>2024 <strong><em>UA<\/em><\/strong><br \/><strong>Gebhard Ullmann<\/strong> &#8211; <em>Impromptus und Interationen<\/em> Auswahl 2022\/23 <strong><em>UA<\/em><\/strong><br \/><strong>Samuel Tramin<\/strong> &#8211; <em>Deconstructing Elegies <\/em>f\u00fcr zwei Pianisten und einen Fl\u00fcgel, 2012<br \/><strong>Andreas F. Staffel<\/strong> &#8211; <em>Drei japanische Reisebilder<\/em> <em>f\u00fcr zwei Klaviere<\/em> 2023 <strong><em>UA<\/em><\/strong><\/p>\t\t\t\t\t\t\t\t<\/div>\n\t\t\t\t<\/div>\n\t\t\t\t\t<\/div>\n\t\t<\/div>\n\t\t\t\t<div class=\"elementor-column elementor-col-33 elementor-top-column elementor-element elementor-element-56076f6\" data-id=\"56076f6\" data-element_type=\"column\" data-e-type=\"column\">\n\t\t\t<div class=\"elementor-widget-wrap elementor-element-populated\">\n\t\t\t\t\t\t<div class=\"elementor-element elementor-element-5c2ff25 elementor-widget elementor-widget-text-editor\" data-id=\"5c2ff25\" data-element_type=\"widget\" data-e-type=\"widget\" data-widget_type=\"text-editor.default\">\n\t\t\t\t<div class=\"elementor-widget-container\">\n\t\t\t\t\t\t\t\t\t<p><strong>Palais Lichtenau<\/strong><\/p>\t\t\t\t\t\t\t\t<\/div>\n\t\t\t\t<\/div>\n\t\t\t\t<div class=\"elementor-element elementor-element-c1f7d8b elementor-widget elementor-widget-image\" data-id=\"c1f7d8b\" data-element_type=\"widget\" data-e-type=\"widget\" data-widget_type=\"image.default\">\n\t\t\t\t<div class=\"elementor-widget-container\">\n\t\t\t\t\t\t\t\t\t\t\t\t<figure class=\"wp-caption\">\n\t\t\t\t\t\t\t\t\t\t<img loading=\"lazy\" decoding=\"async\" width=\"1024\" height=\"512\" src=\"https:\/\/www.neue-musik-brandenburg.de\/wp-content\/uploads\/2024\/04\/jan-wide1-1024x512.jpg\" class=\"attachment-large size-large wp-image-8262\" alt=\"\" srcset=\"https:\/\/www.neue-musik-brandenburg.de\/wp-content\/uploads\/2024\/04\/jan-wide1-1024x512.jpg 1024w, https:\/\/www.neue-musik-brandenburg.de\/wp-content\/uploads\/2024\/04\/jan-wide1-300x150.jpg 300w, https:\/\/www.neue-musik-brandenburg.de\/wp-content\/uploads\/2024\/04\/jan-wide1-768x384.jpg 768w, https:\/\/www.neue-musik-brandenburg.de\/wp-content\/uploads\/2024\/04\/jan-wide1.jpg 1200w\" sizes=\"(max-width: 1024px) 100vw, 1024px\" \/>\t\t\t\t\t\t\t\t\t\t\t<figcaption class=\"widget-image-caption wp-caption-text\">Jan Gerdes<\/figcaption>\n\t\t\t\t\t\t\t\t\t\t<\/figure>\n\t\t\t\t\t\t\t\t\t<\/div>\n\t\t\t\t<\/div>\n\t\t\t\t\t<\/div>\n\t\t<\/div>\n\t\t\t\t\t<\/div>\n\t\t<\/section>\n\t\t\t\t<section class=\"elementor-section elementor-top-section elementor-element elementor-element-da2dd49 elementor-section-boxed elementor-section-height-default elementor-section-height-default\" data-id=\"da2dd49\" data-element_type=\"section\" data-e-type=\"section\">\n\t\t\t\t\t\t<div class=\"elementor-container elementor-column-gap-default\">\n\t\t\t\t\t<div class=\"elementor-column elementor-col-33 elementor-top-column elementor-element elementor-element-72e7370\" data-id=\"72e7370\" data-element_type=\"column\" data-e-type=\"column\">\n\t\t\t<div class=\"elementor-widget-wrap elementor-element-populated\">\n\t\t\t\t\t\t<div class=\"elementor-element elementor-element-9d11e46 elementor-widget elementor-widget-text-editor\" data-id=\"9d11e46\" data-element_type=\"widget\" data-e-type=\"widget\" data-widget_type=\"text-editor.default\">\n\t\t\t\t<div class=\"elementor-widget-container\">\n\t\t\t\t\t\t\t\t\t<p><strong>20:00\u00a0 \u00a0\u00a0<\/strong><\/p>\t\t\t\t\t\t\t\t<\/div>\n\t\t\t\t<\/div>\n\t\t\t\t\t<\/div>\n\t\t<\/div>\n\t\t\t\t<div class=\"elementor-column elementor-col-33 elementor-top-column elementor-element elementor-element-927834f\" data-id=\"927834f\" data-element_type=\"column\" data-e-type=\"column\">\n\t\t\t<div class=\"elementor-widget-wrap elementor-element-populated\">\n\t\t\t\t\t\t<div class=\"elementor-element elementor-element-3c39d26 elementor-widget elementor-widget-text-editor\" data-id=\"3c39d26\" data-element_type=\"widget\" data-e-type=\"widget\" data-widget_type=\"text-editor.default\">\n\t\t\t\t<div class=\"elementor-widget-container\">\n\t\t\t\t\t\t\t\t\t<p><strong>Good Mori Ensemble<\/strong> (S\u00fcdkorea)<\/p>\n<p>Yoojeong Chung &#8211; Gayagegeum (W\u00f6lbbrettzither), Ahreum Lee &#8211; Haegeum (zweisaitige R\u00f6hrenspie\u00dfgeige), Youngpil Choi &#8211; Klavier, Youngji Oh &#8211; Pansori Singer, Leitung: Eunsil Kwon<\/p>\n<p><strong>Johannes Hildebrandt &#8211; <\/strong><em>reiben <\/em>f\u00fcr Pansori, Haegeum, Gayageum und Klavier (2024) <strong><em>UA<br><\/em><\/strong><strong>Markus Wettstein<\/strong> \u2013 <em>artfremd <\/em>f\u00fcr Haegeum, Gayageum und Klavier <strong><em>UA<br><\/em><\/strong><strong>Ulrich Pogoda <\/strong>\u2013 <em>Poesia con grazia <\/em>f\u00fcr Pansori, Haegeum, Gayageum und Klavier (2024) <em><strong>UA<br><\/strong><\/em><strong>Eunsil Kwon &#8211; <\/strong><em>Der Vogel <\/em>f\u00fcr Pansori, Haegeum, Gayageum und Klavier (2023)<strong><br>Seungeun Lee &#8211; <\/strong><em>Tan River Tale<\/em> f\u00fcr Haegeum, Gayageum und Klavier<strong> <em>UA<\/em><br>Fabian Blum &#8211;<\/strong> <em>Schmiedsori, <\/em>f\u00fcr Pansori, Gayageum, Haegeum, und Klavier (2024) <em><strong>UA<\/strong><\/em><\/p>\t\t\t\t\t\t\t\t<\/div>\n\t\t\t\t<\/div>\n\t\t\t\t\t<\/div>\n\t\t<\/div>\n\t\t\t\t<div class=\"elementor-column elementor-col-33 elementor-top-column elementor-element elementor-element-8e1a724\" data-id=\"8e1a724\" data-element_type=\"column\" data-e-type=\"column\">\n\t\t\t<div class=\"elementor-widget-wrap elementor-element-populated\">\n\t\t\t\t\t\t<div class=\"elementor-element elementor-element-dbfc34d elementor-widget elementor-widget-text-editor\" data-id=\"dbfc34d\" data-element_type=\"widget\" data-e-type=\"widget\" data-widget_type=\"text-editor.default\">\n\t\t\t\t<div class=\"elementor-widget-container\">\n\t\t\t\t\t\t\t\t\t<p><strong>Palais Lichtenau<\/strong><\/p>\t\t\t\t\t\t\t\t<\/div>\n\t\t\t\t<\/div>\n\t\t\t\t<div class=\"elementor-element elementor-element-da1dc52 elementor-widget__width-initial elementor-widget elementor-widget-image\" data-id=\"da1dc52\" data-element_type=\"widget\" data-e-type=\"widget\" data-widget_type=\"image.default\">\n\t\t\t\t<div class=\"elementor-widget-container\">\n\t\t\t\t\t\t\t\t\t\t\t\t<figure class=\"wp-caption\">\n\t\t\t\t\t\t\t\t\t\t<img loading=\"lazy\" decoding=\"async\" width=\"1972\" height=\"1331\" src=\"https:\/\/www.neue-musik-brandenburg.de\/wp-content\/uploads\/2024\/04\/Goodmori-Ensemble-klein-daily-studio-1.jpg\" class=\"attachment-2048x2048 size-2048x2048 wp-image-8253\" alt=\"\" srcset=\"https:\/\/www.neue-musik-brandenburg.de\/wp-content\/uploads\/2024\/04\/Goodmori-Ensemble-klein-daily-studio-1.jpg 1972w, https:\/\/www.neue-musik-brandenburg.de\/wp-content\/uploads\/2024\/04\/Goodmori-Ensemble-klein-daily-studio-1-300x202.jpg 300w, https:\/\/www.neue-musik-brandenburg.de\/wp-content\/uploads\/2024\/04\/Goodmori-Ensemble-klein-daily-studio-1-1024x691.jpg 1024w, https:\/\/www.neue-musik-brandenburg.de\/wp-content\/uploads\/2024\/04\/Goodmori-Ensemble-klein-daily-studio-1-768x518.jpg 768w, https:\/\/www.neue-musik-brandenburg.de\/wp-content\/uploads\/2024\/04\/Goodmori-Ensemble-klein-daily-studio-1-1536x1037.jpg 1536w\" sizes=\"(max-width: 1972px) 100vw, 1972px\" \/>\t\t\t\t\t\t\t\t\t\t\t<figcaption class=\"widget-image-caption wp-caption-text\">Ensemble Good Mori (S\u00fcdkorea), Foto: daily.studio<\/figcaption>\n\t\t\t\t\t\t\t\t\t\t<\/figure>\n\t\t\t\t\t\t\t\t\t<\/div>\n\t\t\t\t<\/div>\n\t\t\t\t\t<\/div>\n\t\t<\/div>\n\t\t\t\t\t<\/div>\n\t\t<\/section>\n\t\t\t\t<section class=\"elementor-section elementor-top-section elementor-element elementor-element-5210bc9 elementor-section-boxed elementor-section-height-default elementor-section-height-default\" data-id=\"5210bc9\" data-element_type=\"section\" data-e-type=\"section\">\n\t\t\t\t\t\t<div class=\"elementor-container elementor-column-gap-default\">\n\t\t\t\t\t<div class=\"elementor-column elementor-col-33 elementor-top-column elementor-element elementor-element-9e30ce4\" data-id=\"9e30ce4\" data-element_type=\"column\" data-e-type=\"column\">\n\t\t\t<div class=\"elementor-widget-wrap elementor-element-populated\">\n\t\t\t\t\t\t<div class=\"elementor-element elementor-element-368a99f elementor-widget elementor-widget-text-editor\" data-id=\"368a99f\" data-element_type=\"widget\" data-e-type=\"widget\" data-widget_type=\"text-editor.default\">\n\t\t\t\t<div class=\"elementor-widget-container\">\n\t\t\t\t\t\t\t\t\t<h4><strong>Mo 03. Juni 2024<\/strong><\/h4>\t\t\t\t\t\t\t\t<\/div>\n\t\t\t\t<\/div>\n\t\t\t\t\t<\/div>\n\t\t<\/div>\n\t\t\t\t<div class=\"elementor-column elementor-col-33 elementor-top-column elementor-element elementor-element-da04d2e\" data-id=\"da04d2e\" data-element_type=\"column\" data-e-type=\"column\">\n\t\t\t<div class=\"elementor-widget-wrap\">\n\t\t\t\t\t\t\t<\/div>\n\t\t<\/div>\n\t\t\t\t<div class=\"elementor-column elementor-col-33 elementor-top-column elementor-element elementor-element-4b49634\" data-id=\"4b49634\" data-element_type=\"column\" data-e-type=\"column\">\n\t\t\t<div class=\"elementor-widget-wrap\">\n\t\t\t\t\t\t\t<\/div>\n\t\t<\/div>\n\t\t\t\t\t<\/div>\n\t\t<\/section>\n\t\t\t\t<section class=\"elementor-section elementor-top-section elementor-element elementor-element-b0d12bf elementor-section-boxed elementor-section-height-default elementor-section-height-default\" data-id=\"b0d12bf\" data-element_type=\"section\" data-e-type=\"section\">\n\t\t\t\t\t\t<div class=\"elementor-container elementor-column-gap-default\">\n\t\t\t\t\t<div class=\"elementor-column elementor-col-33 elementor-top-column elementor-element elementor-element-3a4574a\" data-id=\"3a4574a\" data-element_type=\"column\" data-e-type=\"column\">\n\t\t\t<div class=\"elementor-widget-wrap elementor-element-populated\">\n\t\t\t\t\t\t<div class=\"elementor-element elementor-element-ce115c8 elementor-widget elementor-widget-text-editor\" data-id=\"ce115c8\" data-element_type=\"widget\" data-e-type=\"widget\" data-widget_type=\"text-editor.default\">\n\t\t\t\t<div class=\"elementor-widget-container\">\n\t\t\t\t\t\t\t\t\t<p><strong>16:00<br \/><\/strong><\/p><p><strong>18:00<\/strong><\/p>\t\t\t\t\t\t\t\t<\/div>\n\t\t\t\t<\/div>\n\t\t\t\t\t<\/div>\n\t\t<\/div>\n\t\t\t\t<div class=\"elementor-column elementor-col-33 elementor-top-column elementor-element elementor-element-acca8ab\" data-id=\"acca8ab\" data-element_type=\"column\" data-e-type=\"column\">\n\t\t\t<div class=\"elementor-widget-wrap elementor-element-populated\">\n\t\t\t\t\t\t<div class=\"elementor-element elementor-element-a249778 elementor-widget elementor-widget-text-editor\" data-id=\"a249778\" data-element_type=\"widget\" data-e-type=\"widget\" data-widget_type=\"text-editor.default\">\n\t\t\t\t<div class=\"elementor-widget-container\">\n\t\t\t\t\t\t\t\t\t<p><strong>Konzert Voltaireschule<\/strong><\/p><p><strong>Konzert der st\u00e4dtischen Musikschule &#8220;Johann Sebastian Bach&#8221;<br \/><\/strong><\/p>\t\t\t\t\t\t\t\t<\/div>\n\t\t\t\t<\/div>\n\t\t\t\t\t<\/div>\n\t\t<\/div>\n\t\t\t\t<div class=\"elementor-column elementor-col-33 elementor-top-column elementor-element elementor-element-4d7fca8\" data-id=\"4d7fca8\" data-element_type=\"column\" data-e-type=\"column\">\n\t\t\t<div class=\"elementor-widget-wrap elementor-element-populated\">\n\t\t\t\t\t\t<div class=\"elementor-element elementor-element-cc6a704 elementor-widget elementor-widget-text-editor\" data-id=\"cc6a704\" data-element_type=\"widget\" data-e-type=\"widget\" data-widget_type=\"text-editor.default\">\n\t\t\t\t<div class=\"elementor-widget-container\">\n\t\t\t\t\t\t\t\t\t<p><strong>Potsdam Museum<\/strong><\/p>\t\t\t\t\t\t\t\t<\/div>\n\t\t\t\t<\/div>\n\t\t\t\t\t<\/div>\n\t\t<\/div>\n\t\t\t\t\t<\/div>\n\t\t<\/section>\n\t\t\t\t<section class=\"elementor-section elementor-top-section elementor-element elementor-element-5a346a5 elementor-section-boxed elementor-section-height-default elementor-section-height-default\" data-id=\"5a346a5\" data-element_type=\"section\" data-e-type=\"section\">\n\t\t\t\t\t\t<div class=\"elementor-container elementor-column-gap-default\">\n\t\t\t\t\t<div class=\"elementor-column elementor-col-33 elementor-top-column elementor-element elementor-element-37b834b\" data-id=\"37b834b\" data-element_type=\"column\" data-e-type=\"column\">\n\t\t\t<div class=\"elementor-widget-wrap elementor-element-populated\">\n\t\t\t\t\t\t<div class=\"elementor-element elementor-element-2cf9e88 elementor-widget elementor-widget-text-editor\" data-id=\"2cf9e88\" data-element_type=\"widget\" data-e-type=\"widget\" data-widget_type=\"text-editor.default\">\n\t\t\t\t<div class=\"elementor-widget-container\">\n\t\t\t\t\t\t\t\t\t<p><strong>20:00\u00a0 \u00a0\u00a0<\/strong><\/p>\t\t\t\t\t\t\t\t<\/div>\n\t\t\t\t<\/div>\n\t\t\t\t\t<\/div>\n\t\t<\/div>\n\t\t\t\t<div class=\"elementor-column elementor-col-33 elementor-top-column elementor-element elementor-element-5571dc9\" data-id=\"5571dc9\" data-element_type=\"column\" data-e-type=\"column\">\n\t\t\t<div class=\"elementor-widget-wrap elementor-element-populated\">\n\t\t\t\t\t\t<div class=\"elementor-element elementor-element-fe678d0 elementor-widget elementor-widget-text-editor\" data-id=\"fe678d0\" data-element_type=\"widget\" data-e-type=\"widget\" data-widget_type=\"text-editor.default\">\n\t\t\t\t<div class=\"elementor-widget-container\">\n\t\t\t\t\t\t\t\t\t<p><strong>Cracow Duo<\/strong> (Krakau, Polen), Jan Kalinowski Violoncello, Marek Szlezer, Klavier. Br\u00fcckenkonzert in Krakow<\/p><p><strong>Thomas Gerwin<\/strong> \u2013 <em>BiPol VIII &#8211; linea contra punctus <\/em>2024 <em><strong>DEA<br \/><\/strong><\/em><strong>Volker Freidel<\/strong> \u2013 <em>6&#8211; 2x3x2\u20144 (Mirror landscape)\u00a0<\/em> for cello and piano, 2024 <em><strong>DEA<br \/><\/strong><\/em><strong>Julia Deppert-Lang<\/strong> &#8211; <em>Magma <\/em>f\u00fcr Violoncello und Klavier, 2024 <em><strong>DEA<\/strong><\/em><br \/><strong>Jan Cyz<\/strong> &#8211; <em>pax optima rerum &#8211; pok\u00f3j zgoda <\/em>2024<em><strong>DEA<\/strong><\/em> <br \/><strong>Jacek Domaga\u0142a<\/strong> \u2013\u00a0 <em>Little Triptych<\/em> for cello and piano, 2023 <em><strong>DEA<\/strong><\/em><br \/><strong>Anna Zawadzka-Go\u0142osz<\/strong> \u2013 <em>Essay on Earth and Heaven<\/em> for cello and piano, 2014<br \/><strong>Marcel Chyrzy\u0144ski<\/strong> \u2013 <em>9\/11 Elegy<\/em> for cello and piano, 2022<br \/><strong>Wojciech Wid\u0142ak<\/strong> \u2013 <em>All My Angers <\/em>for cello and piano, 2013<\/p><p><em><strong>DEA<\/strong><\/em> = Deutsche Erstauff\u00fchrung<\/p>\t\t\t\t\t\t\t\t<\/div>\n\t\t\t\t<\/div>\n\t\t\t\t\t<\/div>\n\t\t<\/div>\n\t\t\t\t<div class=\"elementor-column elementor-col-33 elementor-top-column elementor-element elementor-element-ea4db48\" data-id=\"ea4db48\" data-element_type=\"column\" data-e-type=\"column\">\n\t\t\t<div class=\"elementor-widget-wrap elementor-element-populated\">\n\t\t\t\t\t\t<div class=\"elementor-element elementor-element-63e518e elementor-widget elementor-widget-text-editor\" data-id=\"63e518e\" data-element_type=\"widget\" data-e-type=\"widget\" data-widget_type=\"text-editor.default\">\n\t\t\t\t<div class=\"elementor-widget-container\">\n\t\t\t\t\t\t\t\t\t<p><strong>Potsdam Museum<\/strong><\/p>\t\t\t\t\t\t\t\t<\/div>\n\t\t\t\t<\/div>\n\t\t\t\t<div class=\"elementor-element elementor-element-6a4f3f9 elementor-widget elementor-widget-image\" data-id=\"6a4f3f9\" data-element_type=\"widget\" data-e-type=\"widget\" data-widget_type=\"image.default\">\n\t\t\t\t<div class=\"elementor-widget-container\">\n\t\t\t\t\t\t\t\t\t\t\t\t<figure class=\"wp-caption\">\n\t\t\t\t\t\t\t\t\t\t<img loading=\"lazy\" decoding=\"async\" width=\"1024\" height=\"683\" src=\"https:\/\/www.neue-musik-brandenburg.de\/wp-content\/uploads\/2024\/03\/Cracow-Duo-2_Fotografin-Anita-Wasik-Plocinska-1024x683.jpg\" class=\"attachment-large size-large wp-image-8001\" alt=\"\" srcset=\"https:\/\/www.neue-musik-brandenburg.de\/wp-content\/uploads\/2024\/03\/Cracow-Duo-2_Fotografin-Anita-Wasik-Plocinska-1024x683.jpg 1024w, https:\/\/www.neue-musik-brandenburg.de\/wp-content\/uploads\/2024\/03\/Cracow-Duo-2_Fotografin-Anita-Wasik-Plocinska-300x200.jpg 300w, https:\/\/www.neue-musik-brandenburg.de\/wp-content\/uploads\/2024\/03\/Cracow-Duo-2_Fotografin-Anita-Wasik-Plocinska-768x512.jpg 768w, https:\/\/www.neue-musik-brandenburg.de\/wp-content\/uploads\/2024\/03\/Cracow-Duo-2_Fotografin-Anita-Wasik-Plocinska-1536x1024.jpg 1536w, https:\/\/www.neue-musik-brandenburg.de\/wp-content\/uploads\/2024\/03\/Cracow-Duo-2_Fotografin-Anita-Wasik-Plocinska-2048x1365.jpg 2048w\" sizes=\"(max-width: 1024px) 100vw, 1024px\" \/>\t\t\t\t\t\t\t\t\t\t\t<figcaption class=\"widget-image-caption wp-caption-text\">Cracow Duo, Foto: Anita W\u0105sik-P\u0142oci\u0144ska<\/figcaption>\n\t\t\t\t\t\t\t\t\t\t<\/figure>\n\t\t\t\t\t\t\t\t\t<\/div>\n\t\t\t\t<\/div>\n\t\t\t\t\t<\/div>\n\t\t<\/div>\n\t\t\t\t\t<\/div>\n\t\t<\/section>\n\t\t\t\t<section class=\"elementor-section elementor-top-section elementor-element elementor-element-b4cec26 elementor-section-boxed elementor-section-height-default elementor-section-height-default\" data-id=\"b4cec26\" data-element_type=\"section\" data-e-type=\"section\">\n\t\t\t\t\t\t<div class=\"elementor-container elementor-column-gap-default\">\n\t\t\t\t\t<div class=\"elementor-column elementor-col-33 elementor-top-column elementor-element elementor-element-938dd14\" data-id=\"938dd14\" data-element_type=\"column\" data-e-type=\"column\">\n\t\t\t<div class=\"elementor-widget-wrap elementor-element-populated\">\n\t\t\t\t\t\t<div class=\"elementor-element elementor-element-cfd2a1d elementor-widget elementor-widget-text-editor\" data-id=\"cfd2a1d\" data-element_type=\"widget\" data-e-type=\"widget\" data-widget_type=\"text-editor.default\">\n\t\t\t\t<div class=\"elementor-widget-container\">\n\t\t\t\t\t\t\t\t\t<h4><strong>Sa 29. Juni 2024<\/strong><\/h4>\t\t\t\t\t\t\t\t<\/div>\n\t\t\t\t<\/div>\n\t\t\t\t\t<\/div>\n\t\t<\/div>\n\t\t\t\t<div class=\"elementor-column elementor-col-33 elementor-top-column elementor-element elementor-element-eff0836\" data-id=\"eff0836\" data-element_type=\"column\" data-e-type=\"column\">\n\t\t\t<div class=\"elementor-widget-wrap\">\n\t\t\t\t\t\t\t<\/div>\n\t\t<\/div>\n\t\t\t\t<div class=\"elementor-column elementor-col-33 elementor-top-column elementor-element elementor-element-868a794\" data-id=\"868a794\" data-element_type=\"column\" data-e-type=\"column\">\n\t\t\t<div class=\"elementor-widget-wrap\">\n\t\t\t\t\t\t\t<\/div>\n\t\t<\/div>\n\t\t\t\t\t<\/div>\n\t\t<\/section>\n\t\t\t\t<section class=\"elementor-section elementor-top-section elementor-element elementor-element-9a0896b elementor-section-boxed elementor-section-height-default elementor-section-height-default\" data-id=\"9a0896b\" data-element_type=\"section\" data-e-type=\"section\">\n\t\t\t\t\t\t<div class=\"elementor-container elementor-column-gap-default\">\n\t\t\t\t\t<div class=\"elementor-column elementor-col-33 elementor-top-column elementor-element elementor-element-e660423\" data-id=\"e660423\" data-element_type=\"column\" data-e-type=\"column\">\n\t\t\t<div class=\"elementor-widget-wrap elementor-element-populated\">\n\t\t\t\t\t\t<div class=\"elementor-element elementor-element-e26b853 elementor-widget elementor-widget-text-editor\" data-id=\"e26b853\" data-element_type=\"widget\" data-e-type=\"widget\" data-widget_type=\"text-editor.default\">\n\t\t\t\t<div class=\"elementor-widget-container\">\n\t\t\t\t\t\t\t\t\t<p><strong>10:30<\/strong><\/p>\t\t\t\t\t\t\t\t<\/div>\n\t\t\t\t<\/div>\n\t\t\t\t\t<\/div>\n\t\t<\/div>\n\t\t\t\t<div class=\"elementor-column elementor-col-33 elementor-top-column elementor-element elementor-element-73994ae\" data-id=\"73994ae\" data-element_type=\"column\" data-e-type=\"column\">\n\t\t\t<div class=\"elementor-widget-wrap elementor-element-populated\">\n\t\t\t\t\t\t<div class=\"elementor-element elementor-element-40bfc3a elementor-widget elementor-widget-text-editor\" data-id=\"40bfc3a\" data-element_type=\"widget\" data-e-type=\"widget\" data-widget_type=\"text-editor.default\">\n\t\t\t\t<div class=\"elementor-widget-container\">\n\t\t\t\t\t\t\t\t\t<p><strong>sonic.art SAXOPHONQUARTETT<\/strong> (Berlin) Br\u00fcckenkonzert in Eberswalde am 29.6.24<br \/>Adrian Tully &#8211; Sopransaxophon,\u00a0 Alexander Doroshkevich &#8211; Altsaxophon, Taewook Ahn &#8211; Tenorsaxophon\u00a0 Annegret Tully, Baritonsaxophon<\/p><p><strong>Benjamin Lang<\/strong> <em>Old Scatness<\/em> 2016<br \/><strong>Ralf Hoyer<\/strong> \u2013 <em>closed circles <strong>UA<\/strong><\/em><br \/><strong>Peter Gilbert &#8211; <\/strong><em>Burnt into orange<\/em><strong><br \/>Stefan Lienenk\u00e4mper<\/strong> \u2013 <em>\u2026 f\u00fcr Saxophonquartett <\/em>2002\/2008<em><br \/><\/em><strong>Alex Nowitz<\/strong> \u2013 <em>Unfrei im Raum<\/em> f\u00fcr Saxophonquartett\u00a0 2024 <em><strong>UA<\/strong><\/em><br \/><strong>Charlotte Bray<\/strong> &#8211; <em>Voyage <\/em>2017<\/p>\t\t\t\t\t\t\t\t<\/div>\n\t\t\t\t<\/div>\n\t\t\t\t\t<\/div>\n\t\t<\/div>\n\t\t\t\t<div class=\"elementor-column elementor-col-33 elementor-top-column elementor-element elementor-element-1618904\" data-id=\"1618904\" data-element_type=\"column\" data-e-type=\"column\">\n\t\t\t<div class=\"elementor-widget-wrap elementor-element-populated\">\n\t\t\t\t\t\t<div class=\"elementor-element elementor-element-deacc11 elementor-widget elementor-widget-text-editor\" data-id=\"deacc11\" data-element_type=\"widget\" data-e-type=\"widget\" data-widget_type=\"text-editor.default\">\n\t\t\t\t<div class=\"elementor-widget-container\">\n\t\t\t\t\t\t\t\t\t<p><strong>Eberswalde, Paul-Wunderlich-Haus<\/strong><\/p>\t\t\t\t\t\t\t\t<\/div>\n\t\t\t\t<\/div>\n\t\t\t\t\t<\/div>\n\t\t<\/div>\n\t\t\t\t\t<\/div>\n\t\t<\/section>\n\t\t\t\t<section class=\"elementor-section elementor-top-section elementor-element elementor-element-8943f6d elementor-section-boxed elementor-section-height-default elementor-section-height-default\" data-id=\"8943f6d\" data-element_type=\"section\" data-e-type=\"section\">\n\t\t\t\t\t\t<div class=\"elementor-container elementor-column-gap-default\">\n\t\t\t\t\t<div class=\"elementor-column elementor-col-33 elementor-top-column elementor-element elementor-element-6a1b490\" data-id=\"6a1b490\" data-element_type=\"column\" data-e-type=\"column\">\n\t\t\t<div class=\"elementor-widget-wrap elementor-element-populated\">\n\t\t\t\t\t\t<div class=\"elementor-element elementor-element-776b0b2 elementor-widget elementor-widget-text-editor\" data-id=\"776b0b2\" data-element_type=\"widget\" data-e-type=\"widget\" data-widget_type=\"text-editor.default\">\n\t\t\t\t<div class=\"elementor-widget-container\">\n\t\t\t\t\t\t\t\t\t<h4><strong>Di 12. November 2024<\/strong><\/h4>\t\t\t\t\t\t\t\t<\/div>\n\t\t\t\t<\/div>\n\t\t\t\t\t<\/div>\n\t\t<\/div>\n\t\t\t\t<div class=\"elementor-column elementor-col-33 elementor-top-column elementor-element elementor-element-88c13b2\" data-id=\"88c13b2\" data-element_type=\"column\" data-e-type=\"column\">\n\t\t\t<div class=\"elementor-widget-wrap\">\n\t\t\t\t\t\t\t<\/div>\n\t\t<\/div>\n\t\t\t\t<div class=\"elementor-column elementor-col-33 elementor-top-column elementor-element elementor-element-47cba77\" data-id=\"47cba77\" data-element_type=\"column\" data-e-type=\"column\">\n\t\t\t<div class=\"elementor-widget-wrap\">\n\t\t\t\t\t\t\t<\/div>\n\t\t<\/div>\n\t\t\t\t\t<\/div>\n\t\t<\/section>\n\t\t\t\t<section class=\"elementor-section elementor-top-section elementor-element elementor-element-f3c33be elementor-section-boxed elementor-section-height-default elementor-section-height-default\" data-id=\"f3c33be\" data-element_type=\"section\" data-e-type=\"section\">\n\t\t\t\t\t\t<div class=\"elementor-container elementor-column-gap-default\">\n\t\t\t\t\t<div class=\"elementor-column elementor-col-33 elementor-top-column elementor-element elementor-element-6cacbbb\" data-id=\"6cacbbb\" data-element_type=\"column\" data-e-type=\"column\">\n\t\t\t<div class=\"elementor-widget-wrap elementor-element-populated\">\n\t\t\t\t\t\t<div class=\"elementor-element elementor-element-a197427 elementor-widget elementor-widget-text-editor\" data-id=\"a197427\" data-element_type=\"widget\" data-e-type=\"widget\" data-widget_type=\"text-editor.default\">\n\t\t\t\t<div class=\"elementor-widget-container\">\n\t\t\t\t\t\t\t\t\t<p><strong>19:00<\/strong><\/p>\t\t\t\t\t\t\t\t<\/div>\n\t\t\t\t<\/div>\n\t\t\t\t\t<\/div>\n\t\t<\/div>\n\t\t\t\t<div class=\"elementor-column elementor-col-33 elementor-top-column elementor-element elementor-element-99ce8ca\" data-id=\"99ce8ca\" data-element_type=\"column\" data-e-type=\"column\">\n\t\t\t<div class=\"elementor-widget-wrap elementor-element-populated\">\n\t\t\t\t\t\t<div class=\"elementor-element elementor-element-663faab elementor-widget elementor-widget-text-editor\" data-id=\"663faab\" data-element_type=\"widget\" data-e-type=\"widget\" data-widget_type=\"text-editor.default\">\n\t\t\t\t<div class=\"elementor-widget-container\">\n\t\t\t\t\t\t\t\t\t<p><strong>Cottbuser Musikherbst\u00a0<\/strong><\/p><p><strong>Youth Piano International <br \/><\/strong>Prof. Wolfgang Glemser und Studierende seiner internationalen MaterClass vom Institut f\u00fcr Musik der BTU Cottbus interpretieren Klavierwerke Brandenburgischer Komponisten, u.a. von Volker Freidel, Uli Pogoda, Helmut Zapf, Jan Cyz, Andreas Staffel und Bernd Weinreich.<\/p>\t\t\t\t\t\t\t\t<\/div>\n\t\t\t\t<\/div>\n\t\t\t\t\t<\/div>\n\t\t<\/div>\n\t\t\t\t<div class=\"elementor-column elementor-col-33 elementor-top-column elementor-element elementor-element-f379ba1\" data-id=\"f379ba1\" data-element_type=\"column\" data-e-type=\"column\">\n\t\t\t<div class=\"elementor-widget-wrap elementor-element-populated\">\n\t\t\t\t\t\t<div class=\"elementor-element elementor-element-aba4787 elementor-widget elementor-widget-text-editor\" data-id=\"aba4787\" data-element_type=\"widget\" data-e-type=\"widget\" data-widget_type=\"text-editor.default\">\n\t\t\t\t<div class=\"elementor-widget-container\">\n\t\t\t\t\t\t\t\t\t<p><strong>Konzertsaal Campus Saxendorf <br \/><\/strong>der BTU Cottbus<\/p>\t\t\t\t\t\t\t\t<\/div>\n\t\t\t\t<\/div>\n\t\t\t\t\t<\/div>\n\t\t<\/div>\n\t\t\t\t\t<\/div>\n\t\t<\/section>\n\t\t\t\t<section class=\"elementor-section elementor-top-section elementor-element elementor-element-0e8cc6c elementor-section-boxed elementor-section-height-default elementor-section-height-default\" data-id=\"0e8cc6c\" data-element_type=\"section\" data-e-type=\"section\">\n\t\t\t\t\t\t<div class=\"elementor-container elementor-column-gap-default\">\n\t\t\t\t\t<div class=\"elementor-column elementor-col-33 elementor-top-column elementor-element elementor-element-133a7c6\" data-id=\"133a7c6\" data-element_type=\"column\" data-e-type=\"column\">\n\t\t\t<div class=\"elementor-widget-wrap elementor-element-populated\">\n\t\t\t\t\t\t<div class=\"elementor-element elementor-element-f76ed9d elementor-widget__width-initial elementor-widget elementor-widget-text-editor\" data-id=\"f76ed9d\" data-element_type=\"widget\" data-e-type=\"widget\" data-widget_type=\"text-editor.default\">\n\t\t\t\t<div class=\"elementor-widget-container\">\n\t\t\t\t\t\t\t\t\t<h4><strong>So 17. November 2024<\/strong><\/h4>\t\t\t\t\t\t\t\t<\/div>\n\t\t\t\t<\/div>\n\t\t\t\t\t<\/div>\n\t\t<\/div>\n\t\t\t\t<div class=\"elementor-column elementor-col-33 elementor-top-column elementor-element elementor-element-40f8414\" data-id=\"40f8414\" data-element_type=\"column\" data-e-type=\"column\">\n\t\t\t<div class=\"elementor-widget-wrap\">\n\t\t\t\t\t\t\t<\/div>\n\t\t<\/div>\n\t\t\t\t<div class=\"elementor-column elementor-col-33 elementor-top-column elementor-element elementor-element-5680a1c\" data-id=\"5680a1c\" data-element_type=\"column\" data-e-type=\"column\">\n\t\t\t<div class=\"elementor-widget-wrap\">\n\t\t\t\t\t\t\t<\/div>\n\t\t<\/div>\n\t\t\t\t\t<\/div>\n\t\t<\/section>\n\t\t\t\t<section class=\"elementor-section elementor-top-section elementor-element elementor-element-91e8d03 elementor-section-boxed elementor-section-height-default elementor-section-height-default\" data-id=\"91e8d03\" data-element_type=\"section\" data-e-type=\"section\">\n\t\t\t\t\t\t<div class=\"elementor-container elementor-column-gap-default\">\n\t\t\t\t\t<div class=\"elementor-column elementor-col-33 elementor-top-column elementor-element elementor-element-f21aa0c\" data-id=\"f21aa0c\" data-element_type=\"column\" data-e-type=\"column\">\n\t\t\t<div class=\"elementor-widget-wrap elementor-element-populated\">\n\t\t\t\t\t\t<div class=\"elementor-element elementor-element-7827823 elementor-widget elementor-widget-text-editor\" data-id=\"7827823\" data-element_type=\"widget\" data-e-type=\"widget\" data-widget_type=\"text-editor.default\">\n\t\t\t\t<div class=\"elementor-widget-container\">\n\t\t\t\t\t\t\t\t\t<p><strong>17:00<\/strong><\/p>\t\t\t\t\t\t\t\t<\/div>\n\t\t\t\t<\/div>\n\t\t\t\t\t<\/div>\n\t\t<\/div>\n\t\t\t\t<div class=\"elementor-column elementor-col-33 elementor-top-column elementor-element elementor-element-cf5dfa8\" data-id=\"cf5dfa8\" data-element_type=\"column\" data-e-type=\"column\">\n\t\t\t<div class=\"elementor-widget-wrap elementor-element-populated\">\n\t\t\t\t\t\t<div class=\"elementor-element elementor-element-c80dcef elementor-widget elementor-widget-text-editor\" data-id=\"c80dcef\" data-element_type=\"widget\" data-e-type=\"widget\" data-widget_type=\"text-editor.default\">\n\t\t\t\t<div class=\"elementor-widget-container\">\n\t\t\t\t\t\t\t\t\t<p>Musik unserer Zeit<\/p><p>Das &#8220;Collegium musicum&#8221; der BTU Cottbus spielt Werke f\u00fcr Streichorchester Brandenburgischer Komponisten, u.a. UA von Hans Wilhelm H\u00f6sl, Bernd Weinreich und Bernhard Reichenbach. <strong><br \/><\/strong><\/p>\t\t\t\t\t\t\t\t<\/div>\n\t\t\t\t<\/div>\n\t\t\t\t\t<\/div>\n\t\t<\/div>\n\t\t\t\t<div class=\"elementor-column elementor-col-33 elementor-top-column elementor-element elementor-element-8231050\" data-id=\"8231050\" data-element_type=\"column\" data-e-type=\"column\">\n\t\t\t<div class=\"elementor-widget-wrap elementor-element-populated\">\n\t\t\t\t\t\t<div class=\"elementor-element elementor-element-b1f323f elementor-widget elementor-widget-text-editor\" data-id=\"b1f323f\" data-element_type=\"widget\" data-e-type=\"widget\" data-widget_type=\"text-editor.default\">\n\t\t\t\t<div class=\"elementor-widget-container\">\n\t\t\t\t\t\t\t\t\t<p><strong>Konzertsaal Campus Saxendorf <br \/><\/strong>der BTU Cottbus<\/p>\t\t\t\t\t\t\t\t<\/div>\n\t\t\t\t<\/div>\n\t\t\t\t\t<\/div>\n\t\t<\/div>\n\t\t\t\t\t<\/div>\n\t\t<\/section>\n\t\t\t\t<section class=\"elementor-section elementor-top-section elementor-element elementor-element-6285d92 elementor-section-boxed elementor-section-height-default elementor-section-height-default\" data-id=\"6285d92\" data-element_type=\"section\" data-e-type=\"section\">\n\t\t\t\t\t\t<div class=\"elementor-container elementor-column-gap-default\">\n\t\t\t\t\t<div class=\"elementor-column elementor-col-33 elementor-top-column elementor-element elementor-element-6ff98f3\" data-id=\"6ff98f3\" data-element_type=\"column\" data-e-type=\"column\">\n\t\t\t<div class=\"elementor-widget-wrap elementor-element-populated\">\n\t\t\t\t\t\t<div class=\"elementor-element elementor-element-b665597 elementor-widget elementor-widget-text-editor\" data-id=\"b665597\" data-element_type=\"widget\" data-e-type=\"widget\" data-widget_type=\"text-editor.default\">\n\t\t\t\t<div class=\"elementor-widget-container\">\n\t\t\t\t\t\t\t\t\t<p><strong>\u00a0 \u00a0<\/strong><\/p>\t\t\t\t\t\t\t\t<\/div>\n\t\t\t\t<\/div>\n\t\t\t\t\t<\/div>\n\t\t<\/div>\n\t\t\t\t<div class=\"elementor-column elementor-col-33 elementor-top-column elementor-element elementor-element-a5d3a4f\" data-id=\"a5d3a4f\" data-element_type=\"column\" data-e-type=\"column\">\n\t\t\t<div class=\"elementor-widget-wrap elementor-element-populated\">\n\t\t\t\t\t\t<div class=\"elementor-element elementor-element-3f67485 elementor-widget elementor-widget-text-editor\" data-id=\"3f67485\" data-element_type=\"widget\" data-e-type=\"widget\" data-widget_type=\"text-editor.default\">\n\t\t\t\t<div class=\"elementor-widget-container\">\n\t\t\t\t\t\t\t\t\t<p>ALLE ANGABEN OHNE GEW\u00c4HR\u2013\u00c4NDERUNGEN VORBEHALTEN !!!<\/p>\t\t\t\t\t\t\t\t<\/div>\n\t\t\t\t<\/div>\n\t\t\t\t\t<\/div>\n\t\t<\/div>\n\t\t\t\t<div class=\"elementor-column elementor-col-33 elementor-top-column elementor-element elementor-element-5a4ce73\" data-id=\"5a4ce73\" data-element_type=\"column\" data-e-type=\"column\">\n\t\t\t<div class=\"elementor-widget-wrap elementor-element-populated\">\n\t\t\t\t\t\t\t<\/div>\n\t\t<\/div>\n\t\t\t\t\t<\/div>\n\t\t<\/section>\n\t\t\t\t<section class=\"elementor-section elementor-top-section elementor-element elementor-element-b00639b elementor-section-boxed elementor-section-height-default elementor-section-height-default\" data-id=\"b00639b\" data-element_type=\"section\" data-e-type=\"section\">\n\t\t\t\t\t\t<div class=\"elementor-container elementor-column-gap-default\">\n\t\t\t\t\t<div class=\"elementor-column elementor-col-100 elementor-top-column elementor-element elementor-element-9873d92\" data-id=\"9873d92\" data-element_type=\"column\" data-e-type=\"column\">\n\t\t\t<div class=\"elementor-widget-wrap elementor-element-populated\">\n\t\t\t\t\t\t<div class=\"elementor-element elementor-element-ff41c1a elementor-widget elementor-widget-image\" data-id=\"ff41c1a\" data-element_type=\"widget\" data-e-type=\"widget\" data-widget_type=\"image.default\">\n\t\t\t\t<div class=\"elementor-widget-container\">\n\t\t\t\t\t\t\t\t\t\t\t\t\t\t\t<img decoding=\"async\" width=\"1024\" height=\"39\" src=\"https:\/\/www.neue-musik-brandenburg.de\/wp-content\/uploads\/2022\/02\/BVNM_schwarze_Linie_fast_glatt_Waagerecht-1024x39.png\" class=\"attachment-large size-large wp-image-4513\" alt=\"\" srcset=\"https:\/\/www.neue-musik-brandenburg.de\/wp-content\/uploads\/2022\/02\/BVNM_schwarze_Linie_fast_glatt_Waagerecht-1024x39.png 1024w, https:\/\/www.neue-musik-brandenburg.de\/wp-content\/uploads\/2022\/02\/BVNM_schwarze_Linie_fast_glatt_Waagerecht-300x11.png 300w, https:\/\/www.neue-musik-brandenburg.de\/wp-content\/uploads\/2022\/02\/BVNM_schwarze_Linie_fast_glatt_Waagerecht-768x29.png 768w, https:\/\/www.neue-musik-brandenburg.de\/wp-content\/uploads\/2022\/02\/BVNM_schwarze_Linie_fast_glatt_Waagerecht-1536x59.png 1536w, https:\/\/www.neue-musik-brandenburg.de\/wp-content\/uploads\/2022\/02\/BVNM_schwarze_Linie_fast_glatt_Waagerecht-2048x78.png 2048w\" sizes=\"(max-width: 1024px) 100vw, 1024px\" \/>\t\t\t\t\t\t\t\t\t\t\t\t\t\t\t<\/div>\n\t\t\t\t<\/div>\n\t\t\t\t\t<\/div>\n\t\t<\/div>\n\t\t\t\t\t<\/div>\n\t\t<\/section>\n\t\t\t\t<section class=\"elementor-section elementor-top-section elementor-element elementor-element-a69ed03 elementor-section-boxed elementor-section-height-default elementor-section-height-default\" data-id=\"a69ed03\" data-element_type=\"section\" data-e-type=\"section\">\n\t\t\t\t\t\t<div class=\"elementor-container elementor-column-gap-default\">\n\t\t\t\t\t<div class=\"elementor-column elementor-col-100 elementor-top-column elementor-element elementor-element-4391d00\" data-id=\"4391d00\" data-element_type=\"column\" data-e-type=\"column\">\n\t\t\t<div class=\"elementor-widget-wrap elementor-element-populated\">\n\t\t\t\t\t\t<div class=\"elementor-element elementor-element-447817f elementor-widget__width-initial elementor-widget elementor-widget-text-editor\" data-id=\"447817f\" data-element_type=\"widget\" data-e-type=\"widget\" data-widget_type=\"text-editor.default\">\n\t\t\t\t<div class=\"elementor-widget-container\">\n\t\t\t\t\t\t\t\t\t<p>K\u00fcnstlerische und organisatorische Leitung: <strong>Henry Mex<br><\/strong>Intersonanzen Team<strong>: Susanne Stelzenbach, Gabriel Iranyi, Stefan Lienenk\u00e4mper, Melanie Czarnofske, Irina Emeliantseva, <\/strong><strong>Andreas Staffel <\/strong><\/p>\n<p>Technik: <strong>Hanna Wei\u00dfgerber<\/strong> Dokumentation: <strong>Dietrich Petzold<\/strong> und <strong>Sebastian Rausch<\/strong><\/p>\n<p><span style=\"font-family: 'Titillium Web', sans-serif; font-size: 15.84px; font-style: normal; font-variant-ligatures: normal; font-variant-caps: normal; font-weight: 400;\">Schirmherrin: <\/span><span style=\"font-family: 'Titillium Web', sans-serif; font-size: 15.84px; font-style: normal; font-variant-ligatures: normal; font-variant-caps: normal;\"><b>Dr. Manja Sch\u00fcle<\/b>, Ministerin f\u00fcr Wissenschaft, Forschung und Kultur des Landes Brandenburg<\/span><strong><br><\/strong><\/p>\n<p><span style=\"color: var( --e-global-color-text );\">Partnerl\u00e4nder: <strong>Rum\u00e4nien, Polen <\/strong>und<strong> S\u00fcdkorea<\/strong><br><\/span><\/p>\n<p>Veranstalter:<strong> Brandenburgischer Verein Neue Musik e.V<\/strong>. in Kooperation mit den Spielorten Potsdam Museum, Museum FLUXUS+, Palais Lichtenau und den Veranstaltungen <em>Guten Morgen Eberswalde <\/em>und <em>Cottbuser Musikherbst<\/em><\/p>\n<p>weitere Kooperationspartner:<br>Landesmusikrat Brandenburg, LIT:Potsdam, St\u00e4dt. Musikschule Potsdam, Voltaire-Schule Potsdam, VdMK Brandenburg.<\/p>\n<p>Mit freundlicher Unterst\u00fctzung des MWFK Land Brandenburg, der Landeshauptstadt Potsdam, der Stadt Cottbus und der Stadt Eberswalde<\/p>\n<p>Reservierungen unter: <strong>info<\/strong><a href=\"mailto:mail@neue-musik-brandenburg.de\"><strong>@neue-musik-brandenburg.de<\/strong><\/a><\/p>\n<p>WIR DANKEN DEN INSTITUTIONEN UND KOOPERATIONSPARTNERN<\/p>\t\t\t\t\t\t\t\t<\/div>\n\t\t\t\t<\/div>\n\t\t\t\t\t<\/div>\n\t\t<\/div>\n\t\t\t\t\t<\/div>\n\t\t<\/section>\n\t\t\t\t<section class=\"elementor-section elementor-top-section elementor-element elementor-element-568a594 elementor-section-boxed elementor-section-height-default elementor-section-height-default\" data-id=\"568a594\" data-element_type=\"section\" data-e-type=\"section\">\n\t\t\t\t\t\t<div class=\"elementor-container elementor-column-gap-default\">\n\t\t\t\t\t<div class=\"elementor-column elementor-col-100 elementor-top-column elementor-element elementor-element-939fbd5\" data-id=\"939fbd5\" data-element_type=\"column\" data-e-type=\"column\">\n\t\t\t<div class=\"elementor-widget-wrap elementor-element-populated\">\n\t\t\t\t\t\t<div class=\"elementor-element elementor-element-6b3d0d5 elementor-widget elementor-widget-text-editor\" data-id=\"6b3d0d5\" data-element_type=\"widget\" data-e-type=\"widget\" data-widget_type=\"text-editor.default\">\n\t\t\t\t<div class=\"elementor-widget-container\">\n\t\t\t\t\t\t\t\t\t<hr \/>\n<p><!-- \/wp:separator --><\/p>\n<p><!-- wp:image {\"id\":6723,\"width\":491,\"height\":453,\"sizeSlug\":\"full\",\"linkDestination\":\"none\"} --><\/p>\n<figure><img loading=\"lazy\" decoding=\"async\" src=\"https:\/\/www.neue-musik-brandenburg.de\/wp-content\/uploads\/2022\/04\/re-sonanzen2022-Logo.jpg\" alt=\"\" width=\"491\" height=\"453\" \/><\/figure>\n\n<h1 style=\"font-style: normal; font-variant-ligatures: normal; font-variant-caps: normal; font-family: 'Titillium Web', sans-serif;\"><span style=\"font-weight: 600;\">re-sonanz 2024\u00a0<\/span><\/h1>\n\n\n<p style=\"font-style: normal; font-variant-ligatures: normal; font-variant-caps: normal; font-weight: 400; font-size: 15.84px; font-family: 'Titillium Web', sans-serif; color: #0f0f0f; letter-spacing: normal;\"><span style=\"font-weight: 600;\">Konzertreihe des Brandenburgischen Vereins Neue Musik e.V. im KunstHaus Potsdam<\/span><\/p>\n\n\n<p style=\"font-style: normal; font-variant-ligatures: normal; font-variant-caps: normal; font-weight: 400; font-size: 15.84px; font-family: 'Titillium Web', sans-serif; color: #0f0f0f; letter-spacing: normal;\">Das einmal j\u00e4hrlich stattfindende \u201eBrandenburgische Fest der Neuen Musik &#8211; intersonanzen\u201c soll auch im \u00fcbrigen Jahr regelm\u00e4\u00dfig Neue Musik pr\u00e4sentieren und so in die Stadt und die Region ausstrahlen &#8211; durch die neue Potsdamer Konzertreihe \u201ere-sonanz\u201c. Die kleine Reihe begann im Oktober 2020 und er\u00f6ffnete damit die Kooperation des Brandenburgischen Verein Neue Musik e.V. mit dem Kunstverein KunstHaus Potsdam e.V. 2021 fanden corona-bedingt nur wenige Konzerte statt, 2022 gab es planm\u00e4\u00dfig 6 Konzerte.<br \/>F\u00fcr 2024 sind nun wieder insgesamt 6 Konzerte in Einzel-Besetzung geplant. Renommierte Solist*innen pr\u00e4sentieren Neue Musik aus Brandenburg und internationales Repertoire. Die Konzerte sind konzeptionell jeweils in Bezug zu den wechselnden Ausstellungen im KunstHaus Potsdam gesetzt, w\u00e4hrend der bzw. in denen sie stattfinden.<br \/>Diskurs: Im Anschluss an die Konzerte gibt es immer noch ein kurzes Gespr\u00e4ch des k\u00fcnstlerischen Leiters Thomas Gerwin mit den Musiker*innen, den anwesenden Komponist*innen und dem Publikum \u00fcber das soeben Erlebte.<\/p>\n<p style=\"font-style: normal; font-variant-ligatures: normal; font-variant-caps: normal; font-weight: 400; font-size: 15.84px; font-family: 'Titillium Web', sans-serif; color: #0f0f0f; letter-spacing: normal;\">\u00a0<\/p>\n\n<p style=\"font-style: normal; font-variant-ligatures: normal; font-variant-caps: normal; font-weight: 400; font-size: 15.84px; font-family: 'Titillium Web', sans-serif; color: #0f0f0f; letter-spacing: normal;\"><span style=\"font-weight: 600;\">15.02.2024 Claudia Herr,\u00a0Sopran<\/span>\u00a0<a style=\"transition-property: all;\" href=\"https:\/\/www.neue-musik-brandenburg.de\/wp-content\/uploads\/2024\/06\/re-sonanz-2024-Abendprogramm-HERR.pdf\" target=\"_blank\" rel=\"noopener\">&gt; Abendprogramm als PDF<\/a><\/p>\n\n\n<p style=\"font-style: normal; font-variant-ligatures: normal; font-variant-caps: normal; font-weight: 400; font-size: 15.84px; font-family: 'Titillium Web', sans-serif; color: #0f0f0f; letter-spacing: normal;\"><span style=\"font-weight: 600;\">18.04.2024 Florian Juncker, Posaune<\/span>\u00a0<a style=\"transition-property: all;\" href=\"https:\/\/www.neue-musik-brandenburg.de\/wp-content\/uploads\/2024\/06\/re-sonanz-2024-Abendprogramm-JUNCKER.pdf\" target=\"_blank\" rel=\"noopener\">&gt; Abendprogramm als PDF<\/a><\/p>\n\n<p style=\"font-style: normal; font-variant-ligatures: normal; font-variant-caps: normal; font-weight: 400; font-size: 15.84px; font-family: 'Titillium Web', sans-serif; color: #0f0f0f; letter-spacing: normal;\"><span style=\"font-weight: 600;\">20.06.2024 Robin Hayward, Tuba\u00a0<\/span><a style=\"transition-property: all;\" href=\"https:\/\/www.neue-musik-brandenburg.de\/wp-content\/uploads\/2024\/08\/re-sonanz-2024-Abendprogramm-HAYWARD.pdf\" target=\"_blank\" rel=\"noopener\">&gt; Abendprogramm als PDF<\/a><\/p>\n\n<p style=\"font-style: normal; font-variant-ligatures: normal; font-variant-caps: normal; font-weight: 400; font-size: 15.84px; font-family: 'Titillium Web', sans-serif; color: #0f0f0f; letter-spacing: normal;\"><span style=\"font-weight: 600;\">08.08.2024 Horia Dumitrache, Klarinetten<\/span>\u00a0<a style=\"transition-property: all;\" href=\"https:\/\/www.neue-musik-brandenburg.de\/wp-content\/uploads\/2024\/08\/re-sonanz-2024-Abendprogramm-DUMITRACHE-neu.pdf\" target=\"_blank\" rel=\"noopener\">&gt; Abendprogramm als PDF<\/a><\/p>\n\n<p style=\"font-style: normal; font-variant-ligatures: normal; font-variant-caps: normal; font-weight: 400; font-size: 15.84px; font-family: 'Titillium Web', sans-serif; color: #0f0f0f; letter-spacing: normal;\"><span style=\"font-weight: 600;\">10.10.2024<\/span>\u00a0<span style=\"font-weight: 600;\">Antje Messerschmidt,\u00a0<\/span><span style=\"font-style: normal; font-variant-ligatures: normal; font-variant-caps: normal; font-weight: 600; font-size: 15.84px; font-family: 'Titillium Web', sans-serif;\">\u00a0Violine<\/span><span style=\"font-weight: bold;\">\u00a0\u00a0<\/span><span style=\"color: #ff6600;\"><i>f\u00e4llt krankheitbedingt aus!\u00a0\u00a0<\/i><span style=\"color: #000000;\">Es spielt daf\u00fcr:\u00a0<span style=\"font-weight: 600;\">Erik Drescher, Fl\u00f6te \/ Glissandofl\u00f6te\u00a0<a style=\"transition-property: all;\" href=\"https:\/\/www.neue-musik-brandenburg.de\/wp-content\/uploads\/2024\/10\/re-sonanz-2024-Abendprogramm-DRESCHER.pdf\" target=\"_blank\" rel=\"noopener\">&gt; Abendprogramm als PDF<\/a><br \/><\/span>&gt; Das Konzert<span style=\"font-weight: 600;\">\u00a0mit Antje Messerschmidt\u00a0<\/span>wird 2025 nachgeholt.<\/span><\/span><\/p>\n\n<p style=\"font-style: normal; font-variant-ligatures: normal; font-variant-caps: normal; font-weight: 400; font-size: 15.84px; font-family: 'Titillium Web', sans-serif; color: #0f0f0f; letter-spacing: normal;\"><span style=\"font-weight: 600;\">05.12.2024<\/span>\u00a0<span style=\"font-weight: 600;\">Ivo Berg, Blockfl\u00f6ten\u00a0<\/span><a style=\"transition-property: all;\" href=\"https:\/\/www.neue-musik-brandenburg.de\/wp-content\/uploads\/2024\/12\/re-sonanz-2024-Abendprogramm-BERG.pdf\" target=\"_blank\" rel=\"noopener\">&gt; Abendprogramm als PDF<\/a><\/p>\n\n<p style=\"font-style: normal; font-variant-ligatures: normal; font-variant-caps: normal; font-weight: 400; font-size: 15.84px; font-family: 'Titillium Web', sans-serif; color: #0f0f0f; letter-spacing: normal;\">\u00a0<\/p>\n<p style=\"font-style: normal; font-variant-ligatures: normal; font-variant-caps: normal; font-weight: 400; font-size: 15.84px; font-family: 'Titillium Web', sans-serif; color: #0f0f0f; letter-spacing: normal;\">\u00a0<\/p>\n<h3 style=\"font-style: normal; font-variant-ligatures: normal; font-variant-caps: normal; font-family: 'Titillium Web', sans-serif;\">Adresse:<span style=\"font-weight: 600;\">\u00a0KunstHaus Potsdam, Ulanenweg 9, 14469 Potsdam<\/span><\/h3>\n<p style=\"font-style: normal; font-variant-ligatures: normal; font-variant-caps: normal; font-weight: 400; font-size: 15.84px; font-family: 'Titillium Web', sans-serif; color: #0f0f0f; letter-spacing: normal;\">\u00a0<\/p>\n<p style=\"font-style: normal; font-variant-ligatures: normal; font-variant-caps: normal; font-weight: 400; font-size: 15.84px; font-family: 'Titillium Web', sans-serif; color: #0f0f0f; letter-spacing: normal;\">\u00a0<\/p>\n<p style=\"font-style: normal; font-variant-ligatures: normal; font-variant-caps: normal; font-weight: 400; font-size: 15.84px; font-family: 'Titillium Web', sans-serif; color: #0f0f0f; letter-spacing: normal;\">Veranstalter:<br \/><span style=\"font-weight: 600;\">Brandenburgischer Verein Neue Musik e.V<\/span>. in Kooperation mit dem\u00a0<span style=\"font-weight: 600;\">Kunstverein KunstHaus Potsdam e.V<\/span>.\u00a0<a style=\"transition-property: all;\" href=\"https:\/\/www.kvkhpotsdam.de\/\">www.kvkhpotsdam.de<\/a><br \/>Mit freundlicher Unterst\u00fctzung des Ministeriums f\u00fcr Wissenschaft, Forschung und Kultur des Landes Brandenburg und der Landeshauptstadt Potsdam<\/p>\n<p>&nbsp;<\/p>\n<p><!-- \/wp:paragraph --><\/p>\n<p><!-- wp:columns --><\/p>\n<div>\n<p><!-- wp:column --><\/p>\n<div>\u00a0<\/div>\n<p><!-- \/wp:column --><\/p>\n<p><!-- wp:column --><\/p>\n<div>\n<p><!-- wp:image {\"id\":511,\"width\":144,\"height\":144,\"sizeSlug\":\"full\",\"linkDestination\":\"none\"} --><\/p>\n<figure><img loading=\"lazy\" decoding=\"async\" src=\"https:\/\/www.neue-musik-brandenburg.de\/wp-content\/uploads\/2021\/12\/KHP-Logo-2020_3_Grund-Weiss_Typo-Grau-Gruen_RGB.jpg\" alt=\"\" width=\"144\" height=\"144\" \/><\/figure>\n<p><!-- \/wp:image --><\/p>\n<\/div>\n<p><!-- \/wp:column --><\/p>\n<p><!-- wp:column --><\/p>\n<div>\u00a0<\/div>\n<p><!-- \/wp:column --><\/p>\n<\/div>\n<p><!-- \/wp:columns --><\/p>\n<p><!-- wp:paragraph --><\/p>\n<p>Mit freundlicher Unterst\u00fctzung des Ministeriums f\u00fcr Wissenschaft, Forschung und Kultur des Landes Brandenburg und der Landeshauptstadt Potsdam<\/p>\n<p><!-- \/wp:paragraph --><\/p>\n<p><!-- wp:columns --><\/p>\n<div>\n<p><!-- wp:column --><\/p>\n<div>\n<p><!-- wp:image {\"align\":\"center\",\"id\":515,\"width\":103,\"height\":73,\"sizeSlug\":\"full\",\"linkDestination\":\"none\",\"className\":\"is-style-default\"} --><\/p>\n<div>\u00a0<\/div>\n<\/div>\n<\/div>\n<p><!-- \/wp:paragraph --><\/p>\t\t\t\t\t\t\t\t<\/div>\n\t\t\t\t<\/div>\n\t\t\t\t\t<\/div>\n\t\t<\/div>\n\t\t\t\t\t<\/div>\n\t\t<\/section>\n\t\t\t\t<section class=\"elementor-section elementor-top-section elementor-element elementor-element-f23e8d2 elementor-section-boxed elementor-section-height-default elementor-section-height-default\" data-id=\"f23e8d2\" data-element_type=\"section\" data-e-type=\"section\">\n\t\t\t\t\t\t<div class=\"elementor-container elementor-column-gap-default\">\n\t\t\t\t\t<div class=\"elementor-column elementor-col-100 elementor-top-column elementor-element elementor-element-529e2fc\" data-id=\"529e2fc\" data-element_type=\"column\" data-e-type=\"column\">\n\t\t\t<div class=\"elementor-widget-wrap elementor-element-populated\">\n\t\t\t\t\t\t<div class=\"elementor-element elementor-element-0e8b593 elementor-widget elementor-widget-image\" data-id=\"0e8b593\" data-element_type=\"widget\" data-e-type=\"widget\" data-widget_type=\"image.default\">\n\t\t\t\t<div class=\"elementor-widget-container\">\n\t\t\t\t\t\t\t\t\t\t\t\t\t\t\t<img decoding=\"async\" width=\"1024\" height=\"39\" src=\"https:\/\/www.neue-musik-brandenburg.de\/wp-content\/uploads\/2022\/02\/BVNM_schwarze_Linie_fast_glatt_Waagerecht-1024x39.png\" class=\"attachment-large size-large wp-image-4513\" alt=\"\" srcset=\"https:\/\/www.neue-musik-brandenburg.de\/wp-content\/uploads\/2022\/02\/BVNM_schwarze_Linie_fast_glatt_Waagerecht-1024x39.png 1024w, https:\/\/www.neue-musik-brandenburg.de\/wp-content\/uploads\/2022\/02\/BVNM_schwarze_Linie_fast_glatt_Waagerecht-300x11.png 300w, https:\/\/www.neue-musik-brandenburg.de\/wp-content\/uploads\/2022\/02\/BVNM_schwarze_Linie_fast_glatt_Waagerecht-768x29.png 768w, https:\/\/www.neue-musik-brandenburg.de\/wp-content\/uploads\/2022\/02\/BVNM_schwarze_Linie_fast_glatt_Waagerecht-1536x59.png 1536w, https:\/\/www.neue-musik-brandenburg.de\/wp-content\/uploads\/2022\/02\/BVNM_schwarze_Linie_fast_glatt_Waagerecht-2048x78.png 2048w\" sizes=\"(max-width: 1024px) 100vw, 1024px\" \/>\t\t\t\t\t\t\t\t\t\t\t\t\t\t\t<\/div>\n\t\t\t\t<\/div>\n\t\t\t\t\t<\/div>\n\t\t<\/div>\n\t\t\t\t\t<\/div>\n\t\t<\/section>\n\t\t\t\t<section class=\"elementor-section elementor-top-section elementor-element elementor-element-163f18e elementor-section-boxed elementor-section-height-default elementor-section-height-default\" data-id=\"163f18e\" data-element_type=\"section\" data-e-type=\"section\">\n\t\t\t\t\t\t<div class=\"elementor-container elementor-column-gap-default\">\n\t\t\t\t\t<div class=\"elementor-column elementor-col-33 elementor-top-column elementor-element elementor-element-a7164b8\" data-id=\"a7164b8\" data-element_type=\"column\" data-e-type=\"column\">\n\t\t\t<div class=\"elementor-widget-wrap elementor-element-populated\">\n\t\t\t\t\t\t<div class=\"elementor-element elementor-element-1d5898c elementor-widget__width-initial elementor-widget elementor-widget-image\" data-id=\"1d5898c\" data-element_type=\"widget\" data-e-type=\"widget\" data-widget_type=\"image.default\">\n\t\t\t\t<div class=\"elementor-widget-container\">\n\t\t\t\t\t\t\t\t\t\t\t\t\t\t\t<img loading=\"lazy\" decoding=\"async\" width=\"288\" height=\"300\" src=\"https:\/\/www.neue-musik-brandenburg.de\/wp-content\/uploads\/2022\/03\/Logo-Land-Brandenburg-MWFK-288x300.jpg\" class=\"attachment-medium size-medium wp-image-6166\" alt=\"\" srcset=\"https:\/\/www.neue-musik-brandenburg.de\/wp-content\/uploads\/2022\/03\/Logo-Land-Brandenburg-MWFK-288x300.jpg 288w, https:\/\/www.neue-musik-brandenburg.de\/wp-content\/uploads\/2022\/03\/Logo-Land-Brandenburg-MWFK.jpg 420w\" sizes=\"(max-width: 288px) 100vw, 288px\" \/>\t\t\t\t\t\t\t\t\t\t\t\t\t\t\t<\/div>\n\t\t\t\t<\/div>\n\t\t\t\t\t<\/div>\n\t\t<\/div>\n\t\t\t\t<div class=\"elementor-column elementor-col-33 elementor-top-column elementor-element elementor-element-7d5d708\" data-id=\"7d5d708\" data-element_type=\"column\" data-e-type=\"column\">\n\t\t\t<div class=\"elementor-widget-wrap elementor-element-populated\">\n\t\t\t\t\t\t<div class=\"elementor-element elementor-element-a53d411 elementor-widget__width-initial elementor-widget elementor-widget-image\" data-id=\"a53d411\" data-element_type=\"widget\" data-e-type=\"widget\" data-widget_type=\"image.default\">\n\t\t\t\t<div class=\"elementor-widget-container\">\n\t\t\t\t\t\t\t\t\t\t\t\t\t\t\t<img loading=\"lazy\" decoding=\"async\" width=\"768\" height=\"372\" src=\"https:\/\/www.neue-musik-brandenburg.de\/wp-content\/uploads\/2021\/12\/LHPgefoerdert_Logo_blau-768x372.jpg\" class=\"attachment-medium_large size-medium_large wp-image-517\" alt=\"\" srcset=\"https:\/\/www.neue-musik-brandenburg.de\/wp-content\/uploads\/2021\/12\/LHPgefoerdert_Logo_blau-768x372.jpg 768w, https:\/\/www.neue-musik-brandenburg.de\/wp-content\/uploads\/2021\/12\/LHPgefoerdert_Logo_blau-300x145.jpg 300w, https:\/\/www.neue-musik-brandenburg.de\/wp-content\/uploads\/2021\/12\/LHPgefoerdert_Logo_blau.jpg 984w\" sizes=\"(max-width: 768px) 100vw, 768px\" \/>\t\t\t\t\t\t\t\t\t\t\t\t\t\t\t<\/div>\n\t\t\t\t<\/div>\n\t\t\t\t\t<\/div>\n\t\t<\/div>\n\t\t\t\t<div class=\"elementor-column elementor-col-33 elementor-top-column elementor-element elementor-element-c3cb118\" data-id=\"c3cb118\" data-element_type=\"column\" data-e-type=\"column\">\n\t\t\t<div class=\"elementor-widget-wrap\">\n\t\t\t\t\t\t\t<\/div>\n\t\t<\/div>\n\t\t\t\t\t<\/div>\n\t\t<\/section>\n\t\t\t\t<section class=\"elementor-section elementor-top-section elementor-element elementor-element-58ef85e elementor-section-boxed elementor-section-height-default elementor-section-height-default\" data-id=\"58ef85e\" data-element_type=\"section\" data-e-type=\"section\">\n\t\t\t\t\t\t<div class=\"elementor-container elementor-column-gap-default\">\n\t\t\t\t\t<div class=\"elementor-column elementor-col-33 elementor-top-column elementor-element elementor-element-7a324f7\" data-id=\"7a324f7\" data-element_type=\"column\" data-e-type=\"column\">\n\t\t\t<div class=\"elementor-widget-wrap elementor-element-populated\">\n\t\t\t\t\t\t<div class=\"elementor-element elementor-element-4bdb69c elementor-widget__width-initial elementor-widget elementor-widget-image\" data-id=\"4bdb69c\" data-element_type=\"widget\" data-e-type=\"widget\" data-widget_type=\"image.default\">\n\t\t\t\t<div class=\"elementor-widget-container\">\n\t\t\t\t\t\t\t\t\t\t\t\t\t\t\t<img loading=\"lazy\" decoding=\"async\" width=\"747\" height=\"378\" src=\"https:\/\/www.neue-musik-brandenburg.de\/wp-content\/uploads\/2021\/12\/46.-cottbuser-musikherbst-e1648555999715.jpg\" class=\"attachment-large size-large wp-image-487\" alt=\"\" srcset=\"https:\/\/www.neue-musik-brandenburg.de\/wp-content\/uploads\/2021\/12\/46.-cottbuser-musikherbst-e1648555999715.jpg 747w, https:\/\/www.neue-musik-brandenburg.de\/wp-content\/uploads\/2021\/12\/46.-cottbuser-musikherbst-e1648555999715-300x152.jpg 300w\" sizes=\"(max-width: 747px) 100vw, 747px\" \/>\t\t\t\t\t\t\t\t\t\t\t\t\t\t\t<\/div>\n\t\t\t\t<\/div>\n\t\t\t\t\t<\/div>\n\t\t<\/div>\n\t\t\t\t<div class=\"elementor-column elementor-col-33 elementor-top-column elementor-element elementor-element-dcf49c8\" data-id=\"dcf49c8\" data-element_type=\"column\" data-e-type=\"column\">\n\t\t\t<div class=\"elementor-widget-wrap elementor-element-populated\">\n\t\t\t\t\t\t<div class=\"elementor-element elementor-element-400683e elementor-widget__width-initial elementor-widget elementor-widget-image\" data-id=\"400683e\" data-element_type=\"widget\" data-e-type=\"widget\" data-widget_type=\"image.default\">\n\t\t\t\t<div class=\"elementor-widget-container\">\n\t\t\t\t\t\t\t\t\t\t\t\t\t\t\t\t<a href=\"https:\/\/www.litpotsdam.de\/\">\n\t\t\t\t\t\t\t<img loading=\"lazy\" decoding=\"async\" width=\"300\" height=\"105\" src=\"https:\/\/www.neue-musik-brandenburg.de\/wp-content\/uploads\/2024\/02\/LitPots_Logo2023_LitPots_Logo_pos-300x105.png\" class=\"attachment-medium size-medium wp-image-7846\" alt=\"Lit:Potsdam\" srcset=\"https:\/\/www.neue-musik-brandenburg.de\/wp-content\/uploads\/2024\/02\/LitPots_Logo2023_LitPots_Logo_pos-300x105.png 300w, https:\/\/www.neue-musik-brandenburg.de\/wp-content\/uploads\/2024\/02\/LitPots_Logo2023_LitPots_Logo_pos-1024x358.png 1024w, https:\/\/www.neue-musik-brandenburg.de\/wp-content\/uploads\/2024\/02\/LitPots_Logo2023_LitPots_Logo_pos-768x268.png 768w, https:\/\/www.neue-musik-brandenburg.de\/wp-content\/uploads\/2024\/02\/LitPots_Logo2023_LitPots_Logo_pos-1536x537.png 1536w, https:\/\/www.neue-musik-brandenburg.de\/wp-content\/uploads\/2024\/02\/LitPots_Logo2023_LitPots_Logo_pos-2048x716.png 2048w\" sizes=\"(max-width: 300px) 100vw, 300px\" \/>\t\t\t\t\t\t\t\t<\/a>\n\t\t\t\t\t\t\t\t\t\t\t\t\t\t\t<\/div>\n\t\t\t\t<\/div>\n\t\t\t\t\t<\/div>\n\t\t<\/div>\n\t\t\t\t<div class=\"elementor-column elementor-col-33 elementor-top-column elementor-element elementor-element-1f3679b\" data-id=\"1f3679b\" data-element_type=\"column\" data-e-type=\"column\">\n\t\t\t<div class=\"elementor-widget-wrap\">\n\t\t\t\t\t\t\t<\/div>\n\t\t<\/div>\n\t\t\t\t\t<\/div>\n\t\t<\/section>\n\t\t\t\t<section class=\"elementor-section elementor-top-section elementor-element elementor-element-d81f128 elementor-section-boxed elementor-section-height-default elementor-section-height-default\" data-id=\"d81f128\" data-element_type=\"section\" data-e-type=\"section\">\n\t\t\t\t\t\t<div class=\"elementor-container elementor-column-gap-default\">\n\t\t\t\t\t<div class=\"elementor-column elementor-col-33 elementor-top-column elementor-element elementor-element-8292752\" data-id=\"8292752\" data-element_type=\"column\" data-e-type=\"column\">\n\t\t\t<div class=\"elementor-widget-wrap elementor-element-populated\">\n\t\t\t\t\t\t<div class=\"elementor-element elementor-element-f31388f elementor-widget__width-initial elementor-widget elementor-widget-image\" data-id=\"f31388f\" data-element_type=\"widget\" data-e-type=\"widget\" data-widget_type=\"image.default\">\n\t\t\t\t<div class=\"elementor-widget-container\">\n\t\t\t\t\t\t\t\t\t\t\t\t\t\t\t<img loading=\"lazy\" decoding=\"async\" width=\"768\" height=\"137\" src=\"https:\/\/www.neue-musik-brandenburg.de\/wp-content\/uploads\/2024\/04\/Potsdam-Museum_Signet_komplett_blau-768x137.jpg\" class=\"attachment-medium_large size-medium_large wp-image-8205\" alt=\"\" srcset=\"https:\/\/www.neue-musik-brandenburg.de\/wp-content\/uploads\/2024\/04\/Potsdam-Museum_Signet_komplett_blau-768x137.jpg 768w, https:\/\/www.neue-musik-brandenburg.de\/wp-content\/uploads\/2024\/04\/Potsdam-Museum_Signet_komplett_blau-300x54.jpg 300w, https:\/\/www.neue-musik-brandenburg.de\/wp-content\/uploads\/2024\/04\/Potsdam-Museum_Signet_komplett_blau-1024x183.jpg 1024w, https:\/\/www.neue-musik-brandenburg.de\/wp-content\/uploads\/2024\/04\/Potsdam-Museum_Signet_komplett_blau-1536x274.jpg 1536w, https:\/\/www.neue-musik-brandenburg.de\/wp-content\/uploads\/2024\/04\/Potsdam-Museum_Signet_komplett_blau-2048x365.jpg 2048w\" sizes=\"(max-width: 768px) 100vw, 768px\" \/>\t\t\t\t\t\t\t\t\t\t\t\t\t\t\t<\/div>\n\t\t\t\t<\/div>\n\t\t\t\t\t<\/div>\n\t\t<\/div>\n\t\t\t\t<div class=\"elementor-column elementor-col-33 elementor-top-column elementor-element elementor-element-8b4a003\" data-id=\"8b4a003\" data-element_type=\"column\" data-e-type=\"column\">\n\t\t\t<div class=\"elementor-widget-wrap elementor-element-populated\">\n\t\t\t\t\t\t<div class=\"elementor-element elementor-element-f933c98 elementor-widget__width-initial elementor-widget elementor-widget-image\" data-id=\"f933c98\" data-element_type=\"widget\" data-e-type=\"widget\" data-widget_type=\"image.default\">\n\t\t\t\t<div class=\"elementor-widget-container\">\n\t\t\t\t\t\t\t\t\t\t\t\t\t\t\t\t<a href=\"https:\/\/www.fluxus-plus.de\">\n\t\t\t\t\t\t\t<img loading=\"lazy\" decoding=\"async\" width=\"596\" height=\"110\" src=\"https:\/\/www.neue-musik-brandenburg.de\/wp-content\/uploads\/2024\/02\/FLUXUSmfsign.png\" class=\"attachment-medium_large size-medium_large wp-image-7847\" alt=\"\" srcset=\"https:\/\/www.neue-musik-brandenburg.de\/wp-content\/uploads\/2024\/02\/FLUXUSmfsign.png 596w, https:\/\/www.neue-musik-brandenburg.de\/wp-content\/uploads\/2024\/02\/FLUXUSmfsign-300x55.png 300w\" sizes=\"(max-width: 596px) 100vw, 596px\" \/>\t\t\t\t\t\t\t\t<\/a>\n\t\t\t\t\t\t\t\t\t\t\t\t\t\t\t<\/div>\n\t\t\t\t<\/div>\n\t\t\t\t\t<\/div>\n\t\t<\/div>\n\t\t\t\t<div class=\"elementor-column elementor-col-33 elementor-top-column elementor-element elementor-element-39c18a3\" data-id=\"39c18a3\" data-element_type=\"column\" data-e-type=\"column\">\n\t\t\t<div class=\"elementor-widget-wrap\">\n\t\t\t\t\t\t\t<\/div>\n\t\t<\/div>\n\t\t\t\t\t<\/div>\n\t\t<\/section>\n\t\t\t\t<section class=\"elementor-section elementor-top-section elementor-element elementor-element-21a6e9f elementor-section-boxed elementor-section-height-default elementor-section-height-default\" data-id=\"21a6e9f\" data-element_type=\"section\" data-e-type=\"section\">\n\t\t\t\t\t\t<div class=\"elementor-container elementor-column-gap-default\">\n\t\t\t\t\t<div class=\"elementor-column elementor-col-33 elementor-top-column elementor-element elementor-element-a191c3f\" data-id=\"a191c3f\" data-element_type=\"column\" data-e-type=\"column\">\n\t\t\t<div class=\"elementor-widget-wrap elementor-element-populated\">\n\t\t\t\t\t\t<div class=\"elementor-element elementor-element-a7ba485 elementor-widget__width-initial elementor-widget elementor-widget-image\" data-id=\"a7ba485\" data-element_type=\"widget\" data-e-type=\"widget\" data-widget_type=\"image.default\">\n\t\t\t\t<div class=\"elementor-widget-container\">\n\t\t\t\t\t\t\t\t\t\t\t\t\t\t\t<img loading=\"lazy\" decoding=\"async\" width=\"300\" height=\"150\" src=\"https:\/\/www.neue-musik-brandenburg.de\/wp-content\/uploads\/2024\/04\/Daegu-Foundation-Korea-1-300x150.png\" class=\"attachment-medium size-medium wp-image-8204\" alt=\"\" srcset=\"https:\/\/www.neue-musik-brandenburg.de\/wp-content\/uploads\/2024\/04\/Daegu-Foundation-Korea-1-300x150.png 300w, https:\/\/www.neue-musik-brandenburg.de\/wp-content\/uploads\/2024\/04\/Daegu-Foundation-Korea-1-1024x512.png 1024w, https:\/\/www.neue-musik-brandenburg.de\/wp-content\/uploads\/2024\/04\/Daegu-Foundation-Korea-1-768x384.png 768w, https:\/\/www.neue-musik-brandenburg.de\/wp-content\/uploads\/2024\/04\/Daegu-Foundation-Korea-1-1536x768.png 1536w, https:\/\/www.neue-musik-brandenburg.de\/wp-content\/uploads\/2024\/04\/Daegu-Foundation-Korea-1-2048x1024.png 2048w\" sizes=\"(max-width: 300px) 100vw, 300px\" \/>\t\t\t\t\t\t\t\t\t\t\t\t\t\t\t<\/div>\n\t\t\t\t<\/div>\n\t\t\t\t\t<\/div>\n\t\t<\/div>\n\t\t\t\t<div class=\"elementor-column elementor-col-33 elementor-top-column elementor-element elementor-element-c80de63\" data-id=\"c80de63\" data-element_type=\"column\" data-e-type=\"column\">\n\t\t\t<div class=\"elementor-widget-wrap elementor-element-populated\">\n\t\t\t\t\t\t<div class=\"elementor-element elementor-element-6f5f7a5 elementor-widget__width-initial elementor-widget elementor-widget-image\" data-id=\"6f5f7a5\" data-element_type=\"widget\" data-e-type=\"widget\" data-widget_type=\"image.default\">\n\t\t\t\t<div class=\"elementor-widget-container\">\n\t\t\t\t\t\t\t\t\t\t\t\t\t\t\t<img loading=\"lazy\" decoding=\"async\" width=\"282\" height=\"178\" src=\"https:\/\/www.neue-musik-brandenburg.de\/wp-content\/uploads\/2024\/04\/Polnisches-Institut.png\" class=\"attachment-medium size-medium wp-image-8101\" alt=\"\" \/>\t\t\t\t\t\t\t\t\t\t\t\t\t\t\t<\/div>\n\t\t\t\t<\/div>\n\t\t\t\t\t<\/div>\n\t\t<\/div>\n\t\t\t\t<div class=\"elementor-column elementor-col-33 elementor-top-column elementor-element elementor-element-b026018\" data-id=\"b026018\" data-element_type=\"column\" data-e-type=\"column\">\n\t\t\t<div class=\"elementor-widget-wrap\">\n\t\t\t\t\t\t\t<\/div>\n\t\t<\/div>\n\t\t\t\t\t<\/div>\n\t\t<\/section>\n\t\t\t\t<section class=\"elementor-section elementor-top-section elementor-element elementor-element-2e396f0 elementor-section-boxed elementor-section-height-default elementor-section-height-default\" data-id=\"2e396f0\" data-element_type=\"section\" data-e-type=\"section\">\n\t\t\t\t\t\t<div class=\"elementor-container elementor-column-gap-default\">\n\t\t\t\t\t<div class=\"elementor-column elementor-col-33 elementor-top-column elementor-element elementor-element-619e10a\" data-id=\"619e10a\" data-element_type=\"column\" data-e-type=\"column\">\n\t\t\t<div class=\"elementor-widget-wrap elementor-element-populated\">\n\t\t\t\t\t\t<div class=\"elementor-element elementor-element-7cc10f6 elementor-widget__width-initial elementor-widget elementor-widget-image\" data-id=\"7cc10f6\" data-element_type=\"widget\" data-e-type=\"widget\" data-widget_type=\"image.default\">\n\t\t\t\t<div class=\"elementor-widget-container\">\n\t\t\t\t\t\t\t\t\t\t\t\t\t\t\t<img loading=\"lazy\" decoding=\"async\" width=\"503\" height=\"292\" src=\"https:\/\/www.neue-musik-brandenburg.de\/wp-content\/uploads\/2024\/04\/logo_vianova_extern_rgb.jpg\" class=\"attachment-1536x1536 size-1536x1536 wp-image-8226\" alt=\"\" srcset=\"https:\/\/www.neue-musik-brandenburg.de\/wp-content\/uploads\/2024\/04\/logo_vianova_extern_rgb.jpg 503w, https:\/\/www.neue-musik-brandenburg.de\/wp-content\/uploads\/2024\/04\/logo_vianova_extern_rgb-300x174.jpg 300w\" sizes=\"(max-width: 503px) 100vw, 503px\" \/>\t\t\t\t\t\t\t\t\t\t\t\t\t\t\t<\/div>\n\t\t\t\t<\/div>\n\t\t\t\t\t<\/div>\n\t\t<\/div>\n\t\t\t\t<div class=\"elementor-column elementor-col-33 elementor-top-column elementor-element elementor-element-9f67572\" data-id=\"9f67572\" data-element_type=\"column\" data-e-type=\"column\">\n\t\t\t<div class=\"elementor-widget-wrap\">\n\t\t\t\t\t\t\t<\/div>\n\t\t<\/div>\n\t\t\t\t<div class=\"elementor-column elementor-col-33 elementor-top-column elementor-element elementor-element-4d65c67\" data-id=\"4d65c67\" data-element_type=\"column\" data-e-type=\"column\">\n\t\t\t<div class=\"elementor-widget-wrap\">\n\t\t\t\t\t\t\t<\/div>\n\t\t<\/div>\n\t\t\t\t\t<\/div>\n\t\t<\/section>\n\t\t\t\t<section class=\"elementor-section elementor-top-section elementor-element elementor-element-afa64dc elementor-section-boxed elementor-section-height-default elementor-section-height-default\" data-id=\"afa64dc\" data-element_type=\"section\" data-e-type=\"section\">\n\t\t\t\t\t\t<div class=\"elementor-container elementor-column-gap-default\">\n\t\t\t\t\t<div class=\"elementor-column elementor-col-100 elementor-top-column elementor-element elementor-element-d0a8c0a\" data-id=\"d0a8c0a\" data-element_type=\"column\" data-e-type=\"column\">\n\t\t\t<div class=\"elementor-widget-wrap\">\n\t\t\t\t\t\t\t<\/div>\n\t\t<\/div>\n\t\t\t\t\t<\/div>\n\t\t<\/section>\n\t\t\t\t<\/div>\n\t\t","protected":false},"excerpt":{"rendered":"<p>24. Brandenburgisches Fest der Neuen Musik Das Neue Musik-Festival intersonanzen findet vom 30.05.- 09.06.2024 statt. Austragungsorte sind das Potsdam Museum, das Palais Lichtenau und das Museum FLUXUS+. interlinear betont den offenen Raum, der zwischen&#46;&#46;&#46;<\/p>\n","protected":false},"author":1,"featured_media":0,"parent":0,"menu_order":0,"comment_status":"closed","ping_status":"closed","template":"","meta":{"_custom_body_class":"","_custom_post_class":"","footnotes":""},"class_list":["post-8417","page","type-page","status-publish","hentry"],"translation":{"provider":"WPGlobus","version":"3.0.2","language":"en","enabled_languages":["de","en"],"languages":{"de":{"title":true,"content":true,"excerpt":false},"en":{"title":true,"content":true,"excerpt":false}}},"_links":{"self":[{"href":"https:\/\/www.neue-musik-brandenburg.de\/en\/wp-json\/wp\/v2\/pages\/8417","targetHints":{"allow":["GET"]}}],"collection":[{"href":"https:\/\/www.neue-musik-brandenburg.de\/en\/wp-json\/wp\/v2\/pages"}],"about":[{"href":"https:\/\/www.neue-musik-brandenburg.de\/en\/wp-json\/wp\/v2\/types\/page"}],"author":[{"embeddable":true,"href":"https:\/\/www.neue-musik-brandenburg.de\/en\/wp-json\/wp\/v2\/users\/1"}],"replies":[{"embeddable":true,"href":"https:\/\/www.neue-musik-brandenburg.de\/en\/wp-json\/wp\/v2\/comments?post=8417"}],"version-history":[{"count":104,"href":"https:\/\/www.neue-musik-brandenburg.de\/en\/wp-json\/wp\/v2\/pages\/8417\/revisions"}],"predecessor-version":[{"id":11112,"href":"https:\/\/www.neue-musik-brandenburg.de\/en\/wp-json\/wp\/v2\/pages\/8417\/revisions\/11112"}],"wp:attachment":[{"href":"https:\/\/www.neue-musik-brandenburg.de\/en\/wp-json\/wp\/v2\/media?parent=8417"}],"curies":[{"name":"wp","href":"https:\/\/api.w.org\/{rel}","templated":true}]}}